{"id":16826,"date":"2020-11-04T10:24:00","date_gmt":"2020-11-04T10:24:00","guid":{"rendered":"https:\/\/devalt-kambatiag.savviihq.com\/?post_type=nieuws&#038;p=16826"},"modified":"2023-06-08T10:59:47","modified_gmt":"2023-06-08T08:59:47","slug":"lettre-a-l-attention-de-nos-clients-octobre","status":"publish","type":"nieuws","link":"https:\/\/www.altares.be\/fr\/nieuws\/a-letter-to-our-customers-october\/","title":{"rendered":"Lettre \u00e0 l\u2019attention de nos clients \u2013 octobre"},"content":{"rendered":"<p>Le 4 novembre 2020<\/p>\n\n\n\n<p>Cher client, Ch\u00e8re cliente,<\/p>\n\n\n\n<p>En cette p\u00e9riode mouvement\u00e9e, Altares se soucie de ses clients, partenaires et collaborateurs. Alors que nos pays traversent une nouvelle phase de la crise sanitaire et que divers types de confinements leur sont impos\u00e9s, nous n\u2019interrompons aucun de nos services et nous mettons tout en \u0153uvre pour optimiser nos solutions et actifs informationnels.<\/p>\n\n\n\n<p>Altares demeure plus que jamais le partenaire incontest\u00e9 des acteurs \u00e9conomiques et des administrations publiques. Il fournit en effet tous les outils dont vous avez besoin pour pr\u00e9server votre chiffre d\u2019affaires, contr\u00f4ler efficacement votre risque de cr\u00e9dit et vous aider \u00e0 atteindre les objectifs de conformit\u00e9.<\/p>\n\n\n\n<p>De plus, nos \u00e9quipes continuent de produire du contenu num\u00e9rique afin de vous aider \u00e0 s\u00e9curiser votre entreprise gr\u00e2ce \u00e0 une nouvelle s\u00e9rie de&nbsp;<a href=\"https:\/\/www.altares.be\/fr\/livresblancs\/\">livres blancs<\/a>&nbsp;et d\u2019&nbsp;<a href=\"https:\/\/www.altares.be\/fr\/actualites\/\">\u00e9tudes<\/a>&nbsp;.<\/p>\n\n\n\n<p>Altares s\u2019efforce en tout temps de respecter ses engagements \u00e0 l\u2019\u00e9gard de ses clients\u00a0: confiance, engagement, innovation et ambition.<\/p>\n\n\n\n<p>Nous sommes \u00e0 vos c\u00f4t\u00e9s,<\/p>\n\n\n\n<p>Luc Querton<\/p>\n\n\n\n<p>Pr\u00e9sident et directeur g\u00e9n\u00e9ral<br>Altares Dun &amp; Bradstreet<\/p>","protected":false},"excerpt":{"rendered":"<p>Luc Querton, PDG d\u2019Altares Dun &amp; Bradstreet, s\u2019adresse \u00e0 ses clients dans une lettre concernant la crise de la COVID-19. <\/p>","protected":false},"featured_media":20524,"template":"","meta":{"_acf_changed":false,"inline_featured_image":false},"categories":[30],"class_list":["post-16826","nieuws","type-nieuws","status-publish","has-post-thumbnail","hentry","category-nieuwsberichten"],"acf":[],"yoast_head":"<!-- This site is optimized with the Yoast SEO plugin v27.3 - https:\/\/yoast.com\/product\/yoast-seo-wordpress\/ -->\n<title>A letter to our customers - October - Altares<\/title>\n<meta name=\"description\" content=\"CEO Luc Querton van Altares Dun &amp; Bradstreet schrijft een bericht aan klanten rondom de Corona crisis.\" \/>\n<meta name=\"robots\" content=\"index, follow, max-snippet:-1, max-image-preview:large, max-video-preview:-1\" \/>\n<link rel=\"canonical\" href=\"https:\/\/www.altares.be\/fr\/actualites\/lettre-a-l-attention-de-nos-clients-octobre\/\" \/>\n<meta property=\"og:locale\" content=\"fr_FR\" \/>\n<meta property=\"og:type\" content=\"article\" \/>\n<meta property=\"og:title\" content=\"A letter to our customers \u2013 October\" \/>\n<meta property=\"og:description\" content=\"CEO Luc Querton van Altares Dun &amp; Bradstreet schrijft een bericht aan klanten rondom de Corona crisis.\" \/>\n<meta property=\"og:url\" content=\"https:\/\/www.altares.be\/fr\/actualites\/lettre-a-l-attention-de-nos-clients-octobre\/\" \/>\n<meta property=\"og:site_name\" content=\"Altares\" \/>\n<meta property=\"article:modified_time\" content=\"2023-06-08T08:59:47+00:00\" \/>\n<meta property=\"og:image\" content=\"https:\/\/www.altares.be\/wp-content\/uploads\/2020\/11\/lettertoourc.png\" \/>\n\t<meta property=\"og:image:width\" content=\"1200\" \/>\n\t<meta property=\"og:image:height\" content=\"627\" \/>\n\t<meta property=\"og:image:type\" content=\"image\/png\" \/>\n<meta name=\"twitter:card\" content=\"summary_large_image\" \/>\n<meta name=\"twitter:title\" content=\"A letter to our customers \u2013 October\" \/>\n<meta name=\"twitter:image\" content=\"https:\/\/www.altares.be\/wp-content\/uploads\/2020\/11\/lettertoourc.png\" \/>\n<meta name=\"twitter:label1\" content=\"Dur\u00e9e de lecture est.\" \/>\n\t<meta name=\"twitter:data1\" content=\"1 minute\" \/>\n<script type=\"application\/ld+json\" class=\"yoast-schema-graph\">{\"@context\":\"https:\\\/\\\/schema.org\",\"@graph\":[{\"@type\":\"WebPage\",\"@id\":\"https:\\\/\\\/www.altares.be\\\/nieuws\\\/a-letter-to-our-customers-october\\\/\",\"url\":\"https:\\\/\\\/www.altares.be\\\/nieuws\\\/a-letter-to-our-customers-october\\\/\",\"name\":\"A letter to our customers - October - Altares\",\"isPartOf\":{\"@id\":\"https:\\\/\\\/www.altares.be\\\/#website\"},\"primaryImageOfPage\":{\"@id\":\"https:\\\/\\\/www.altares.be\\\/nieuws\\\/a-letter-to-our-customers-october\\\/#primaryimage\"},\"image\":{\"@id\":\"https:\\\/\\\/www.altares.be\\\/nieuws\\\/a-letter-to-our-customers-october\\\/#primaryimage\"},\"thumbnailUrl\":\"https:\\\/\\\/www.altares.be\\\/wp-content\\\/uploads\\\/2020\\\/11\\\/luc.png\",\"datePublished\":\"2020-11-04T10:24:00+00:00\",\"dateModified\":\"2023-06-08T08:59:47+00:00\",\"description\":\"CEO Luc Querton van Altares Dun & Bradstreet schrijft een bericht aan klanten rondom de Corona crisis.\",\"breadcrumb\":{\"@id\":\"https:\\\/\\\/www.altares.be\\\/nieuws\\\/a-letter-to-our-customers-october\\\/#breadcrumb\"},\"inLanguage\":\"fr-BE\",\"potentialAction\":[{\"@type\":\"ReadAction\",\"target\":[\"https:\\\/\\\/www.altares.be\\\/nieuws\\\/a-letter-to-our-customers-october\\\/\"]}]},{\"@type\":\"ImageObject\",\"inLanguage\":\"fr-BE\",\"@id\":\"https:\\\/\\\/www.altares.be\\\/nieuws\\\/a-letter-to-our-customers-october\\\/#primaryimage\",\"url\":\"https:\\\/\\\/www.altares.be\\\/wp-content\\\/uploads\\\/2020\\\/11\\\/luc.png\",\"contentUrl\":\"https:\\\/\\\/www.altares.be\\\/wp-content\\\/uploads\\\/2020\\\/11\\\/luc.png\",\"width\":1200,\"height\":627,\"caption\":\"Luc Querton\"},{\"@type\":\"BreadcrumbList\",\"@id\":\"https:\\\/\\\/www.altares.be\\\/nieuws\\\/a-letter-to-our-customers-october\\\/#breadcrumb\",\"itemListElement\":[{\"@type\":\"ListItem\",\"position\":1,\"name\":\"Home\",\"item\":\"https:\\\/\\\/www.altares.be\\\/\"},{\"@type\":\"ListItem\",\"position\":2,\"name\":\"Nieuws\",\"item\":\"https:\\\/\\\/www.altares.be\\\/nieuws\\\/\"},{\"@type\":\"ListItem\",\"position\":3,\"name\":\"A letter to our customers &#8211; October\"}]},{\"@type\":\"WebSite\",\"@id\":\"https:\\\/\\\/www.altares.be\\\/#website\",\"url\":\"https:\\\/\\\/www.altares.be\\\/\",\"name\":\"Altares\",\"description\":\"part of the Dun &amp; Bradstreet worldwide network\",\"publisher\":{\"@id\":\"https:\\\/\\\/www.altares.be\\\/#organization\"},\"potentialAction\":[{\"@type\":\"SearchAction\",\"target\":{\"@type\":\"EntryPoint\",\"urlTemplate\":\"https:\\\/\\\/www.altares.be\\\/?s={search_term_string}\"},\"query-input\":{\"@type\":\"PropertyValueSpecification\",\"valueRequired\":true,\"valueName\":\"search_term_string\"}}],\"inLanguage\":\"fr-BE\"},{\"@type\":\"Organization\",\"@id\":\"https:\\\/\\\/www.altares.be\\\/#organization\",\"name\":\"Altares\",\"url\":\"https:\\\/\\\/www.altares.be\\\/\",\"logo\":{\"@type\":\"ImageObject\",\"inLanguage\":\"fr-BE\",\"@id\":\"https:\\\/\\\/www.altares.be\\\/#\\\/schema\\\/logo\\\/image\\\/\",\"url\":\"https:\\\/\\\/www.altares.be\\\/wp-content\\\/uploads\\\/2021\\\/03\\\/Altares_RGB_liggend.svg\",\"contentUrl\":\"https:\\\/\\\/www.altares.be\\\/wp-content\\\/uploads\\\/2021\\\/03\\\/Altares_RGB_liggend.svg\",\"width\":145.57333,\"height\":20.52,\"caption\":\"Altares\"},\"image\":{\"@id\":\"https:\\\/\\\/www.altares.be\\\/#\\\/schema\\\/logo\\\/image\\\/\"}}]}<\/script>\n<!-- \/ Yoast SEO plugin. -->","yoast_head_json":{"title":"Lettre \u00e0 l\u2019attention de nos clients \u2013 octobre \u2013 Altares","description":"Luc Querton, PDG d\u2019Altares Dun &amp; Bradstreet, s\u2019adresse \u00e0 ses clients dans une lettre concernant la crise de la COVID-19.","robots":{"index":"index","follow":"follow","max-snippet":"max-snippet:-1","max-image-preview":"max-image-preview:large","max-video-preview":"max-video-preview:-1"},"canonical":"https:\/\/www.altares.be\/fr\/actualites\/lettre-a-l-attention-de-nos-clients-octobre\/","og_locale":"fr_FR","og_type":"article","og_title":"A letter to our customers \u2013 October","og_description":"CEO Luc Querton van Altares Dun & Bradstreet schrijft een bericht aan klanten rondom de Corona crisis.","og_url":"https:\/\/www.altares.be\/fr\/actualites\/lettre-a-l-attention-de-nos-clients-octobre\/","og_site_name":"Altares","article_modified_time":"2023-06-08T08:59:47+00:00","og_image":[{"width":1200,"height":627,"url":"https:\/\/www.altares.be\/wp-content\/uploads\/2020\/11\/lettertoourc.png","type":"image\/png"}],"twitter_card":"summary_large_image","twitter_title":"A letter to our customers \u2013 October","twitter_image":"https:\/\/www.altares.be\/wp-content\/uploads\/2020\/11\/lettertoourc.png","twitter_misc":{"Dur\u00e9e de lecture est.":"1 minute"},"schema":{"@context":"https:\/\/schema.org","@graph":[{"@type":"WebPage","@id":"https:\/\/www.altares.be\/nieuws\/a-letter-to-our-customers-october\/","url":"https:\/\/www.altares.be\/nieuws\/a-letter-to-our-customers-october\/","name":"Lettre \u00e0 l\u2019attention de nos clients \u2013 octobre \u2013 Altares","isPartOf":{"@id":"https:\/\/www.altares.be\/#website"},"primaryImageOfPage":{"@id":"https:\/\/www.altares.be\/nieuws\/a-letter-to-our-customers-october\/#primaryimage"},"image":{"@id":"https:\/\/www.altares.be\/nieuws\/a-letter-to-our-customers-october\/#primaryimage"},"thumbnailUrl":"https:\/\/www.altares.be\/wp-content\/uploads\/2020\/11\/luc.png","datePublished":"2020-11-04T10:24:00+00:00","dateModified":"2023-06-08T08:59:47+00:00","description":"Luc Querton, PDG d\u2019Altares Dun &amp; Bradstreet, s\u2019adresse \u00e0 ses clients dans une lettre concernant la crise de la COVID-19.","breadcrumb":{"@id":"https:\/\/www.altares.be\/nieuws\/a-letter-to-our-customers-october\/#breadcrumb"},"inLanguage":"fr-BE","potentialAction":[{"@type":"ReadAction","target":["https:\/\/www.altares.be\/nieuws\/a-letter-to-our-customers-october\/"]}]},{"@type":"ImageObject","inLanguage":"fr-BE","@id":"https:\/\/www.altares.be\/nieuws\/a-letter-to-our-customers-october\/#primaryimage","url":"https:\/\/www.altares.be\/wp-content\/uploads\/2020\/11\/luc.png","contentUrl":"https:\/\/www.altares.be\/wp-content\/uploads\/2020\/11\/luc.png","width":1200,"height":627,"caption":"Luc Querton"},{"@type":"BreadcrumbList","@id":"https:\/\/www.altares.be\/nieuws\/a-letter-to-our-customers-october\/#breadcrumb","itemListElement":[{"@type":"ListItem","position":1,"name":"Home","item":"https:\/\/www.altares.be\/"},{"@type":"ListItem","position":2,"name":"Nieuws","item":"https:\/\/www.altares.be\/nieuws\/"},{"@type":"ListItem","position":3,"name":"A letter to our customers &#8211; October"}]},{"@type":"WebSite","@id":"https:\/\/www.altares.be\/#website","url":"https:\/\/www.altares.be\/","name":"Altares","description":"partenaire du r\u00e9seau mondial de Dun\u00a0&amp;\u00a0Bradstreet","publisher":{"@id":"https:\/\/www.altares.be\/#organization"},"potentialAction":[{"@type":"SearchAction","target":{"@type":"EntryPoint","urlTemplate":"https:\/\/www.altares.be\/?s={search_term_string}"},"query-input":{"@type":"PropertyValueSpecification","valueRequired":true,"valueName":"search_term_string"}}],"inLanguage":"fr-BE"},{"@type":"Organization","@id":"https:\/\/www.altares.be\/#organization","name":"Altares","url":"https:\/\/www.altares.be\/","logo":{"@type":"ImageObject","inLanguage":"fr-BE","@id":"https:\/\/www.altares.be\/#\/schema\/logo\/image\/","url":"https:\/\/www.altares.be\/wp-content\/uploads\/2021\/03\/Altares_RGB_liggend.svg","contentUrl":"https:\/\/www.altares.be\/wp-content\/uploads\/2021\/03\/Altares_RGB_liggend.svg","width":145.57333,"height":20.52,"caption":"Altares"},"image":{"@id":"https:\/\/www.altares.be\/#\/schema\/logo\/image\/"}}]}},"_links":{"self":[{"href":"https:\/\/www.altares.be\/fr\/wp-json\/wp\/v2\/nieuws\/16826","targetHints":{"allow":["GET"]}}],"collection":[{"href":"https:\/\/www.altares.be\/fr\/wp-json\/wp\/v2\/nieuws"}],"about":[{"href":"https:\/\/www.altares.be\/fr\/wp-json\/wp\/v2\/types\/nieuws"}],"version-history":[{"count":0,"href":"https:\/\/www.altares.be\/fr\/wp-json\/wp\/v2\/nieuws\/16826\/revisions"}],"wp:featuredmedia":[{"embeddable":true,"href":"https:\/\/www.altares.be\/fr\/wp-json\/wp\/v2\/media\/20524"}],"wp:attachment":[{"href":"https:\/\/www.altares.be\/fr\/wp-json\/wp\/v2\/media?parent=16826"}],"wp:term":[{"taxonomy":"category","embeddable":true,"href":"https:\/\/www.altares.be\/fr\/wp-json\/wp\/v2\/categories?post=16826"}],"curies":[{"name":"wp","href":"https:\/\/api.w.org\/{rel}","templated":true}]}}