{"id":16873,"date":"2020-10-08T10:34:00","date_gmt":"2020-10-08T10:34:00","guid":{"rendered":"https:\/\/devalt-kambatiag.savviihq.com\/?post_type=nieuws&#038;p=16873"},"modified":"2023-06-08T10:59:59","modified_gmt":"2023-06-08T08:59:59","slug":"les-aides-publiques-engendreront-une-vague-de-3800-faillites","status":"publish","type":"nieuws","link":"https:\/\/www.altares.be\/fr\/nieuws\/overheidssteun-leidt-tot-een-tsunami-van-3800-faillissementen\/","title":{"rendered":"Les aides publiques engendreront une vague de 3 800 faillites"},"content":{"rendered":"<h2 class=\"wp-block-heading\">La r\u00e9cession \u00e0 double creux de l\u2019\u00e9conomie engendre 14 789 faillites<\/h2>\n\n\n\n<p>Rotterdam, le 8 octobre 2020 \u2013 Les aides gouvernementales accord\u00e9es \u00e0 la suite de la crise de la COVID-19 sont \u00e0 l\u2019origine d\u2019une vague de faillites : plus de 3 800 entreprises sont concern\u00e9es. Ces chiffres ressortent d\u2019une analyse des donn\u00e9es de plus de 3 millions d\u2019organisations men\u00e9e par Altares Dun &amp; Bradstreet, le sp\u00e9cialiste des donn\u00e9es d\u2019entreprise.<\/p>\n\n\n\n<figure class=\"wp-block-image size-large\"><img fetchpriority=\"high\" decoding=\"async\" width=\"1024\" height=\"524\" src=\"https:\/\/www.altares.be\/wp-content\/uploads\/2020\/10\/todd-turner-Af9cNES03LU-unsplash-1024x524.jpg\" alt=\"Les aides publiques engendreront une vague de 3 800 faillites\" class=\"wp-image-20519\" srcset=\"https:\/\/www.altares.be\/wp-content\/uploads\/2020\/10\/todd-turner-Af9cNES03LU-unsplash-1024x524.jpg 1024w, https:\/\/www.altares.be\/wp-content\/uploads\/2020\/10\/todd-turner-Af9cNES03LU-unsplash-300x154.jpg 300w, https:\/\/www.altares.be\/wp-content\/uploads\/2020\/10\/todd-turner-Af9cNES03LU-unsplash-150x77.jpg 150w, https:\/\/www.altares.be\/wp-content\/uploads\/2020\/10\/todd-turner-Af9cNES03LU-unsplash-768x393.jpg 768w, https:\/\/www.altares.be\/wp-content\/uploads\/2020\/10\/todd-turner-Af9cNES03LU-unsplash-1536x786.jpg 1536w, https:\/\/www.altares.be\/wp-content\/uploads\/2020\/10\/todd-turner-Af9cNES03LU-unsplash-2048x1048.jpg 2048w, https:\/\/www.altares.be\/wp-content\/uploads\/2020\/10\/todd-turner-Af9cNES03LU-unsplash-16x8.jpg 16w\" sizes=\"(max-width: 1024px) 100vw, 1024px\" \/><\/figure>\n\n\n\n<p>Depuis le d\u00e9but de la crise sanitaire, le nombre de faillites est rest\u00e9 faible \u2013 plus faible m\u00eame qu\u2019avant la crise. Il s\u2019agit d\u2019une cons\u00e9quence des aides gouvernementales dont l\u2019objectif est d\u2019assurer la survie des organisations saines pendant la crise. La survie d\u2019organisations qui \u00e9prouvaient des difficult\u00e9s financi\u00e8res en temps normal est l\u2019un des effets secondaires de ces aides. Jusqu\u2019\u00e0 pr\u00e9sent, 3 800 faillites de moins ont \u00e9t\u00e9 recens\u00e9es par rapport aux pr\u00e9visions d\u2019Altares Dun &amp; Bradstreet bas\u00e9es sur l\u2019\u00e9volution du PIB. Ces 3 800 faillites risquent de s\u2019abattre tel un tsunami lorsque les aides gouvernementales prendront fin.<\/p>\n\n\n\n<h2 class=\"wp-block-heading\">Un deuxi\u00e8me coup port\u00e9 \u00e0 l\u2019\u00e9conomie provoque presque 3 300 faillites suppl\u00e9mentaires<\/h2>\n\n\n\n<p>Le tsunami de faillites n\u2019est pas la seule chose \u00e0 laquelle nous devons nous attendre. La d\u00e9nomm\u00e9e \u00ab seconde vague \u00bb a maintenant fait son entr\u00e9e et a suscit\u00e9 des craintes quant \u00e0 un deuxi\u00e8me confinement (intelligent) et donc \u00e0 un deuxi\u00e8me coup port\u00e9 \u00e0 l\u2019\u00e9conomie. Il sera alors question d\u2019une r\u00e9cession \u00e0 double creux. En cas de r\u00e9cession \u00e0 double creux, selon le sc\u00e9nario de l\u2019OCDE, pas moins de 14 789 faillites seront \u00e0 d\u00e9plorer dans les 12 mois \u00e0 compter d\u2019octobre 2020. Ce total repr\u00e9sente plus de 3 300 faillites de plus qu\u2019en cas de r\u00e9cession normale (11 496 faillites). Outre le fait que le total absolu de faillites en cas de r\u00e9cession \u00e0 double creux est plus \u00e9lev\u00e9 qu\u2019en cas de r\u00e9cession classique, l\u2019augmentation du nombre de faillites acc\u00e9l\u00e8re. Ce ph\u00e9nom\u00e8ne s\u2019explique notamment par la croissance bien plus mod\u00e9r\u00e9e de l\u2019\u00e9conomie en 2021 pr\u00e9vue en cas de r\u00e9cession \u00e0 double creux.<\/p>\n\n\n\n<h2 class=\"wp-block-heading\">Les secteurs du transport, de l\u2019industrie, de la construction et du commerce de gros sont les plus \u00e0 risque<\/h2>\n\n\n\n<p>D\u2019un point de vue relatif, les secteurs du transport, de l\u2019industrie, de la construction et du commerce de gros sont les plus \u00e0 risque, tant en cas de r\u00e9cession classique qu\u2019en cas de r\u00e9cession \u00e0 double creux. En effet, le risque de faillite dans le secteur du transport en cas de r\u00e9cession normale est de 0,96 % et de 1,22 % en cas de r\u00e9cession \u00e0 double creux. Le secteur de l\u2019industrie enregistre l\u2019augmentation la plus \u00e9lev\u00e9e du risque de d\u00e9faillance en cas de r\u00e9cession \u00e0 double creux. Dans ce secteur, ce risque est de 0,63 % en cas de r\u00e9cession classique, un taux presque identique \u00e0 ceux des secteurs de la construction et du commerce de gros (0,65 %). En cas de r\u00e9cession \u00e0 double creux, le risque de d\u00e9faillance dans les m\u00eames secteurs passe \u00e0 0,83 % (commerce de gros), \u00e0 0,84 % (construction) et atteint 0,92 % dans l\u2019industrie manufacturi\u00e8re. Ces secteurs sont donc relativement les plus touch\u00e9s par une r\u00e9cession \u00e0 double creux.<br>Barry de Goeij, data scientist chez Altares Dun &amp; Bradstreet : \u00ab Les gros titres des m\u00e9dias font souvent l\u2019\u00e9loge d\u2019un taux de faillites plus faible que dans le pass\u00e9. Il se pourrait que ce soit le calme avant la temp\u00eate. Nos pr\u00e9visions le confirment. Le mod\u00e8le que nous avons con\u00e7u pour pr\u00e9dire les faillites sur la base du PIB a, jusqu\u2019\u00e0 pr\u00e9sent, toujours \u00e9t\u00e9 en accord avec le nombre r\u00e9el de faillites. Malgr\u00e9 le caract\u00e8re in\u00e9dit de la situation \u00e9conomique actuelle, nous nous fions \u00e0 notre expertise et \u00e0 nos chiffres. Nous partons donc du principe que les&nbsp;<a href=\"https:\/\/go.pardot.com\/l\/851243\/2020-10-09\/7pytn\/851243\/1602252127hw05VaM2\/Altares_Onderzoeksrapport_double_dip_20201009.pdf\">faillites<\/a>&nbsp;\u00e9vit\u00e9es ne seront que report\u00e9es \u00e0 une date ult\u00e9rieure. \u00bb<\/p>","protected":false},"excerpt":{"rendered":"<p>Les aides publiques engendreront une vague de 3\u00a0800 faillites. Ces chiffres ressortent d\u2019une analyse des donn\u00e9es men\u00e9e par Altares Dun &amp; Bradstreet.<\/p>","protected":false},"featured_media":20519,"template":"","meta":{"_acf_changed":false,"inline_featured_image":false},"categories":[29],"class_list":["post-16873","nieuws","type-nieuws","status-publish","has-post-thumbnail","hentry","category-persberichten"],"acf":[],"yoast_head":"<!-- This site is optimized with the Yoast SEO plugin v27.3 - https:\/\/yoast.com\/product\/yoast-seo-wordpress\/ -->\n<title>Overheidssteun leidt tot een tsunami van 3800 faillissementen - Altares<\/title>\n<meta name=\"description\" content=\"De overheidssteun leidt tot een tsunami van ruim 3.800 faillissementen. Dit blijkt uit een data-analyse door Altares Dun &amp; Bradstreet.\" \/>\n<meta name=\"robots\" content=\"index, follow, max-snippet:-1, max-image-preview:large, max-video-preview:-1\" \/>\n<link rel=\"canonical\" href=\"https:\/\/www.altares.be\/fr\/actualites\/les-aides-publiques-engendreront-une-vague-de-3800-faillites\/\" \/>\n<meta property=\"og:locale\" content=\"fr_FR\" \/>\n<meta property=\"og:type\" content=\"article\" \/>\n<meta property=\"og:title\" content=\"Overheidssteun leidt tot een tsunami van 3800 faillissementen\" \/>\n<meta property=\"og:description\" content=\"De overheidssteun leidt tot een tsunami van ruim 3.800 faillissementen. Dit blijkt uit een data-analyse door Altares Dun &amp; Bradstreet.\" \/>\n<meta property=\"og:url\" content=\"https:\/\/www.altares.be\/fr\/actualites\/les-aides-publiques-engendreront-une-vague-de-3800-faillites\/\" \/>\n<meta property=\"og:site_name\" content=\"Altares\" \/>\n<meta property=\"article:modified_time\" content=\"2023-06-08T08:59:59+00:00\" \/>\n<meta property=\"og:image\" content=\"https:\/\/www.altares.be\/wp-content\/uploads\/2020\/10\/todd-turner-Af9cNES03LU-unsplash-scaled.jpg\" \/>\n\t<meta property=\"og:image:width\" content=\"2560\" \/>\n\t<meta property=\"og:image:height\" content=\"1310\" \/>\n\t<meta property=\"og:image:type\" content=\"image\/jpeg\" \/>\n<meta name=\"twitter:card\" content=\"summary_large_image\" \/>\n<meta name=\"twitter:title\" content=\"Overheidssteun leidt tot een tsunami van 3800 faillissementen\" \/>\n<meta name=\"twitter:image\" content=\"https:\/\/www.altares.be\/wp-content\/uploads\/2020\/10\/todd-turner-Af9cNES03LU-unsplash-scaled.jpg\" \/>\n<meta name=\"twitter:label1\" content=\"Dur\u00e9e de lecture est.\" \/>\n\t<meta name=\"twitter:data1\" content=\"3 minutes\" \/>\n<script type=\"application\/ld+json\" class=\"yoast-schema-graph\">{\"@context\":\"https:\\\/\\\/schema.org\",\"@graph\":[{\"@type\":\"WebPage\",\"@id\":\"https:\\\/\\\/www.altares.be\\\/nieuws\\\/overheidssteun-leidt-tot-een-tsunami-van-3800-faillissementen\\\/\",\"url\":\"https:\\\/\\\/www.altares.be\\\/nieuws\\\/overheidssteun-leidt-tot-een-tsunami-van-3800-faillissementen\\\/\",\"name\":\"Overheidssteun leidt tot een tsunami van 3800 faillissementen - Altares\",\"isPartOf\":{\"@id\":\"https:\\\/\\\/www.altares.be\\\/#website\"},\"primaryImageOfPage\":{\"@id\":\"https:\\\/\\\/www.altares.be\\\/nieuws\\\/overheidssteun-leidt-tot-een-tsunami-van-3800-faillissementen\\\/#primaryimage\"},\"image\":{\"@id\":\"https:\\\/\\\/www.altares.be\\\/nieuws\\\/overheidssteun-leidt-tot-een-tsunami-van-3800-faillissementen\\\/#primaryimage\"},\"thumbnailUrl\":\"https:\\\/\\\/www.altares.be\\\/wp-content\\\/uploads\\\/2020\\\/10\\\/todd-turner-Af9cNES03LU-unsplash-scaled.jpg\",\"datePublished\":\"2020-10-08T10:34:00+00:00\",\"dateModified\":\"2023-06-08T08:59:59+00:00\",\"description\":\"De overheidssteun leidt tot een tsunami van ruim 3.800 faillissementen. Dit blijkt uit een data-analyse door Altares Dun & Bradstreet.\",\"breadcrumb\":{\"@id\":\"https:\\\/\\\/www.altares.be\\\/nieuws\\\/overheidssteun-leidt-tot-een-tsunami-van-3800-faillissementen\\\/#breadcrumb\"},\"inLanguage\":\"fr-BE\",\"potentialAction\":[{\"@type\":\"ReadAction\",\"target\":[\"https:\\\/\\\/www.altares.be\\\/nieuws\\\/overheidssteun-leidt-tot-een-tsunami-van-3800-faillissementen\\\/\"]}]},{\"@type\":\"ImageObject\",\"inLanguage\":\"fr-BE\",\"@id\":\"https:\\\/\\\/www.altares.be\\\/nieuws\\\/overheidssteun-leidt-tot-een-tsunami-van-3800-faillissementen\\\/#primaryimage\",\"url\":\"https:\\\/\\\/www.altares.be\\\/wp-content\\\/uploads\\\/2020\\\/10\\\/todd-turner-Af9cNES03LU-unsplash-scaled.jpg\",\"contentUrl\":\"https:\\\/\\\/www.altares.be\\\/wp-content\\\/uploads\\\/2020\\\/10\\\/todd-turner-Af9cNES03LU-unsplash-scaled.jpg\",\"width\":2560,\"height\":1310,\"caption\":\"Overheidssteun leidt tot een tsunami van 3800 faillissementen\"},{\"@type\":\"BreadcrumbList\",\"@id\":\"https:\\\/\\\/www.altares.be\\\/nieuws\\\/overheidssteun-leidt-tot-een-tsunami-van-3800-faillissementen\\\/#breadcrumb\",\"itemListElement\":[{\"@type\":\"ListItem\",\"position\":1,\"name\":\"Home\",\"item\":\"https:\\\/\\\/www.altares.be\\\/\"},{\"@type\":\"ListItem\",\"position\":2,\"name\":\"Nieuws\",\"item\":\"https:\\\/\\\/www.altares.be\\\/nieuws\\\/\"},{\"@type\":\"ListItem\",\"position\":3,\"name\":\"Overheidssteun leidt tot een tsunami van 3800 faillissementen\"}]},{\"@type\":\"WebSite\",\"@id\":\"https:\\\/\\\/www.altares.be\\\/#website\",\"url\":\"https:\\\/\\\/www.altares.be\\\/\",\"name\":\"Altares\",\"description\":\"part of the Dun &amp; Bradstreet worldwide network\",\"publisher\":{\"@id\":\"https:\\\/\\\/www.altares.be\\\/#organization\"},\"potentialAction\":[{\"@type\":\"SearchAction\",\"target\":{\"@type\":\"EntryPoint\",\"urlTemplate\":\"https:\\\/\\\/www.altares.be\\\/?s={search_term_string}\"},\"query-input\":{\"@type\":\"PropertyValueSpecification\",\"valueRequired\":true,\"valueName\":\"search_term_string\"}}],\"inLanguage\":\"fr-BE\"},{\"@type\":\"Organization\",\"@id\":\"https:\\\/\\\/www.altares.be\\\/#organization\",\"name\":\"Altares\",\"url\":\"https:\\\/\\\/www.altares.be\\\/\",\"logo\":{\"@type\":\"ImageObject\",\"inLanguage\":\"fr-BE\",\"@id\":\"https:\\\/\\\/www.altares.be\\\/#\\\/schema\\\/logo\\\/image\\\/\",\"url\":\"https:\\\/\\\/www.altares.be\\\/wp-content\\\/uploads\\\/2021\\\/03\\\/Altares_RGB_liggend.svg\",\"contentUrl\":\"https:\\\/\\\/www.altares.be\\\/wp-content\\\/uploads\\\/2021\\\/03\\\/Altares_RGB_liggend.svg\",\"width\":145.57333,\"height\":20.52,\"caption\":\"Altares\"},\"image\":{\"@id\":\"https:\\\/\\\/www.altares.be\\\/#\\\/schema\\\/logo\\\/image\\\/\"}}]}<\/script>\n<!-- \/ Yoast SEO plugin. -->","yoast_head_json":{"title":"Les aides publiques engendreront une vague de 3 800 faillites \u2013 Altares","description":"Les aides publiques engendreront une vague de 3 800 faillites. Ces chiffres ressortent d\u2019une analyse des donn\u00e9es men\u00e9e par Altares Dun &amp; Bradstreet.","robots":{"index":"index","follow":"follow","max-snippet":"max-snippet:-1","max-image-preview":"max-image-preview:large","max-video-preview":"max-video-preview:-1"},"canonical":"https:\/\/www.altares.be\/fr\/actualites\/les-aides-publiques-engendreront-une-vague-de-3800-faillites\/","og_locale":"fr_FR","og_type":"article","og_title":"Overheidssteun leidt tot een tsunami van 3800 faillissementen","og_description":"De overheidssteun leidt tot een tsunami van ruim 3.800 faillissementen. Dit blijkt uit een data-analyse door Altares Dun & Bradstreet.","og_url":"https:\/\/www.altares.be\/fr\/actualites\/les-aides-publiques-engendreront-une-vague-de-3800-faillites\/","og_site_name":"Altares","article_modified_time":"2023-06-08T08:59:59+00:00","og_image":[{"width":2560,"height":1310,"url":"https:\/\/www.altares.be\/wp-content\/uploads\/2020\/10\/todd-turner-Af9cNES03LU-unsplash-scaled.jpg","type":"image\/jpeg"}],"twitter_card":"summary_large_image","twitter_title":"Overheidssteun leidt tot een tsunami van 3800 faillissementen","twitter_image":"https:\/\/www.altares.be\/wp-content\/uploads\/2020\/10\/todd-turner-Af9cNES03LU-unsplash-scaled.jpg","twitter_misc":{"Dur\u00e9e de lecture est.":"3 minutes"},"schema":{"@context":"https:\/\/schema.org","@graph":[{"@type":"WebPage","@id":"https:\/\/www.altares.be\/nieuws\/overheidssteun-leidt-tot-een-tsunami-van-3800-faillissementen\/","url":"https:\/\/www.altares.be\/nieuws\/overheidssteun-leidt-tot-een-tsunami-van-3800-faillissementen\/","name":"Les aides publiques engendreront une vague de 3 800 faillites \u2013 Altares","isPartOf":{"@id":"https:\/\/www.altares.be\/#website"},"primaryImageOfPage":{"@id":"https:\/\/www.altares.be\/nieuws\/overheidssteun-leidt-tot-een-tsunami-van-3800-faillissementen\/#primaryimage"},"image":{"@id":"https:\/\/www.altares.be\/nieuws\/overheidssteun-leidt-tot-een-tsunami-van-3800-faillissementen\/#primaryimage"},"thumbnailUrl":"https:\/\/www.altares.be\/wp-content\/uploads\/2020\/10\/todd-turner-Af9cNES03LU-unsplash-scaled.jpg","datePublished":"2020-10-08T10:34:00+00:00","dateModified":"2023-06-08T08:59:59+00:00","description":"Les aides publiques engendreront une vague de 3 800 faillites. Ces chiffres ressortent d\u2019une analyse des donn\u00e9es men\u00e9e par Altares Dun &amp; Bradstreet.","breadcrumb":{"@id":"https:\/\/www.altares.be\/nieuws\/overheidssteun-leidt-tot-een-tsunami-van-3800-faillissementen\/#breadcrumb"},"inLanguage":"fr-BE","potentialAction":[{"@type":"ReadAction","target":["https:\/\/www.altares.be\/nieuws\/overheidssteun-leidt-tot-een-tsunami-van-3800-faillissementen\/"]}]},{"@type":"ImageObject","inLanguage":"fr-BE","@id":"https:\/\/www.altares.be\/nieuws\/overheidssteun-leidt-tot-een-tsunami-van-3800-faillissementen\/#primaryimage","url":"https:\/\/www.altares.be\/wp-content\/uploads\/2020\/10\/todd-turner-Af9cNES03LU-unsplash-scaled.jpg","contentUrl":"https:\/\/www.altares.be\/wp-content\/uploads\/2020\/10\/todd-turner-Af9cNES03LU-unsplash-scaled.jpg","width":2560,"height":1310,"caption":"Overheidssteun leidt tot een tsunami van 3800 faillissementen"},{"@type":"BreadcrumbList","@id":"https:\/\/www.altares.be\/nieuws\/overheidssteun-leidt-tot-een-tsunami-van-3800-faillissementen\/#breadcrumb","itemListElement":[{"@type":"ListItem","position":1,"name":"Home","item":"https:\/\/www.altares.be\/"},{"@type":"ListItem","position":2,"name":"Nieuws","item":"https:\/\/www.altares.be\/nieuws\/"},{"@type":"ListItem","position":3,"name":"Overheidssteun leidt tot een tsunami van 3800 faillissementen"}]},{"@type":"WebSite","@id":"https:\/\/www.altares.be\/#website","url":"https:\/\/www.altares.be\/","name":"Altares","description":"partenaire du r\u00e9seau mondial de Dun\u00a0&amp;\u00a0Bradstreet","publisher":{"@id":"https:\/\/www.altares.be\/#organization"},"potentialAction":[{"@type":"SearchAction","target":{"@type":"EntryPoint","urlTemplate":"https:\/\/www.altares.be\/?s={search_term_string}"},"query-input":{"@type":"PropertyValueSpecification","valueRequired":true,"valueName":"search_term_string"}}],"inLanguage":"fr-BE"},{"@type":"Organization","@id":"https:\/\/www.altares.be\/#organization","name":"Altares","url":"https:\/\/www.altares.be\/","logo":{"@type":"ImageObject","inLanguage":"fr-BE","@id":"https:\/\/www.altares.be\/#\/schema\/logo\/image\/","url":"https:\/\/www.altares.be\/wp-content\/uploads\/2021\/03\/Altares_RGB_liggend.svg","contentUrl":"https:\/\/www.altares.be\/wp-content\/uploads\/2021\/03\/Altares_RGB_liggend.svg","width":145.57333,"height":20.52,"caption":"Altares"},"image":{"@id":"https:\/\/www.altares.be\/#\/schema\/logo\/image\/"}}]}},"_links":{"self":[{"href":"https:\/\/www.altares.be\/fr\/wp-json\/wp\/v2\/nieuws\/16873","targetHints":{"allow":["GET"]}}],"collection":[{"href":"https:\/\/www.altares.be\/fr\/wp-json\/wp\/v2\/nieuws"}],"about":[{"href":"https:\/\/www.altares.be\/fr\/wp-json\/wp\/v2\/types\/nieuws"}],"version-history":[{"count":0,"href":"https:\/\/www.altares.be\/fr\/wp-json\/wp\/v2\/nieuws\/16873\/revisions"}],"wp:featuredmedia":[{"embeddable":true,"href":"https:\/\/www.altares.be\/fr\/wp-json\/wp\/v2\/media\/20519"}],"wp:attachment":[{"href":"https:\/\/www.altares.be\/fr\/wp-json\/wp\/v2\/media?parent=16873"}],"wp:term":[{"taxonomy":"category","embeddable":true,"href":"https:\/\/www.altares.be\/fr\/wp-json\/wp\/v2\/categories?post=16873"}],"curies":[{"name":"wp","href":"https:\/\/api.w.org\/{rel}","templated":true}]}}