{"id":16902,"date":"2020-07-23T10:47:00","date_gmt":"2020-07-23T10:47:00","guid":{"rendered":"https:\/\/devalt-kambatiag.savviihq.com\/?post_type=nieuws&#038;p=16902"},"modified":"2023-06-08T11:00:28","modified_gmt":"2023-06-08T09:00:28","slug":"la-crise-de-la-covid-19-engendre-autant-de-faillites-que-la-crise-de-2013","status":"publish","type":"nieuws","link":"https:\/\/www.altares.be\/fr\/nieuws\/de-coronacrisis-zorgt-voor-evenveel-faillissementen-tijdens-dieptepunt-crisis-2013\/","title":{"rendered":"La crise de la COVID-19 engendre autant de faillites que la crise de 2013"},"content":{"rendered":"<p>Rotterdam, le 23 juillet 2020 \u2013 Entre le dernier trimestre de 2020 et le dernier trimestre de 2021, 1 760 faillites seront recens\u00e9es dans le secteur de la construction. Ce nombre est 3,5 fois plus \u00e9lev\u00e9 qu\u2019en 2019. Le secteur de l\u2019horeca a \u00e9t\u00e9 relativement \u00e9pargn\u00e9 : avec un total de 510 faillites, 0,58 % du secteur a mis la cl\u00e9 sous la porte. Ces chiffres proviennent d\u2019une analyse des donn\u00e9es de pr\u00e8s de 3 millions d\u2019organisations men\u00e9e par Dun &amp; Bradstreet, le sp\u00e9cialiste des donn\u00e9es d\u2019entreprise. Le secteur du transport a \u00e9t\u00e9 le plus touch\u00e9. Pas moins de 0,96 % des entreprises de ce secteur tombera en faillite dans l\u2019ann\u00e9e \u00e0 venir, ce qui \u00e9quivaut \u00e0 663 faillites.<\/p>\n\n\n\n<figure class=\"wp-block-image size-large\"><img fetchpriority=\"high\" decoding=\"async\" width=\"1024\" height=\"684\" src=\"https:\/\/www.altares.be\/wp-content\/uploads\/2020\/07\/anastasiia-chepinska-OBmBHmrc3pw-unsplash-1024x684.jpg\" alt=\"La crise de la COVID-19 engendre autant de faillites que la crise de 2013\" class=\"wp-image-20513\" srcset=\"https:\/\/www.altares.be\/wp-content\/uploads\/2020\/07\/anastasiia-chepinska-OBmBHmrc3pw-unsplash-1024x684.jpg 1024w, https:\/\/www.altares.be\/wp-content\/uploads\/2020\/07\/anastasiia-chepinska-OBmBHmrc3pw-unsplash-300x200.jpg 300w, https:\/\/www.altares.be\/wp-content\/uploads\/2020\/07\/anastasiia-chepinska-OBmBHmrc3pw-unsplash-150x100.jpg 150w, https:\/\/www.altares.be\/wp-content\/uploads\/2020\/07\/anastasiia-chepinska-OBmBHmrc3pw-unsplash-768x513.jpg 768w, https:\/\/www.altares.be\/wp-content\/uploads\/2020\/07\/anastasiia-chepinska-OBmBHmrc3pw-unsplash-1536x1025.jpg 1536w, https:\/\/www.altares.be\/wp-content\/uploads\/2020\/07\/anastasiia-chepinska-OBmBHmrc3pw-unsplash-2048x1367.jpg 2048w, https:\/\/www.altares.be\/wp-content\/uploads\/2020\/07\/anastasiia-chepinska-OBmBHmrc3pw-unsplash-16x12.jpg 16w\" sizes=\"(max-width: 1024px) 100vw, 1024px\" \/><\/figure>\n\n\n\n<h2 class=\"wp-block-heading\">1 760 faillites dans le secteur de la construction pour l\u2019ann\u00e9e \u00e0 venir ; l\u2019horeca est \u00e9pargn\u00e9 avec un total de 510 faillites<\/h2>\n\n\n\n<p>Le nombre de faillites va quadrupler. Juste avant la survenue de l\u2019\u00e9pid\u00e9mie de COVID-19, 3 656 entreprises n\u00e9erlandaises ont d\u00fb fermer leurs portes en l\u2019espace d\u2019un an. Ce nombre augmentera au cours du dernier trimestre de 2020 pour atteindre un total de 11 069 faillites d\u2019ici le dernier trimestre de 2021. Par cons\u00e9quent, 0,37 % des 3 millions d\u2019organisations actives sur le territoire ne survivra pas \u00e0 la crise. Ce pourcentage est presque aussi \u00e9lev\u00e9 que le taux de 2013, l\u2019ann\u00e9e qui suivait la deuxi\u00e8me r\u00e9cession \u00e9conomique caus\u00e9e par la crise du cr\u00e9dit. Le pourcentage s\u2019\u00e9levait alors \u00e0 0,39 % pour un total de 9 202 faillites sur 2 361 019 entreprises.<\/p>\n\n\n\n<h2 class=\"wp-block-heading\">Un taux de faillites bien plus faible aux Pays-Bas qu\u2019en Belgique<\/h2>\n\n\n\n<p>Les Pays-Bas et la Belgique pr\u00e9sentent des diff\u00e9rences majeures en ce qui concerne les faillites. Entre le troisi\u00e8me trimestre de 2020 et le troisi\u00e8me trimestre de 2021, bien plus d\u2019entreprises feront faillite en Belgique. Selon les pr\u00e9visions, il est question de 16 275 entreprises, soit 0,90 % du march\u00e9. En Belgique, le secteur de l\u2019horeca est le plus touch\u00e9. Dans l\u2019ann\u00e9e \u00e0 venir, 2 578 restaurants et caf\u00e9s seront contraints de fermer leurs portes, soit 3,65 % du secteur.&nbsp;<a href=\"https:\/\/go.pardot.com\/l\/851243\/2020-07-23\/3wsnm\/851243\/30120\/Final_Altares_Onderzoeksrapport_faillissementen_20200723_2.pdf\">Ces chiffres<\/a>&nbsp;sont alarmants, mais la Belgique a toujours affich\u00e9 des taux de faillites \u00e9lev\u00e9s. Le nombre de faillites pr\u00e9vues n\u2019est qu\u2019une fois et demie plus \u00e9lev\u00e9 qu\u2019en 2019.<\/p>\n\n\n\n<p>David Verheecke, directeur g\u00e9n\u00e9ral d\u2019Altares Dun &amp; Bradstreet dans le Benelux et directeur des op\u00e9rations du groupe Dun &amp; Bradstreet s\u2019exprime : \u00ab Le secteur n\u00e9erlandais de l\u2019horeca est \u00e0 genoux. Les entreprises ont \u00e9t\u00e9 contraintes de fermer leurs portes pendant longtemps et ne pouvaient donc pas g\u00e9n\u00e9rer de chiffre d\u2019affaires. Pourtant, on pr\u00e9voyait un nombre relativement faible de faillites. Des situations similaires avaient \u00e9t\u00e9 constat\u00e9es lors de crises pr\u00e9c\u00e9dentes. D\u2019un autre c\u00f4t\u00e9, nous observons aujourd\u2019hui un grand nombre d\u2019entrepreneurs de l\u2019horeca qui cessent leurs activit\u00e9s de leur plein gr\u00e9 au lieu d\u2019attendre une faillite imminente. Nous devons encore patienter avant de conna\u00eetre les cons\u00e9quences r\u00e9elles de la crise de la COVID-19. Un deuxi\u00e8me confinement pourrait provoquer une r\u00e9cession \u00e0 double creux, par exemple. Ce qui causerait un pic encore plus \u00e9lev\u00e9 du nombre de&nbsp;<a href=\"https:\/\/go.pardot.com\/l\/851243\/2020-07-23\/3wsnm\/851243\/30120\/Final_Altares_Onderzoeksrapport_faillissementen_20200723_2.pdf\">faillites<\/a>&nbsp;. \u00bb<\/p>","protected":false},"excerpt":{"rendered":"<p>Le secteur de la construction enregistrera 3,5 fois plus de faillites qu\u2019en 2019. Au total\u00a0: 1 760 faillites aux Pays-Bas d\u2019ici la fin de l\u2019ann\u00e9e 2021.<\/p>","protected":false},"featured_media":20513,"template":"","meta":{"_acf_changed":false,"inline_featured_image":false},"categories":[29],"class_list":["post-16902","nieuws","type-nieuws","status-publish","has-post-thumbnail","hentry","category-persberichten"],"acf":[],"yoast_head":"<!-- This site is optimized with the Yoast SEO plugin v27.3 - https:\/\/yoast.com\/product\/yoast-seo-wordpress\/ -->\n<title>De coronacrisis zorgt voor evenveel faillissementen tijdens dieptepunt crisis 2013 - Altares<\/title>\n<meta name=\"description\" content=\"Er zullen 3,5 keer zoveel faillissementen plaatsvinden in de bouwsector als in 2019. Berekend tot aan Q4 2021 in Nederland in totaal: 1.760.\" \/>\n<meta name=\"robots\" content=\"index, follow, max-snippet:-1, max-image-preview:large, max-video-preview:-1\" \/>\n<link rel=\"canonical\" href=\"https:\/\/www.altares.be\/fr\/actualites\/la-crise-de-la-covid-19-engendre-autant-de-faillites-que-la-crise-de-2013\/\" \/>\n<meta property=\"og:locale\" content=\"fr_FR\" \/>\n<meta property=\"og:type\" content=\"article\" \/>\n<meta property=\"og:title\" content=\"De coronacrisis zorgt voor evenveel faillissementen tijdens dieptepunt crisis 2013\" \/>\n<meta property=\"og:description\" content=\"Er zullen 3,5 keer zoveel faillissementen plaatsvinden in de bouwsector als in 2019. Berekend tot aan Q4 2021 in Nederland in totaal: 1.760.\" \/>\n<meta property=\"og:url\" content=\"https:\/\/www.altares.be\/fr\/actualites\/la-crise-de-la-covid-19-engendre-autant-de-faillites-que-la-crise-de-2013\/\" \/>\n<meta property=\"og:site_name\" content=\"Altares\" \/>\n<meta property=\"article:modified_time\" content=\"2023-06-08T09:00:28+00:00\" \/>\n<meta property=\"og:image\" content=\"https:\/\/www.altares.be\/wp-content\/uploads\/2020\/07\/anastasiia-chepinska-OBmBHmrc3pw-unsplash-scaled.jpg\" \/>\n\t<meta property=\"og:image:width\" content=\"2560\" \/>\n\t<meta property=\"og:image:height\" content=\"1709\" \/>\n\t<meta property=\"og:image:type\" content=\"image\/jpeg\" \/>\n<meta name=\"twitter:card\" content=\"summary_large_image\" \/>\n<meta name=\"twitter:title\" content=\"De coronacrisis zorgt voor evenveel faillissementen tijdens dieptepunt crisis 2013\" \/>\n<meta name=\"twitter:image\" content=\"https:\/\/www.altares.be\/wp-content\/uploads\/2020\/07\/anastasiia-chepinska-OBmBHmrc3pw-unsplash-scaled.jpg\" \/>\n<meta name=\"twitter:label1\" content=\"Dur\u00e9e de lecture est.\" \/>\n\t<meta name=\"twitter:data1\" content=\"3 minutes\" \/>\n<script type=\"application\/ld+json\" class=\"yoast-schema-graph\">{\"@context\":\"https:\\\/\\\/schema.org\",\"@graph\":[{\"@type\":\"WebPage\",\"@id\":\"https:\\\/\\\/www.altares.be\\\/nieuws\\\/de-coronacrisis-zorgt-voor-evenveel-faillissementen-tijdens-dieptepunt-crisis-2013\\\/\",\"url\":\"https:\\\/\\\/www.altares.be\\\/nieuws\\\/de-coronacrisis-zorgt-voor-evenveel-faillissementen-tijdens-dieptepunt-crisis-2013\\\/\",\"name\":\"De coronacrisis zorgt voor evenveel faillissementen tijdens dieptepunt crisis 2013 - Altares\",\"isPartOf\":{\"@id\":\"https:\\\/\\\/www.altares.be\\\/#website\"},\"primaryImageOfPage\":{\"@id\":\"https:\\\/\\\/www.altares.be\\\/nieuws\\\/de-coronacrisis-zorgt-voor-evenveel-faillissementen-tijdens-dieptepunt-crisis-2013\\\/#primaryimage\"},\"image\":{\"@id\":\"https:\\\/\\\/www.altares.be\\\/nieuws\\\/de-coronacrisis-zorgt-voor-evenveel-faillissementen-tijdens-dieptepunt-crisis-2013\\\/#primaryimage\"},\"thumbnailUrl\":\"https:\\\/\\\/www.altares.be\\\/wp-content\\\/uploads\\\/2020\\\/07\\\/anastasiia-chepinska-OBmBHmrc3pw-unsplash-scaled.jpg\",\"datePublished\":\"2020-07-23T10:47:00+00:00\",\"dateModified\":\"2023-06-08T09:00:28+00:00\",\"description\":\"Er zullen 3,5 keer zoveel faillissementen plaatsvinden in de bouwsector als in 2019. Berekend tot aan Q4 2021 in Nederland in totaal: 1.760.\",\"breadcrumb\":{\"@id\":\"https:\\\/\\\/www.altares.be\\\/nieuws\\\/de-coronacrisis-zorgt-voor-evenveel-faillissementen-tijdens-dieptepunt-crisis-2013\\\/#breadcrumb\"},\"inLanguage\":\"fr-BE\",\"potentialAction\":[{\"@type\":\"ReadAction\",\"target\":[\"https:\\\/\\\/www.altares.be\\\/nieuws\\\/de-coronacrisis-zorgt-voor-evenveel-faillissementen-tijdens-dieptepunt-crisis-2013\\\/\"]}]},{\"@type\":\"ImageObject\",\"inLanguage\":\"fr-BE\",\"@id\":\"https:\\\/\\\/www.altares.be\\\/nieuws\\\/de-coronacrisis-zorgt-voor-evenveel-faillissementen-tijdens-dieptepunt-crisis-2013\\\/#primaryimage\",\"url\":\"https:\\\/\\\/www.altares.be\\\/wp-content\\\/uploads\\\/2020\\\/07\\\/anastasiia-chepinska-OBmBHmrc3pw-unsplash-scaled.jpg\",\"contentUrl\":\"https:\\\/\\\/www.altares.be\\\/wp-content\\\/uploads\\\/2020\\\/07\\\/anastasiia-chepinska-OBmBHmrc3pw-unsplash-scaled.jpg\",\"width\":2560,\"height\":1709,\"caption\":\"De coronacrisis zorgt voor evenveel faillissementen tijdens dieptepunt crisis 2013\"},{\"@type\":\"BreadcrumbList\",\"@id\":\"https:\\\/\\\/www.altares.be\\\/nieuws\\\/de-coronacrisis-zorgt-voor-evenveel-faillissementen-tijdens-dieptepunt-crisis-2013\\\/#breadcrumb\",\"itemListElement\":[{\"@type\":\"ListItem\",\"position\":1,\"name\":\"Home\",\"item\":\"https:\\\/\\\/www.altares.be\\\/\"},{\"@type\":\"ListItem\",\"position\":2,\"name\":\"Nieuws\",\"item\":\"https:\\\/\\\/www.altares.be\\\/nieuws\\\/\"},{\"@type\":\"ListItem\",\"position\":3,\"name\":\"De coronacrisis zorgt voor evenveel faillissementen tijdens dieptepunt crisis 2013\"}]},{\"@type\":\"WebSite\",\"@id\":\"https:\\\/\\\/www.altares.be\\\/#website\",\"url\":\"https:\\\/\\\/www.altares.be\\\/\",\"name\":\"Altares\",\"description\":\"part of the Dun &amp; Bradstreet worldwide network\",\"publisher\":{\"@id\":\"https:\\\/\\\/www.altares.be\\\/#organization\"},\"potentialAction\":[{\"@type\":\"SearchAction\",\"target\":{\"@type\":\"EntryPoint\",\"urlTemplate\":\"https:\\\/\\\/www.altares.be\\\/?s={search_term_string}\"},\"query-input\":{\"@type\":\"PropertyValueSpecification\",\"valueRequired\":true,\"valueName\":\"search_term_string\"}}],\"inLanguage\":\"fr-BE\"},{\"@type\":\"Organization\",\"@id\":\"https:\\\/\\\/www.altares.be\\\/#organization\",\"name\":\"Altares\",\"url\":\"https:\\\/\\\/www.altares.be\\\/\",\"logo\":{\"@type\":\"ImageObject\",\"inLanguage\":\"fr-BE\",\"@id\":\"https:\\\/\\\/www.altares.be\\\/#\\\/schema\\\/logo\\\/image\\\/\",\"url\":\"https:\\\/\\\/www.altares.be\\\/wp-content\\\/uploads\\\/2021\\\/03\\\/Altares_RGB_liggend.svg\",\"contentUrl\":\"https:\\\/\\\/www.altares.be\\\/wp-content\\\/uploads\\\/2021\\\/03\\\/Altares_RGB_liggend.svg\",\"width\":145.57333,\"height\":20.52,\"caption\":\"Altares\"},\"image\":{\"@id\":\"https:\\\/\\\/www.altares.be\\\/#\\\/schema\\\/logo\\\/image\\\/\"}}]}<\/script>\n<!-- \/ Yoast SEO plugin. -->","yoast_head_json":{"title":"La crise de la COVID-19 engendre autant de faillites que la crise de 2013 \u2013 Altares","description":"Le secteur de la construction enregistrera 3,5 fois plus de faillites qu\u2019en 2019. Au total\u00a0: 1 760 faillites aux Pays-Bas d\u2019ici la fin de l\u2019ann\u00e9e 2021.","robots":{"index":"index","follow":"follow","max-snippet":"max-snippet:-1","max-image-preview":"max-image-preview:large","max-video-preview":"max-video-preview:-1"},"canonical":"https:\/\/www.altares.be\/fr\/actualites\/la-crise-de-la-covid-19-engendre-autant-de-faillites-que-la-crise-de-2013\/","og_locale":"fr_FR","og_type":"article","og_title":"De coronacrisis zorgt voor evenveel faillissementen tijdens dieptepunt crisis 2013","og_description":"Er zullen 3,5 keer zoveel faillissementen plaatsvinden in de bouwsector als in 2019. Berekend tot aan Q4 2021 in Nederland in totaal: 1.760.","og_url":"https:\/\/www.altares.be\/fr\/actualites\/la-crise-de-la-covid-19-engendre-autant-de-faillites-que-la-crise-de-2013\/","og_site_name":"Altares","article_modified_time":"2023-06-08T09:00:28+00:00","og_image":[{"width":2560,"height":1709,"url":"https:\/\/www.altares.be\/wp-content\/uploads\/2020\/07\/anastasiia-chepinska-OBmBHmrc3pw-unsplash-scaled.jpg","type":"image\/jpeg"}],"twitter_card":"summary_large_image","twitter_title":"De coronacrisis zorgt voor evenveel faillissementen tijdens dieptepunt crisis 2013","twitter_image":"https:\/\/www.altares.be\/wp-content\/uploads\/2020\/07\/anastasiia-chepinska-OBmBHmrc3pw-unsplash-scaled.jpg","twitter_misc":{"Dur\u00e9e de lecture est.":"3 minutes"},"schema":{"@context":"https:\/\/schema.org","@graph":[{"@type":"WebPage","@id":"https:\/\/www.altares.be\/nieuws\/de-coronacrisis-zorgt-voor-evenveel-faillissementen-tijdens-dieptepunt-crisis-2013\/","url":"https:\/\/www.altares.be\/nieuws\/de-coronacrisis-zorgt-voor-evenveel-faillissementen-tijdens-dieptepunt-crisis-2013\/","name":"La crise de la COVID-19 engendre autant de faillites que la crise de 2013 \u2013 Altares","isPartOf":{"@id":"https:\/\/www.altares.be\/#website"},"primaryImageOfPage":{"@id":"https:\/\/www.altares.be\/nieuws\/de-coronacrisis-zorgt-voor-evenveel-faillissementen-tijdens-dieptepunt-crisis-2013\/#primaryimage"},"image":{"@id":"https:\/\/www.altares.be\/nieuws\/de-coronacrisis-zorgt-voor-evenveel-faillissementen-tijdens-dieptepunt-crisis-2013\/#primaryimage"},"thumbnailUrl":"https:\/\/www.altares.be\/wp-content\/uploads\/2020\/07\/anastasiia-chepinska-OBmBHmrc3pw-unsplash-scaled.jpg","datePublished":"2020-07-23T10:47:00+00:00","dateModified":"2023-06-08T09:00:28+00:00","description":"Le secteur de la construction enregistrera 3,5 fois plus de faillites qu\u2019en 2019. Au total\u00a0: 1 760 faillites aux Pays-Bas d\u2019ici la fin de l\u2019ann\u00e9e 2021.","breadcrumb":{"@id":"https:\/\/www.altares.be\/nieuws\/de-coronacrisis-zorgt-voor-evenveel-faillissementen-tijdens-dieptepunt-crisis-2013\/#breadcrumb"},"inLanguage":"fr-BE","potentialAction":[{"@type":"ReadAction","target":["https:\/\/www.altares.be\/nieuws\/de-coronacrisis-zorgt-voor-evenveel-faillissementen-tijdens-dieptepunt-crisis-2013\/"]}]},{"@type":"ImageObject","inLanguage":"fr-BE","@id":"https:\/\/www.altares.be\/nieuws\/de-coronacrisis-zorgt-voor-evenveel-faillissementen-tijdens-dieptepunt-crisis-2013\/#primaryimage","url":"https:\/\/www.altares.be\/wp-content\/uploads\/2020\/07\/anastasiia-chepinska-OBmBHmrc3pw-unsplash-scaled.jpg","contentUrl":"https:\/\/www.altares.be\/wp-content\/uploads\/2020\/07\/anastasiia-chepinska-OBmBHmrc3pw-unsplash-scaled.jpg","width":2560,"height":1709,"caption":"De coronacrisis zorgt voor evenveel faillissementen tijdens dieptepunt crisis 2013"},{"@type":"BreadcrumbList","@id":"https:\/\/www.altares.be\/nieuws\/de-coronacrisis-zorgt-voor-evenveel-faillissementen-tijdens-dieptepunt-crisis-2013\/#breadcrumb","itemListElement":[{"@type":"ListItem","position":1,"name":"Home","item":"https:\/\/www.altares.be\/"},{"@type":"ListItem","position":2,"name":"Nieuws","item":"https:\/\/www.altares.be\/nieuws\/"},{"@type":"ListItem","position":3,"name":"De coronacrisis zorgt voor evenveel faillissementen tijdens dieptepunt crisis 2013"}]},{"@type":"WebSite","@id":"https:\/\/www.altares.be\/#website","url":"https:\/\/www.altares.be\/","name":"Altares","description":"partenaire du r\u00e9seau mondial de Dun\u00a0&amp;\u00a0Bradstreet","publisher":{"@id":"https:\/\/www.altares.be\/#organization"},"potentialAction":[{"@type":"SearchAction","target":{"@type":"EntryPoint","urlTemplate":"https:\/\/www.altares.be\/?s={search_term_string}"},"query-input":{"@type":"PropertyValueSpecification","valueRequired":true,"valueName":"search_term_string"}}],"inLanguage":"fr-BE"},{"@type":"Organization","@id":"https:\/\/www.altares.be\/#organization","name":"Altares","url":"https:\/\/www.altares.be\/","logo":{"@type":"ImageObject","inLanguage":"fr-BE","@id":"https:\/\/www.altares.be\/#\/schema\/logo\/image\/","url":"https:\/\/www.altares.be\/wp-content\/uploads\/2021\/03\/Altares_RGB_liggend.svg","contentUrl":"https:\/\/www.altares.be\/wp-content\/uploads\/2021\/03\/Altares_RGB_liggend.svg","width":145.57333,"height":20.52,"caption":"Altares"},"image":{"@id":"https:\/\/www.altares.be\/#\/schema\/logo\/image\/"}}]}},"_links":{"self":[{"href":"https:\/\/www.altares.be\/fr\/wp-json\/wp\/v2\/nieuws\/16902","targetHints":{"allow":["GET"]}}],"collection":[{"href":"https:\/\/www.altares.be\/fr\/wp-json\/wp\/v2\/nieuws"}],"about":[{"href":"https:\/\/www.altares.be\/fr\/wp-json\/wp\/v2\/types\/nieuws"}],"version-history":[{"count":0,"href":"https:\/\/www.altares.be\/fr\/wp-json\/wp\/v2\/nieuws\/16902\/revisions"}],"wp:featuredmedia":[{"embeddable":true,"href":"https:\/\/www.altares.be\/fr\/wp-json\/wp\/v2\/media\/20513"}],"wp:attachment":[{"href":"https:\/\/www.altares.be\/fr\/wp-json\/wp\/v2\/media?parent=16902"}],"wp:term":[{"taxonomy":"category","embeddable":true,"href":"https:\/\/www.altares.be\/fr\/wp-json\/wp\/v2\/categories?post=16902"}],"curies":[{"name":"wp","href":"https:\/\/api.w.org\/{rel}","templated":true}]}}