{"id":17123,"date":"2020-03-20T12:58:00","date_gmt":"2020-03-20T12:58:00","guid":{"rendered":"https:\/\/devalt-kambatiag.savviihq.com\/?post_type=nieuws&#038;p=17123"},"modified":"2023-06-08T11:01:04","modified_gmt":"2023-06-08T09:01:04","slug":"communication-relative-a-la-poursuite-de-nos-activites-durant-la-pandemie-de-covid-19","status":"publish","type":"nieuws","link":"https:\/\/www.altares.be\/fr\/nieuws\/statement-on-the-continuation-of-services-during-the-coronavirus-outbreak\/","title":{"rendered":"Communication relative \u00e0 la poursuite de nos activit\u00e9s durant la pand\u00e9mie de COVID-19"},"content":{"rendered":"<p>La sant\u00e9 et la s\u00e9curit\u00e9 de nos collaborateurs, clients et partenaires sont d\u2019une importance capitale. Nous surveillons minutieusement l\u2019\u00e9volution de la pand\u00e9mie et prenons les mesures pr\u00e9ventives n\u00e9cessaires. Nous suivons les recommandations et les instructions de l\u2019Institut national de la sant\u00e9 publique et de l\u2019environnement (National Institute for Public Health and the Environment \u2013 RIVM) aux Pays-Bas, du SPF Sant\u00e9 publique en Belgique et des autorit\u00e9s nationales au Benelux.<\/p>\n\n\n\n<figure class=\"wp-block-image size-full\"><img fetchpriority=\"high\" decoding=\"async\" width=\"900\" height=\"720\" src=\"https:\/\/www.altares.be\/wp-content\/uploads\/2020\/03\/Statement-on-the-continuation-of-services-during-the-coronavirus-outbreak.jpg\" alt=\"homme derri\u00e8re ordinateur portable\" class=\"wp-image-36344\" srcset=\"https:\/\/www.altares.be\/wp-content\/uploads\/2020\/03\/Statement-on-the-continuation-of-services-during-the-coronavirus-outbreak.jpg 900w, https:\/\/www.altares.be\/wp-content\/uploads\/2020\/03\/Statement-on-the-continuation-of-services-during-the-coronavirus-outbreak-300x240.jpg 300w, https:\/\/www.altares.be\/wp-content\/uploads\/2020\/03\/Statement-on-the-continuation-of-services-during-the-coronavirus-outbreak-150x120.jpg 150w, https:\/\/www.altares.be\/wp-content\/uploads\/2020\/03\/Statement-on-the-continuation-of-services-during-the-coronavirus-outbreak-768x614.jpg 768w, https:\/\/www.altares.be\/wp-content\/uploads\/2020\/03\/Statement-on-the-continuation-of-services-during-the-coronavirus-outbreak-15x12.jpg 15w, https:\/\/www.altares.be\/wp-content\/uploads\/2020\/03\/Statement-on-the-continuation-of-services-during-the-coronavirus-outbreak-24x19.jpg 24w, https:\/\/www.altares.be\/wp-content\/uploads\/2020\/03\/Statement-on-the-continuation-of-services-during-the-coronavirus-outbreak-36x29.jpg 36w, https:\/\/www.altares.be\/wp-content\/uploads\/2020\/03\/Statement-on-the-continuation-of-services-during-the-coronavirus-outbreak-48x38.jpg 48w\" sizes=\"(max-width: 900px) 100vw, 900px\" \/><\/figure>\n\n\n\n<h2 class=\"wp-block-heading\">Nos services et notre gestion des donn\u00e9es ne conna\u00eetront aucun d\u00e9clin<\/h2>\n\n\n\n<p>Cette pand\u00e9mie et les restrictions de mouvements n\u2019auront aucune cons\u00e9quence sur les services que nous proposons \u00e0 nos clients. Nous pouvons garantir nos services gr\u00e2ce au degr\u00e9 \u00e9lev\u00e9 d\u2019automatisation dans notre gestion de donn\u00e9es. De plus, nous avons accumul\u00e9 plusieurs ann\u00e9es d\u2019exp\u00e9rience dans la gestion structurelle de ces processus et savons parfaitement comment r\u00e9agir en p\u00e9riode de troubles.<\/p>\n\n\n\n<h2 class=\"wp-block-heading\">Qu\u2019en sera-t-il des diff\u00e9rentes sources de donn\u00e9es ?<\/h2>\n\n\n\n<p>Nous ne serons confront\u00e9s \u00e0 aucune perturbation dans les donn\u00e9es que nous collectons chaque jour. Nous continuerons de recevoir des donn\u00e9es en provenance de nos sources et fournisseurs et nos clients pourront les utiliser pour prendre leurs d\u00e9cisions. Cependant, nous nous attendons \u00e0 une diminution du volume de certains \u00e9l\u00e9ments de donn\u00e9es, tels que certaines transactions l\u00e9gales ayant \u00e9t\u00e9 report\u00e9es.<\/p>\n\n\n\n<ol class=\"wp-block-list\">\n<li>Compte tenu de la pand\u00e9mie de coronavirus, les pouvoirs judiciaires du Benelux ont d\u00e9cid\u00e9 de fermer les tribunaux, ce qui limitera le nombre d\u2019affaires juridiques trait\u00e9es entre le mardi 17 mars et le lundi 6 avril. Les affaires urgentes suivront leur cours, mais nous ignorons encore ce qui sera consid\u00e9r\u00e9 comme \u00ab urgent \u00bb. Bien que les d\u00e9cisions relatives aux faillites puissent \u00eatre report\u00e9es, nous les traiterons d\u00e8s que l\u2019information sera communiqu\u00e9e.<\/li>\n\n\n\n<li>Nous nous attendons \u00e0 une diminution du nombre d\u2019inscriptions de nouvelles entreprises et du nombre de changements majeurs dans la chambre du commerce locale. Les entit\u00e9s charg\u00e9es des immatriculations ont fait appel \u00e0 la compr\u00e9hension du public face aux d\u00e9lais plus longs dans le traitement des nouvelles inscriptions et des changements. Comme nous l\u2019avons expliqu\u00e9 ci-dessus, nous les traiterons aussit\u00f4t que les donn\u00e9es nous parviendront.<\/li>\n<\/ol>\n\n\n\n<p>Depuis 178 ans, Altares Dun &amp; Bradstreet a l\u2019immense honneur de fournir des donn\u00e9es et informations accessibles et concr\u00e8tes \u00e0 nos clients afin de les aider \u00e0 transformer l\u2019incertitude en confiance, les risques en possibilit\u00e9s et le potentiel en prosp\u00e9rit\u00e9. Nous restons \u00e0 vos c\u00f4t\u00e9s au quotidien durant cette p\u00e9riode difficile.<\/p>\n\n\n\n<p>En cas de questions ou d\u2019inqui\u00e9tudes, n\u2019h\u00e9sitez pas \u00e0 contacter notre service client\u00e8le par e-mail \u00e0 l\u2019adresse&nbsp;<a href=\"mailto:customerservicesbenelux@altares.com\">customerservicesbenelux@altares.com<\/a>&nbsp;ou par t\u00e9l\u00e9phone :<\/p>\n\n\n\n<ul class=\"wp-block-list\">\n<li>Num\u00e9ro n\u00e9erlandais : +31 (0) 10 710 95 60<\/li>\n\n\n\n<li>Num\u00e9ro belge : +32 (0) 2 481 83 00<\/li>\n<\/ul>","protected":false},"excerpt":{"rendered":"<p>Altares Dun &#038; Bradstreet geeft een statement rondom de continu\u00efteit van haar diensten en producten tijdens de Corona crisis. <\/p>","protected":false},"featured_media":20496,"template":"","meta":{"_acf_changed":false,"inline_featured_image":false},"categories":[30],"class_list":["post-17123","nieuws","type-nieuws","status-publish","has-post-thumbnail","hentry","category-nieuwsberichten"],"acf":[],"yoast_head":"<!-- This site is optimized with the Yoast SEO plugin v27.3 - https:\/\/yoast.com\/product\/yoast-seo-wordpress\/ -->\n<title>Statement on the continuation of services during the coronavirus outbreak - Altares<\/title>\n<meta name=\"description\" content=\"Altares Dun &amp; Bradstreet geeft een statement rondom de continu\u00efteit van haar diensten en producten tijdens de Corona crisis.\" \/>\n<meta name=\"robots\" content=\"index, follow, max-snippet:-1, max-image-preview:large, max-video-preview:-1\" \/>\n<link rel=\"canonical\" href=\"https:\/\/www.altares.be\/fr\/actualites\/communication-relative-a-la-poursuite-de-nos-activites-durant-la-pandemie-de-covid-19\/\" \/>\n<meta property=\"og:locale\" content=\"fr_FR\" \/>\n<meta property=\"og:type\" content=\"article\" \/>\n<meta property=\"og:title\" content=\"Statement on the continuation of services during the coronavirus outbreak\" \/>\n<meta property=\"og:description\" content=\"Altares Dun &amp; Bradstreet geeft een statement rondom de continu\u00efteit van haar diensten en producten tijdens de Corona crisis.\" \/>\n<meta property=\"og:url\" content=\"https:\/\/www.altares.be\/fr\/actualites\/communication-relative-a-la-poursuite-de-nos-activites-durant-la-pandemie-de-covid-19\/\" \/>\n<meta property=\"og:site_name\" content=\"Altares\" \/>\n<meta property=\"article:modified_time\" content=\"2023-06-08T09:01:04+00:00\" \/>\n<meta property=\"og:image\" content=\"https:\/\/www.altares.be\/wp-content\/uploads\/2020\/03\/surface-HJgaV1qjHS0-unsplash-scaled.jpg\" \/>\n\t<meta property=\"og:image:width\" content=\"2560\" \/>\n\t<meta property=\"og:image:height\" content=\"2048\" \/>\n\t<meta property=\"og:image:type\" content=\"image\/jpeg\" \/>\n<meta name=\"twitter:card\" content=\"summary_large_image\" \/>\n<meta name=\"twitter:title\" content=\"Statement on the continuation of services during the coronavirus outbreak\" \/>\n<meta name=\"twitter:image\" content=\"https:\/\/www.altares.be\/wp-content\/uploads\/2020\/03\/surface-HJgaV1qjHS0-unsplash-scaled.jpg\" \/>\n<meta name=\"twitter:label1\" content=\"Dur\u00e9e de lecture est.\" \/>\n\t<meta name=\"twitter:data1\" content=\"3 minutes\" \/>\n<script type=\"application\/ld+json\" class=\"yoast-schema-graph\">{\"@context\":\"https:\\\/\\\/schema.org\",\"@graph\":[{\"@type\":\"WebPage\",\"@id\":\"https:\\\/\\\/www.altares.be\\\/nieuws\\\/statement-on-the-continuation-of-services-during-the-coronavirus-outbreak\\\/\",\"url\":\"https:\\\/\\\/www.altares.be\\\/nieuws\\\/statement-on-the-continuation-of-services-during-the-coronavirus-outbreak\\\/\",\"name\":\"Statement on the continuation of services during the coronavirus outbreak - Altares\",\"isPartOf\":{\"@id\":\"https:\\\/\\\/www.altares.be\\\/#website\"},\"primaryImageOfPage\":{\"@id\":\"https:\\\/\\\/www.altares.be\\\/nieuws\\\/statement-on-the-continuation-of-services-during-the-coronavirus-outbreak\\\/#primaryimage\"},\"image\":{\"@id\":\"https:\\\/\\\/www.altares.be\\\/nieuws\\\/statement-on-the-continuation-of-services-during-the-coronavirus-outbreak\\\/#primaryimage\"},\"thumbnailUrl\":\"https:\\\/\\\/www.altares.be\\\/wp-content\\\/uploads\\\/2020\\\/03\\\/surface-HJgaV1qjHS0-unsplash-scaled.jpg\",\"datePublished\":\"2020-03-20T12:58:00+00:00\",\"dateModified\":\"2023-06-08T09:01:04+00:00\",\"description\":\"Altares Dun & Bradstreet geeft een statement rondom de continu\u00efteit van haar diensten en producten tijdens de Corona crisis.\",\"breadcrumb\":{\"@id\":\"https:\\\/\\\/www.altares.be\\\/nieuws\\\/statement-on-the-continuation-of-services-during-the-coronavirus-outbreak\\\/#breadcrumb\"},\"inLanguage\":\"fr-BE\",\"potentialAction\":[{\"@type\":\"ReadAction\",\"target\":[\"https:\\\/\\\/www.altares.be\\\/nieuws\\\/statement-on-the-continuation-of-services-during-the-coronavirus-outbreak\\\/\"]}]},{\"@type\":\"ImageObject\",\"inLanguage\":\"fr-BE\",\"@id\":\"https:\\\/\\\/www.altares.be\\\/nieuws\\\/statement-on-the-continuation-of-services-during-the-coronavirus-outbreak\\\/#primaryimage\",\"url\":\"https:\\\/\\\/www.altares.be\\\/wp-content\\\/uploads\\\/2020\\\/03\\\/surface-HJgaV1qjHS0-unsplash-scaled.jpg\",\"contentUrl\":\"https:\\\/\\\/www.altares.be\\\/wp-content\\\/uploads\\\/2020\\\/03\\\/surface-HJgaV1qjHS0-unsplash-scaled.jpg\",\"width\":2560,\"height\":2048,\"caption\":\"Statement on the continuation of services during the coronavirus outbreak\"},{\"@type\":\"BreadcrumbList\",\"@id\":\"https:\\\/\\\/www.altares.be\\\/nieuws\\\/statement-on-the-continuation-of-services-during-the-coronavirus-outbreak\\\/#breadcrumb\",\"itemListElement\":[{\"@type\":\"ListItem\",\"position\":1,\"name\":\"Home\",\"item\":\"https:\\\/\\\/www.altares.be\\\/\"},{\"@type\":\"ListItem\",\"position\":2,\"name\":\"Nieuws\",\"item\":\"https:\\\/\\\/www.altares.be\\\/nieuws\\\/\"},{\"@type\":\"ListItem\",\"position\":3,\"name\":\"Statement on the continuation of services during the coronavirus outbreak\"}]},{\"@type\":\"WebSite\",\"@id\":\"https:\\\/\\\/www.altares.be\\\/#website\",\"url\":\"https:\\\/\\\/www.altares.be\\\/\",\"name\":\"Altares\",\"description\":\"part of the Dun &amp; Bradstreet worldwide network\",\"publisher\":{\"@id\":\"https:\\\/\\\/www.altares.be\\\/#organization\"},\"potentialAction\":[{\"@type\":\"SearchAction\",\"target\":{\"@type\":\"EntryPoint\",\"urlTemplate\":\"https:\\\/\\\/www.altares.be\\\/?s={search_term_string}\"},\"query-input\":{\"@type\":\"PropertyValueSpecification\",\"valueRequired\":true,\"valueName\":\"search_term_string\"}}],\"inLanguage\":\"fr-BE\"},{\"@type\":\"Organization\",\"@id\":\"https:\\\/\\\/www.altares.be\\\/#organization\",\"name\":\"Altares\",\"url\":\"https:\\\/\\\/www.altares.be\\\/\",\"logo\":{\"@type\":\"ImageObject\",\"inLanguage\":\"fr-BE\",\"@id\":\"https:\\\/\\\/www.altares.be\\\/#\\\/schema\\\/logo\\\/image\\\/\",\"url\":\"https:\\\/\\\/www.altares.be\\\/wp-content\\\/uploads\\\/2021\\\/03\\\/Altares_RGB_liggend.svg\",\"contentUrl\":\"https:\\\/\\\/www.altares.be\\\/wp-content\\\/uploads\\\/2021\\\/03\\\/Altares_RGB_liggend.svg\",\"width\":145.57333,\"height\":20.52,\"caption\":\"Altares\"},\"image\":{\"@id\":\"https:\\\/\\\/www.altares.be\\\/#\\\/schema\\\/logo\\\/image\\\/\"}}]}<\/script>\n<!-- \/ Yoast SEO plugin. -->","yoast_head_json":{"title":"Communication relative \u00e0 la poursuite de nos activit\u00e9s durant la pand\u00e9mie de COVID-19 \u2013 Altares","description":"Communication relative \u00e0 la poursuite des activit\u00e9s d'Altares Dun &amp; Bradstreet durant la pand\u00e9mie de COVID-19.","robots":{"index":"index","follow":"follow","max-snippet":"max-snippet:-1","max-image-preview":"max-image-preview:large","max-video-preview":"max-video-preview:-1"},"canonical":"https:\/\/www.altares.be\/fr\/actualites\/communication-relative-a-la-poursuite-de-nos-activites-durant-la-pandemie-de-covid-19\/","og_locale":"fr_FR","og_type":"article","og_title":"Statement on the continuation of services during the coronavirus outbreak","og_description":"Altares Dun & Bradstreet geeft een statement rondom de continu\u00efteit van haar diensten en producten tijdens de Corona crisis.","og_url":"https:\/\/www.altares.be\/fr\/actualites\/communication-relative-a-la-poursuite-de-nos-activites-durant-la-pandemie-de-covid-19\/","og_site_name":"Altares","article_modified_time":"2023-06-08T09:01:04+00:00","og_image":[{"width":2560,"height":2048,"url":"https:\/\/www.altares.be\/wp-content\/uploads\/2020\/03\/surface-HJgaV1qjHS0-unsplash-scaled.jpg","type":"image\/jpeg"}],"twitter_card":"summary_large_image","twitter_title":"Statement on the continuation of services during the coronavirus outbreak","twitter_image":"https:\/\/www.altares.be\/wp-content\/uploads\/2020\/03\/surface-HJgaV1qjHS0-unsplash-scaled.jpg","twitter_misc":{"Dur\u00e9e de lecture est.":"3 minutes"},"schema":{"@context":"https:\/\/schema.org","@graph":[{"@type":"WebPage","@id":"https:\/\/www.altares.be\/nieuws\/statement-on-the-continuation-of-services-during-the-coronavirus-outbreak\/","url":"https:\/\/www.altares.be\/nieuws\/statement-on-the-continuation-of-services-during-the-coronavirus-outbreak\/","name":"Communication relative \u00e0 la poursuite de nos activit\u00e9s durant la pand\u00e9mie de COVID-19 \u2013 Altares","isPartOf":{"@id":"https:\/\/www.altares.be\/#website"},"primaryImageOfPage":{"@id":"https:\/\/www.altares.be\/nieuws\/statement-on-the-continuation-of-services-during-the-coronavirus-outbreak\/#primaryimage"},"image":{"@id":"https:\/\/www.altares.be\/nieuws\/statement-on-the-continuation-of-services-during-the-coronavirus-outbreak\/#primaryimage"},"thumbnailUrl":"https:\/\/www.altares.be\/wp-content\/uploads\/2020\/03\/surface-HJgaV1qjHS0-unsplash-scaled.jpg","datePublished":"2020-03-20T12:58:00+00:00","dateModified":"2023-06-08T09:01:04+00:00","description":"Communication relative \u00e0 la poursuite des activit\u00e9s d'Altares Dun &amp; Bradstreet durant la pand\u00e9mie de COVID-19.","breadcrumb":{"@id":"https:\/\/www.altares.be\/nieuws\/statement-on-the-continuation-of-services-during-the-coronavirus-outbreak\/#breadcrumb"},"inLanguage":"fr-BE","potentialAction":[{"@type":"ReadAction","target":["https:\/\/www.altares.be\/nieuws\/statement-on-the-continuation-of-services-during-the-coronavirus-outbreak\/"]}]},{"@type":"ImageObject","inLanguage":"fr-BE","@id":"https:\/\/www.altares.be\/nieuws\/statement-on-the-continuation-of-services-during-the-coronavirus-outbreak\/#primaryimage","url":"https:\/\/www.altares.be\/wp-content\/uploads\/2020\/03\/surface-HJgaV1qjHS0-unsplash-scaled.jpg","contentUrl":"https:\/\/www.altares.be\/wp-content\/uploads\/2020\/03\/surface-HJgaV1qjHS0-unsplash-scaled.jpg","width":2560,"height":2048,"caption":"Statement on the continuation of services during the coronavirus outbreak"},{"@type":"BreadcrumbList","@id":"https:\/\/www.altares.be\/nieuws\/statement-on-the-continuation-of-services-during-the-coronavirus-outbreak\/#breadcrumb","itemListElement":[{"@type":"ListItem","position":1,"name":"Home","item":"https:\/\/www.altares.be\/"},{"@type":"ListItem","position":2,"name":"Nieuws","item":"https:\/\/www.altares.be\/nieuws\/"},{"@type":"ListItem","position":3,"name":"Statement on the continuation of services during the coronavirus outbreak"}]},{"@type":"WebSite","@id":"https:\/\/www.altares.be\/#website","url":"https:\/\/www.altares.be\/","name":"Altares","description":"partenaire du r\u00e9seau mondial de Dun\u00a0&amp;\u00a0Bradstreet","publisher":{"@id":"https:\/\/www.altares.be\/#organization"},"potentialAction":[{"@type":"SearchAction","target":{"@type":"EntryPoint","urlTemplate":"https:\/\/www.altares.be\/?s={search_term_string}"},"query-input":{"@type":"PropertyValueSpecification","valueRequired":true,"valueName":"search_term_string"}}],"inLanguage":"fr-BE"},{"@type":"Organization","@id":"https:\/\/www.altares.be\/#organization","name":"Altares","url":"https:\/\/www.altares.be\/","logo":{"@type":"ImageObject","inLanguage":"fr-BE","@id":"https:\/\/www.altares.be\/#\/schema\/logo\/image\/","url":"https:\/\/www.altares.be\/wp-content\/uploads\/2021\/03\/Altares_RGB_liggend.svg","contentUrl":"https:\/\/www.altares.be\/wp-content\/uploads\/2021\/03\/Altares_RGB_liggend.svg","width":145.57333,"height":20.52,"caption":"Altares"},"image":{"@id":"https:\/\/www.altares.be\/#\/schema\/logo\/image\/"}}]}},"_links":{"self":[{"href":"https:\/\/www.altares.be\/fr\/wp-json\/wp\/v2\/nieuws\/17123","targetHints":{"allow":["GET"]}}],"collection":[{"href":"https:\/\/www.altares.be\/fr\/wp-json\/wp\/v2\/nieuws"}],"about":[{"href":"https:\/\/www.altares.be\/fr\/wp-json\/wp\/v2\/types\/nieuws"}],"version-history":[{"count":0,"href":"https:\/\/www.altares.be\/fr\/wp-json\/wp\/v2\/nieuws\/17123\/revisions"}],"wp:featuredmedia":[{"embeddable":true,"href":"https:\/\/www.altares.be\/fr\/wp-json\/wp\/v2\/media\/20496"}],"wp:attachment":[{"href":"https:\/\/www.altares.be\/fr\/wp-json\/wp\/v2\/media?parent=17123"}],"wp:term":[{"taxonomy":"category","embeddable":true,"href":"https:\/\/www.altares.be\/fr\/wp-json\/wp\/v2\/categories?post=17123"}],"curies":[{"name":"wp","href":"https:\/\/api.w.org\/{rel}","templated":true}]}}