{"id":19048,"date":"2012-11-26T10:00:00","date_gmt":"2012-11-26T10:00:00","guid":{"rendered":"https:\/\/devalt-kambatiag.savviihq.com\/?post_type=nieuws&#038;p=19048"},"modified":"2023-06-08T11:05:16","modified_gmt":"2023-06-08T09:05:16","slug":"le-secteur-du-transport-dans-une-mauvaise-passe","status":"publish","type":"nieuws","link":"https:\/\/www.altares.be\/fr\/nieuws\/transportsector-in-zwaar-weer\/","title":{"rendered":"Augmentation exponentielle du nombre de faillites dans le secteur du transport maritime"},"content":{"rendered":"<p>Le nombre de faillites dans le secteur du transport maritime est en forte augmentation. Durant les trois premiers trimestres de 2012, le secteur du transport enregistrait une augmentation de 67 % du nombre de faillites par rapport \u00e0 la m\u00eame p\u00e9riode de l\u2019ann\u00e9e pr\u00e9c\u00e9dente. L\u2019augmentation proportionnelle la plus forte \u00e9tait observ\u00e9e dans le secteur du transport maritime.<\/p>\n\n\n\n<figure class=\"wp-block-image size-full\"><img fetchpriority=\"high\" decoding=\"async\" width=\"900\" height=\"507\" src=\"https:\/\/www.altares.be\/wp-content\/uploads\/2012\/11\/Aantal-faillissementen-scheepvaart-stijgt-exponentieel.jpg\" alt=\"Cruise schip\" class=\"wp-image-36384\" srcset=\"https:\/\/www.altares.be\/wp-content\/uploads\/2012\/11\/Aantal-faillissementen-scheepvaart-stijgt-exponentieel.jpg 900w, https:\/\/www.altares.be\/wp-content\/uploads\/2012\/11\/Aantal-faillissementen-scheepvaart-stijgt-exponentieel-300x169.jpg 300w, https:\/\/www.altares.be\/wp-content\/uploads\/2012\/11\/Aantal-faillissementen-scheepvaart-stijgt-exponentieel-150x85.jpg 150w, https:\/\/www.altares.be\/wp-content\/uploads\/2012\/11\/Aantal-faillissementen-scheepvaart-stijgt-exponentieel-768x433.jpg 768w, https:\/\/www.altares.be\/wp-content\/uploads\/2012\/11\/Aantal-faillissementen-scheepvaart-stijgt-exponentieel-18x10.jpg 18w, https:\/\/www.altares.be\/wp-content\/uploads\/2012\/11\/Aantal-faillissementen-scheepvaart-stijgt-exponentieel-24x14.jpg 24w, https:\/\/www.altares.be\/wp-content\/uploads\/2012\/11\/Aantal-faillissementen-scheepvaart-stijgt-exponentieel-36x20.jpg 36w, https:\/\/www.altares.be\/wp-content\/uploads\/2012\/11\/Aantal-faillissementen-scheepvaart-stijgt-exponentieel-48x27.jpg 48w\" sizes=\"(max-width: 900px) 100vw, 900px\" \/><\/figure>\n\n\n\n<p>Durant les trois premiers trimestres de 2012, 321 faillites ont \u00e9t\u00e9 prononc\u00e9es dans le secteur du transport. Il s\u2019agit d\u2019une augmentation de 67 % par rapport \u00e0 2011. Proportionnellement, le secteur du transport maritime \u00e9tait le plus touch\u00e9, suivi par le secteur des services postaux et de coursiers. Le troisi\u00e8me trimestre \u00e9tait le plus mauvais pour le secteur par rapport \u00e0 la m\u00eame p\u00e9riode en 2011. Jan Willem De Vries, directeur g\u00e9n\u00e9ral de Dun &amp; Bradstreet, s\u2019exprime : \u00ab La baisse continue du nombre de missions et l\u2019augmentation pr\u00e9vue des accises sur les carburants n\u2019augurent rien de bon pour le secteur du transport durant les derniers mois de 2012 et la premi\u00e8re moiti\u00e9 de 2013. \u00bb<\/p>\n\n\n\n<h2 class=\"wp-block-heading\">Spirale n\u00e9gative<\/h2>\n\n\n\n<p>Dun &amp; Bradstreet a \u00e9galement \u00e9tudi\u00e9 le comportement de paiement des entreprises n\u00e9erlandaises du secteur du transport. Jan Willem De Vries explique : \u00ab Les entreprises de transport ont toujours fait preuve de ponctualit\u00e9 dans les paiements et c\u2019est encore le cas aujourd\u2019hui. \u00bb Dun &amp; Bradstreet conseille aux entrepreneurs de toujours r\u00e9gler leurs factures \u00e0 temps. Jan Willem De Vries : \u00ab En r\u00e9glant vos paiements \u00e0 temps, vous aidez \u00e9galement les fournisseurs et leurs cr\u00e9diteurs \u00e0 maintenir la t\u00eate hors de l\u2019eau. Dans le cas contraire, vous contribuez \u00e0 provoquer des probl\u00e8mes de liquidit\u00e9s et entra\u00eenez ainsi ces entreprises dans une spirale n\u00e9gative. \u00bb<\/p>","protected":false},"excerpt":{"rendered":"<p>Durant les trois premiers trimestres de 2012, le secteur du transport enregistrait une augmentation de 67 % du nombre de faillites par rapport \u00e0 l\u2019ann\u00e9e pr\u00e9c\u00e9dente.<\/p>","protected":false},"featured_media":20289,"template":"","meta":{"_acf_changed":false,"inline_featured_image":false},"categories":[29],"class_list":["post-19048","nieuws","type-nieuws","status-publish","has-post-thumbnail","hentry","category-persberichten"],"acf":[],"yoast_head":"<!-- This site is optimized with the Yoast SEO plugin v27.3 - https:\/\/yoast.com\/product\/yoast-seo-wordpress\/ -->\n<title>Aantal faillissementen scheepvaart stijgt exponentieel - Altares<\/title>\n<meta name=\"description\" content=\"Het aantal faillissementen binnen de transportsector stijgt de eerste drie kwartalen van 2012 met 67 procent, in vergelijking met vorig jaar.\" \/>\n<meta name=\"robots\" content=\"index, follow, max-snippet:-1, max-image-preview:large, max-video-preview:-1\" \/>\n<link rel=\"canonical\" href=\"https:\/\/www.altares.be\/fr\/actualites\/le-secteur-du-transport-dans-une-mauvaise-passe\/\" \/>\n<meta property=\"og:locale\" content=\"fr_FR\" \/>\n<meta property=\"og:type\" content=\"article\" \/>\n<meta property=\"og:title\" content=\"Aantal faillissementen scheepvaart stijgt exponentieel\" \/>\n<meta property=\"og:description\" content=\"Het aantal faillissementen binnen de transportsector stijgt de eerste drie kwartalen van 2012 met 67 procent, in vergelijking met vorig jaar.\" \/>\n<meta property=\"og:url\" content=\"https:\/\/www.altares.be\/fr\/actualites\/le-secteur-du-transport-dans-une-mauvaise-passe\/\" \/>\n<meta property=\"og:site_name\" content=\"Altares\" \/>\n<meta property=\"article:modified_time\" content=\"2023-06-08T09:05:16+00:00\" \/>\n<meta property=\"og:image\" content=\"https:\/\/www.altares.be\/wp-content\/uploads\/2021\/04\/sebastian-bjune-o9-1B958cvE-unsplash-edited-scaled.jpg\" \/>\n\t<meta property=\"og:image:width\" content=\"2560\" \/>\n\t<meta property=\"og:image:height\" content=\"1441\" \/>\n\t<meta property=\"og:image:type\" content=\"image\/jpeg\" \/>\n<meta name=\"twitter:card\" content=\"summary_large_image\" \/>\n<meta name=\"twitter:title\" content=\"Aantal faillissementen scheepvaart stijgt exponentieel\" \/>\n<meta name=\"twitter:image\" content=\"https:\/\/www.altares.be\/wp-content\/uploads\/2021\/04\/sebastian-bjune-o9-1B958cvE-unsplash-edited-scaled.jpg\" \/>\n<meta name=\"twitter:label1\" content=\"Dur\u00e9e de lecture est.\" \/>\n\t<meta name=\"twitter:data1\" content=\"2 minutes\" \/>\n<script type=\"application\/ld+json\" class=\"yoast-schema-graph\">{\"@context\":\"https:\\\/\\\/schema.org\",\"@graph\":[{\"@type\":\"WebPage\",\"@id\":\"https:\\\/\\\/www.altares.be\\\/nieuws\\\/transportsector-in-zwaar-weer\\\/\",\"url\":\"https:\\\/\\\/www.altares.be\\\/nieuws\\\/transportsector-in-zwaar-weer\\\/\",\"name\":\"Aantal faillissementen scheepvaart stijgt exponentieel - Altares\",\"isPartOf\":{\"@id\":\"https:\\\/\\\/www.altares.be\\\/#website\"},\"primaryImageOfPage\":{\"@id\":\"https:\\\/\\\/www.altares.be\\\/nieuws\\\/transportsector-in-zwaar-weer\\\/#primaryimage\"},\"image\":{\"@id\":\"https:\\\/\\\/www.altares.be\\\/nieuws\\\/transportsector-in-zwaar-weer\\\/#primaryimage\"},\"thumbnailUrl\":\"https:\\\/\\\/www.altares.be\\\/wp-content\\\/uploads\\\/2012\\\/11\\\/sebastian-bjune-o9-1B958cvE-unsplash-scaled.jpg\",\"datePublished\":\"2012-11-26T10:00:00+00:00\",\"dateModified\":\"2023-06-08T09:05:16+00:00\",\"description\":\"Het aantal faillissementen binnen de transportsector stijgt de eerste drie kwartalen van 2012 met 67 procent, in vergelijking met vorig jaar.\",\"breadcrumb\":{\"@id\":\"https:\\\/\\\/www.altares.be\\\/nieuws\\\/transportsector-in-zwaar-weer\\\/#breadcrumb\"},\"inLanguage\":\"fr-BE\",\"potentialAction\":[{\"@type\":\"ReadAction\",\"target\":[\"https:\\\/\\\/www.altares.be\\\/nieuws\\\/transportsector-in-zwaar-weer\\\/\"]}]},{\"@type\":\"ImageObject\",\"inLanguage\":\"fr-BE\",\"@id\":\"https:\\\/\\\/www.altares.be\\\/nieuws\\\/transportsector-in-zwaar-weer\\\/#primaryimage\",\"url\":\"https:\\\/\\\/www.altares.be\\\/wp-content\\\/uploads\\\/2012\\\/11\\\/sebastian-bjune-o9-1B958cvE-unsplash-scaled.jpg\",\"contentUrl\":\"https:\\\/\\\/www.altares.be\\\/wp-content\\\/uploads\\\/2012\\\/11\\\/sebastian-bjune-o9-1B958cvE-unsplash-scaled.jpg\",\"width\":1707,\"height\":2560,\"caption\":\"Aantal faillissementen scheepvaart stijgt exponentieel\"},{\"@type\":\"BreadcrumbList\",\"@id\":\"https:\\\/\\\/www.altares.be\\\/nieuws\\\/transportsector-in-zwaar-weer\\\/#breadcrumb\",\"itemListElement\":[{\"@type\":\"ListItem\",\"position\":1,\"name\":\"Home\",\"item\":\"https:\\\/\\\/www.altares.be\\\/\"},{\"@type\":\"ListItem\",\"position\":2,\"name\":\"Nieuws\",\"item\":\"https:\\\/\\\/www.altares.be\\\/nieuws\\\/\"},{\"@type\":\"ListItem\",\"position\":3,\"name\":\"Aantal faillissementen scheepvaart stijgt exponentieel\"}]},{\"@type\":\"WebSite\",\"@id\":\"https:\\\/\\\/www.altares.be\\\/#website\",\"url\":\"https:\\\/\\\/www.altares.be\\\/\",\"name\":\"Altares\",\"description\":\"part of the Dun &amp; Bradstreet worldwide network\",\"publisher\":{\"@id\":\"https:\\\/\\\/www.altares.be\\\/#organization\"},\"potentialAction\":[{\"@type\":\"SearchAction\",\"target\":{\"@type\":\"EntryPoint\",\"urlTemplate\":\"https:\\\/\\\/www.altares.be\\\/?s={search_term_string}\"},\"query-input\":{\"@type\":\"PropertyValueSpecification\",\"valueRequired\":true,\"valueName\":\"search_term_string\"}}],\"inLanguage\":\"fr-BE\"},{\"@type\":\"Organization\",\"@id\":\"https:\\\/\\\/www.altares.be\\\/#organization\",\"name\":\"Altares\",\"url\":\"https:\\\/\\\/www.altares.be\\\/\",\"logo\":{\"@type\":\"ImageObject\",\"inLanguage\":\"fr-BE\",\"@id\":\"https:\\\/\\\/www.altares.be\\\/#\\\/schema\\\/logo\\\/image\\\/\",\"url\":\"https:\\\/\\\/www.altares.be\\\/wp-content\\\/uploads\\\/2021\\\/03\\\/Altares_RGB_liggend.svg\",\"contentUrl\":\"https:\\\/\\\/www.altares.be\\\/wp-content\\\/uploads\\\/2021\\\/03\\\/Altares_RGB_liggend.svg\",\"width\":145.57333,\"height\":20.52,\"caption\":\"Altares\"},\"image\":{\"@id\":\"https:\\\/\\\/www.altares.be\\\/#\\\/schema\\\/logo\\\/image\\\/\"}}]}<\/script>\n<!-- \/ Yoast SEO plugin. -->","yoast_head_json":{"title":"Augmentation exponentielle du nombre de faillites dans le secteur du transport maritime \u2013 Altares","description":"Durant les trois premiers trimestres de 2012, le secteur du transport enregistrait une augmentation de 67 % du nombre de faillites par rapport \u00e0 l\u2019ann\u00e9e pr\u00e9c\u00e9dente.","robots":{"index":"index","follow":"follow","max-snippet":"max-snippet:-1","max-image-preview":"max-image-preview:large","max-video-preview":"max-video-preview:-1"},"canonical":"https:\/\/www.altares.be\/fr\/actualites\/le-secteur-du-transport-dans-une-mauvaise-passe\/","og_locale":"fr_FR","og_type":"article","og_title":"Aantal faillissementen scheepvaart stijgt exponentieel","og_description":"Het aantal faillissementen binnen de transportsector stijgt de eerste drie kwartalen van 2012 met 67 procent, in vergelijking met vorig jaar.","og_url":"https:\/\/www.altares.be\/fr\/actualites\/le-secteur-du-transport-dans-une-mauvaise-passe\/","og_site_name":"Altares","article_modified_time":"2023-06-08T09:05:16+00:00","og_image":[{"width":2560,"height":1441,"url":"https:\/\/www.altares.be\/wp-content\/uploads\/2021\/04\/sebastian-bjune-o9-1B958cvE-unsplash-edited-scaled.jpg","type":"image\/jpeg"}],"twitter_card":"summary_large_image","twitter_title":"Aantal faillissementen scheepvaart stijgt exponentieel","twitter_image":"https:\/\/www.altares.be\/wp-content\/uploads\/2021\/04\/sebastian-bjune-o9-1B958cvE-unsplash-edited-scaled.jpg","twitter_misc":{"Dur\u00e9e de lecture est.":"2 minutes"},"schema":{"@context":"https:\/\/schema.org","@graph":[{"@type":"WebPage","@id":"https:\/\/www.altares.be\/nieuws\/transportsector-in-zwaar-weer\/","url":"https:\/\/www.altares.be\/nieuws\/transportsector-in-zwaar-weer\/","name":"Augmentation exponentielle du nombre de faillites dans le secteur du transport maritime \u2013 Altares","isPartOf":{"@id":"https:\/\/www.altares.be\/#website"},"primaryImageOfPage":{"@id":"https:\/\/www.altares.be\/nieuws\/transportsector-in-zwaar-weer\/#primaryimage"},"image":{"@id":"https:\/\/www.altares.be\/nieuws\/transportsector-in-zwaar-weer\/#primaryimage"},"thumbnailUrl":"https:\/\/www.altares.be\/wp-content\/uploads\/2012\/11\/sebastian-bjune-o9-1B958cvE-unsplash-scaled.jpg","datePublished":"2012-11-26T10:00:00+00:00","dateModified":"2023-06-08T09:05:16+00:00","description":"Durant les trois premiers trimestres de 2012, le secteur du transport enregistrait une augmentation de 67 % du nombre de faillites par rapport \u00e0 l\u2019ann\u00e9e pr\u00e9c\u00e9dente.","breadcrumb":{"@id":"https:\/\/www.altares.be\/nieuws\/transportsector-in-zwaar-weer\/#breadcrumb"},"inLanguage":"fr-BE","potentialAction":[{"@type":"ReadAction","target":["https:\/\/www.altares.be\/nieuws\/transportsector-in-zwaar-weer\/"]}]},{"@type":"ImageObject","inLanguage":"fr-BE","@id":"https:\/\/www.altares.be\/nieuws\/transportsector-in-zwaar-weer\/#primaryimage","url":"https:\/\/www.altares.be\/wp-content\/uploads\/2012\/11\/sebastian-bjune-o9-1B958cvE-unsplash-scaled.jpg","contentUrl":"https:\/\/www.altares.be\/wp-content\/uploads\/2012\/11\/sebastian-bjune-o9-1B958cvE-unsplash-scaled.jpg","width":1707,"height":2560,"caption":"Aantal faillissementen scheepvaart stijgt exponentieel"},{"@type":"BreadcrumbList","@id":"https:\/\/www.altares.be\/nieuws\/transportsector-in-zwaar-weer\/#breadcrumb","itemListElement":[{"@type":"ListItem","position":1,"name":"Home","item":"https:\/\/www.altares.be\/"},{"@type":"ListItem","position":2,"name":"Nieuws","item":"https:\/\/www.altares.be\/nieuws\/"},{"@type":"ListItem","position":3,"name":"Aantal faillissementen scheepvaart stijgt exponentieel"}]},{"@type":"WebSite","@id":"https:\/\/www.altares.be\/#website","url":"https:\/\/www.altares.be\/","name":"Altares","description":"partenaire du r\u00e9seau mondial de Dun\u00a0&amp;\u00a0Bradstreet","publisher":{"@id":"https:\/\/www.altares.be\/#organization"},"potentialAction":[{"@type":"SearchAction","target":{"@type":"EntryPoint","urlTemplate":"https:\/\/www.altares.be\/?s={search_term_string}"},"query-input":{"@type":"PropertyValueSpecification","valueRequired":true,"valueName":"search_term_string"}}],"inLanguage":"fr-BE"},{"@type":"Organization","@id":"https:\/\/www.altares.be\/#organization","name":"Altares","url":"https:\/\/www.altares.be\/","logo":{"@type":"ImageObject","inLanguage":"fr-BE","@id":"https:\/\/www.altares.be\/#\/schema\/logo\/image\/","url":"https:\/\/www.altares.be\/wp-content\/uploads\/2021\/03\/Altares_RGB_liggend.svg","contentUrl":"https:\/\/www.altares.be\/wp-content\/uploads\/2021\/03\/Altares_RGB_liggend.svg","width":145.57333,"height":20.52,"caption":"Altares"},"image":{"@id":"https:\/\/www.altares.be\/#\/schema\/logo\/image\/"}}]}},"_links":{"self":[{"href":"https:\/\/www.altares.be\/fr\/wp-json\/wp\/v2\/nieuws\/19048","targetHints":{"allow":["GET"]}}],"collection":[{"href":"https:\/\/www.altares.be\/fr\/wp-json\/wp\/v2\/nieuws"}],"about":[{"href":"https:\/\/www.altares.be\/fr\/wp-json\/wp\/v2\/types\/nieuws"}],"version-history":[{"count":0,"href":"https:\/\/www.altares.be\/fr\/wp-json\/wp\/v2\/nieuws\/19048\/revisions"}],"wp:featuredmedia":[{"embeddable":true,"href":"https:\/\/www.altares.be\/fr\/wp-json\/wp\/v2\/media\/20289"}],"wp:attachment":[{"href":"https:\/\/www.altares.be\/fr\/wp-json\/wp\/v2\/media?parent=19048"}],"wp:term":[{"taxonomy":"category","embeddable":true,"href":"https:\/\/www.altares.be\/fr\/wp-json\/wp\/v2\/categories?post=19048"}],"curies":[{"name":"wp","href":"https:\/\/api.w.org\/{rel}","templated":true}]}}