{"id":19413,"date":"2011-06-10T12:48:00","date_gmt":"2011-06-10T12:48:00","guid":{"rendered":"https:\/\/devalt-kambatiag.savviihq.com\/?post_type=nieuws&#038;p=19413"},"modified":"2023-06-08T11:08:17","modified_gmt":"2023-06-08T09:08:17","slug":"hausse-importante-du-nombre-de-faillites-en-mai","status":"publish","type":"nieuws","link":"https:\/\/www.altares.be\/fr\/nieuws\/flinke-stijging-aantal-faillissementen-in-mei\/","title":{"rendered":"Hausse importante du nombre de faillites en mai"},"content":{"rendered":"<h3 class=\"wp-block-heading\">Pour la premi\u00e8re fois depuis des mois, le nombre d\u2019entreprises ayant mis la cl\u00e9 sous la porte est en augmentation par rapport \u00e0 l\u2019ann\u00e9e pr\u00e9c\u00e9dente.<\/h3>\n\n\n\n<p>Le mois de mai a mis fin \u00e0 la baisse du nombre de faillites enregistr\u00e9e pendant les quatre premiers mois de l\u2019ann\u00e9e. L\u2019augmentation consid\u00e9rable de 37 % par rapport \u00e0 l\u2019ann\u00e9e pr\u00e9c\u00e9dente fait passer le nombre d\u2019entreprises victimes de faillite \u00e0 627. Il s\u2019agit du r\u00e9sultat le plus \u00e9lev\u00e9 depuis juin 2010. Voil\u00e0 l\u2019une des conclusions de l\u2019\u00e9tude men\u00e9e par Dun &amp; Bradstreet sur les faillites dans le paysage entrepreneurial n\u00e9erlandais.<\/p>\n\n\n\n<p>L\u2019augmentation constat\u00e9e au mois de mai est d\u2019autant plus frappante que le taux de faillite est relativement faible pour ce mois lors des ann\u00e9es pr\u00e9c\u00e9dentes. En effet, moins de faillites \u00e9taient enregistr\u00e9es pendant les mois de mai 2009 et 2010.<\/p>\n\n\n\n<h2 class=\"wp-block-heading\">Secteurs<\/h2>\n\n\n\n<p>Cette hausse des faillites par rapport au mois de mai 2010 se remarque dans tous les secteurs. Les secteurs des transports (+63 %) et du commerce et de la r\u00e9paration (+49 %) ont \u00e9t\u00e9 les plus durement touch\u00e9s. L\u2019augmentation est rest\u00e9e relativement faible dans les secteurs de l\u2019horeca (+14 %) et de la construction (+19 %).<\/p>\n\n\n\n<h2 class=\"wp-block-heading\">R\u00e9gions<\/h2>\n\n\n\n<p>Une seule province, Groningue, a enregistr\u00e9 une baisse du nombre de faillites par rapport \u00e0 l\u2019ann\u00e9e pr\u00e9c\u00e9dente (-12 %). Au Limbourg (Pays-Bas), l\u2019augmentation restait infime (3 %). Dans le reste du territoire, le nombre d\u2019entreprises en faillite a d\u00e9pass\u00e9 celui du mois de mai 2010. Les plus mauvais \u00e9l\u00e8ves \u00e9taient la Frise (+ 89 %) et Utrecht (+78 %). Le Brabant-Septentrional et la Drenthe ont \u00e9galement \u00e9t\u00e9 particuli\u00e8rement touch\u00e9s et se retrouvaient en del\u00e0 du seuil des 50 %. La province de Drenthe a enregistr\u00e9 le plus grand nombre de faillites en valeurs relatives pendant le mois de mai (par rapport au nombre total d\u2019entreprises de la r\u00e9gion). Voici un aper\u00e7u des r\u00e9sultats par province :<\/p>\n\n\n\n<p>Groningue -12 %<br>Limbourg +3 %<br>Overijssel +18 %<br>Flevoland +22 %<br>Hollande-Septentrionale +29 %<br>Z\u00e9lande +40 %<br>Hollande-M\u00e9ridionale +42 %<br>Gueldre +46 %<br>Brabant-Septentrional +56 %<br>Drenthe +58 %<br>Utrecht +78 %<br>Frise +89 %<\/p>","protected":false},"excerpt":{"rendered":"<p>Dans tous les secteurs, le mois de mai est caract\u00e9ris\u00e9 par une augmentation du nombre de faillites par rapport \u00e0 mai\u00a02010. Le transport et le commerce sont les plus touch\u00e9s.<\/p>","protected":false},"featured_media":12879,"template":"","meta":{"_acf_changed":false,"inline_featured_image":false},"categories":[29],"class_list":["post-19413","nieuws","type-nieuws","status-publish","has-post-thumbnail","hentry","category-persberichten"],"acf":[],"yoast_head":"<!-- This site is optimized with the Yoast SEO plugin v27.3 - https:\/\/yoast.com\/product\/yoast-seo-wordpress\/ -->\n<title>Flinke stijging aantal faillissementen in mei - Altares<\/title>\n<meta name=\"description\" content=\"In alle sectoren steeg het aantal faillissementen ten opzichte van mei 2010. De sterkste stijging vond plaats in de transport en handel.\" \/>\n<meta name=\"robots\" content=\"index, follow, max-snippet:-1, max-image-preview:large, max-video-preview:-1\" \/>\n<link rel=\"canonical\" href=\"https:\/\/www.altares.be\/fr\/actualites\/hausse-importante-du-nombre-de-faillites-en-mai\/\" \/>\n<meta property=\"og:locale\" content=\"fr_FR\" \/>\n<meta property=\"og:type\" content=\"article\" \/>\n<meta property=\"og:title\" content=\"Flinke stijging aantal faillissementen in mei - Altares\" \/>\n<meta property=\"og:description\" content=\"In alle sectoren steeg het aantal faillissementen ten opzichte van mei 2010. De sterkste stijging vond plaats in de transport en handel.\" \/>\n<meta property=\"og:url\" content=\"https:\/\/www.altares.be\/fr\/actualites\/hausse-importante-du-nombre-de-faillites-en-mai\/\" \/>\n<meta property=\"og:site_name\" content=\"Altares\" \/>\n<meta property=\"article:modified_time\" content=\"2023-06-08T09:08:17+00:00\" \/>\n<meta property=\"og:image\" content=\"https:\/\/www.altares.be\/wp-content\/uploads\/2019\/10\/ash-from-modern-afflatus-KPDDc1DeP4Y-unsplash-scaled.jpg\" \/>\n\t<meta property=\"og:image:width\" content=\"2560\" \/>\n\t<meta property=\"og:image:height\" content=\"1707\" \/>\n\t<meta property=\"og:image:type\" content=\"image\/jpeg\" \/>\n<meta name=\"twitter:card\" content=\"summary_large_image\" \/>\n<meta name=\"twitter:label1\" content=\"Dur\u00e9e de lecture est.\" \/>\n\t<meta name=\"twitter:data1\" content=\"2 minutes\" \/>\n<script type=\"application\/ld+json\" class=\"yoast-schema-graph\">{\"@context\":\"https:\\\/\\\/schema.org\",\"@graph\":[{\"@type\":\"WebPage\",\"@id\":\"https:\\\/\\\/www.altares.be\\\/nieuws\\\/flinke-stijging-aantal-faillissementen-in-mei\\\/\",\"url\":\"https:\\\/\\\/www.altares.be\\\/nieuws\\\/flinke-stijging-aantal-faillissementen-in-mei\\\/\",\"name\":\"Flinke stijging aantal faillissementen in mei - Altares\",\"isPartOf\":{\"@id\":\"https:\\\/\\\/www.altares.be\\\/#website\"},\"primaryImageOfPage\":{\"@id\":\"https:\\\/\\\/www.altares.be\\\/nieuws\\\/flinke-stijging-aantal-faillissementen-in-mei\\\/#primaryimage\"},\"image\":{\"@id\":\"https:\\\/\\\/www.altares.be\\\/nieuws\\\/flinke-stijging-aantal-faillissementen-in-mei\\\/#primaryimage\"},\"thumbnailUrl\":\"https:\\\/\\\/www.altares.be\\\/wp-content\\\/uploads\\\/2019\\\/10\\\/ash-from-modern-afflatus-KPDDc1DeP4Y-unsplash-scaled.jpg\",\"datePublished\":\"2011-06-10T12:48:00+00:00\",\"dateModified\":\"2023-06-08T09:08:17+00:00\",\"description\":\"In alle sectoren steeg het aantal faillissementen ten opzichte van mei 2010. De sterkste stijging vond plaats in de transport en handel.\",\"breadcrumb\":{\"@id\":\"https:\\\/\\\/www.altares.be\\\/nieuws\\\/flinke-stijging-aantal-faillissementen-in-mei\\\/#breadcrumb\"},\"inLanguage\":\"fr-BE\",\"potentialAction\":[{\"@type\":\"ReadAction\",\"target\":[\"https:\\\/\\\/www.altares.be\\\/nieuws\\\/flinke-stijging-aantal-faillissementen-in-mei\\\/\"]}]},{\"@type\":\"ImageObject\",\"inLanguage\":\"fr-BE\",\"@id\":\"https:\\\/\\\/www.altares.be\\\/nieuws\\\/flinke-stijging-aantal-faillissementen-in-mei\\\/#primaryimage\",\"url\":\"https:\\\/\\\/www.altares.be\\\/wp-content\\\/uploads\\\/2019\\\/10\\\/ash-from-modern-afflatus-KPDDc1DeP4Y-unsplash-scaled.jpg\",\"contentUrl\":\"https:\\\/\\\/www.altares.be\\\/wp-content\\\/uploads\\\/2019\\\/10\\\/ash-from-modern-afflatus-KPDDc1DeP4Y-unsplash-scaled.jpg\",\"width\":2560,\"height\":1707,\"caption\":\"Expertinterview: hoe je als creditmanager kunt focussen op de werkelijke gevaren in je portefeuille\"},{\"@type\":\"BreadcrumbList\",\"@id\":\"https:\\\/\\\/www.altares.be\\\/nieuws\\\/flinke-stijging-aantal-faillissementen-in-mei\\\/#breadcrumb\",\"itemListElement\":[{\"@type\":\"ListItem\",\"position\":1,\"name\":\"Home\",\"item\":\"https:\\\/\\\/www.altares.be\\\/\"},{\"@type\":\"ListItem\",\"position\":2,\"name\":\"Nieuws\",\"item\":\"https:\\\/\\\/www.altares.be\\\/nieuws\\\/\"},{\"@type\":\"ListItem\",\"position\":3,\"name\":\"Flinke stijging aantal faillissementen in mei\"}]},{\"@type\":\"WebSite\",\"@id\":\"https:\\\/\\\/www.altares.be\\\/#website\",\"url\":\"https:\\\/\\\/www.altares.be\\\/\",\"name\":\"Altares\",\"description\":\"part of the Dun &amp; Bradstreet worldwide network\",\"publisher\":{\"@id\":\"https:\\\/\\\/www.altares.be\\\/#organization\"},\"potentialAction\":[{\"@type\":\"SearchAction\",\"target\":{\"@type\":\"EntryPoint\",\"urlTemplate\":\"https:\\\/\\\/www.altares.be\\\/?s={search_term_string}\"},\"query-input\":{\"@type\":\"PropertyValueSpecification\",\"valueRequired\":true,\"valueName\":\"search_term_string\"}}],\"inLanguage\":\"fr-BE\"},{\"@type\":\"Organization\",\"@id\":\"https:\\\/\\\/www.altares.be\\\/#organization\",\"name\":\"Altares\",\"url\":\"https:\\\/\\\/www.altares.be\\\/\",\"logo\":{\"@type\":\"ImageObject\",\"inLanguage\":\"fr-BE\",\"@id\":\"https:\\\/\\\/www.altares.be\\\/#\\\/schema\\\/logo\\\/image\\\/\",\"url\":\"https:\\\/\\\/www.altares.be\\\/wp-content\\\/uploads\\\/2021\\\/03\\\/Altares_RGB_liggend.svg\",\"contentUrl\":\"https:\\\/\\\/www.altares.be\\\/wp-content\\\/uploads\\\/2021\\\/03\\\/Altares_RGB_liggend.svg\",\"width\":145.57333,\"height\":20.52,\"caption\":\"Altares\"},\"image\":{\"@id\":\"https:\\\/\\\/www.altares.be\\\/#\\\/schema\\\/logo\\\/image\\\/\"}}]}<\/script>\n<!-- \/ Yoast SEO plugin. -->","yoast_head_json":{"title":"Hausse importante du nombre de faillites en mai \u2013 Altares","description":"Dans tous les secteurs, le mois de mai est caract\u00e9ris\u00e9 par une augmentation du nombre de faillites par rapport \u00e0 mai\u00a02010. Le transport et le commerce sont les plus touch\u00e9s.","robots":{"index":"index","follow":"follow","max-snippet":"max-snippet:-1","max-image-preview":"max-image-preview:large","max-video-preview":"max-video-preview:-1"},"canonical":"https:\/\/www.altares.be\/fr\/actualites\/hausse-importante-du-nombre-de-faillites-en-mai\/","og_locale":"fr_FR","og_type":"article","og_title":"Flinke stijging aantal faillissementen in mei - Altares","og_description":"In alle sectoren steeg het aantal faillissementen ten opzichte van mei 2010. De sterkste stijging vond plaats in de transport en handel.","og_url":"https:\/\/www.altares.be\/fr\/actualites\/hausse-importante-du-nombre-de-faillites-en-mai\/","og_site_name":"Altares","article_modified_time":"2023-06-08T09:08:17+00:00","og_image":[{"width":2560,"height":1707,"url":"https:\/\/www.altares.be\/wp-content\/uploads\/2019\/10\/ash-from-modern-afflatus-KPDDc1DeP4Y-unsplash-scaled.jpg","type":"image\/jpeg"}],"twitter_card":"summary_large_image","twitter_misc":{"Dur\u00e9e de lecture est.":"2 minutes"},"schema":{"@context":"https:\/\/schema.org","@graph":[{"@type":"WebPage","@id":"https:\/\/www.altares.be\/nieuws\/flinke-stijging-aantal-faillissementen-in-mei\/","url":"https:\/\/www.altares.be\/nieuws\/flinke-stijging-aantal-faillissementen-in-mei\/","name":"Hausse importante du nombre de faillites en mai \u2013 Altares","isPartOf":{"@id":"https:\/\/www.altares.be\/#website"},"primaryImageOfPage":{"@id":"https:\/\/www.altares.be\/nieuws\/flinke-stijging-aantal-faillissementen-in-mei\/#primaryimage"},"image":{"@id":"https:\/\/www.altares.be\/nieuws\/flinke-stijging-aantal-faillissementen-in-mei\/#primaryimage"},"thumbnailUrl":"https:\/\/www.altares.be\/wp-content\/uploads\/2019\/10\/ash-from-modern-afflatus-KPDDc1DeP4Y-unsplash-scaled.jpg","datePublished":"2011-06-10T12:48:00+00:00","dateModified":"2023-06-08T09:08:17+00:00","description":"Dans tous les secteurs, le mois de mai est caract\u00e9ris\u00e9 par une augmentation du nombre de faillites par rapport \u00e0 mai\u00a02010. Le transport et le commerce sont les plus touch\u00e9s.","breadcrumb":{"@id":"https:\/\/www.altares.be\/nieuws\/flinke-stijging-aantal-faillissementen-in-mei\/#breadcrumb"},"inLanguage":"fr-BE","potentialAction":[{"@type":"ReadAction","target":["https:\/\/www.altares.be\/nieuws\/flinke-stijging-aantal-faillissementen-in-mei\/"]}]},{"@type":"ImageObject","inLanguage":"fr-BE","@id":"https:\/\/www.altares.be\/nieuws\/flinke-stijging-aantal-faillissementen-in-mei\/#primaryimage","url":"https:\/\/www.altares.be\/wp-content\/uploads\/2019\/10\/ash-from-modern-afflatus-KPDDc1DeP4Y-unsplash-scaled.jpg","contentUrl":"https:\/\/www.altares.be\/wp-content\/uploads\/2019\/10\/ash-from-modern-afflatus-KPDDc1DeP4Y-unsplash-scaled.jpg","width":2560,"height":1707,"caption":"Expertinterview: hoe je als creditmanager kunt focussen op de werkelijke gevaren in je portefeuille"},{"@type":"BreadcrumbList","@id":"https:\/\/www.altares.be\/nieuws\/flinke-stijging-aantal-faillissementen-in-mei\/#breadcrumb","itemListElement":[{"@type":"ListItem","position":1,"name":"Home","item":"https:\/\/www.altares.be\/"},{"@type":"ListItem","position":2,"name":"Nieuws","item":"https:\/\/www.altares.be\/nieuws\/"},{"@type":"ListItem","position":3,"name":"Flinke stijging aantal faillissementen in mei"}]},{"@type":"WebSite","@id":"https:\/\/www.altares.be\/#website","url":"https:\/\/www.altares.be\/","name":"Altares","description":"partenaire du r\u00e9seau mondial de Dun\u00a0&amp;\u00a0Bradstreet","publisher":{"@id":"https:\/\/www.altares.be\/#organization"},"potentialAction":[{"@type":"SearchAction","target":{"@type":"EntryPoint","urlTemplate":"https:\/\/www.altares.be\/?s={search_term_string}"},"query-input":{"@type":"PropertyValueSpecification","valueRequired":true,"valueName":"search_term_string"}}],"inLanguage":"fr-BE"},{"@type":"Organization","@id":"https:\/\/www.altares.be\/#organization","name":"Altares","url":"https:\/\/www.altares.be\/","logo":{"@type":"ImageObject","inLanguage":"fr-BE","@id":"https:\/\/www.altares.be\/#\/schema\/logo\/image\/","url":"https:\/\/www.altares.be\/wp-content\/uploads\/2021\/03\/Altares_RGB_liggend.svg","contentUrl":"https:\/\/www.altares.be\/wp-content\/uploads\/2021\/03\/Altares_RGB_liggend.svg","width":145.57333,"height":20.52,"caption":"Altares"},"image":{"@id":"https:\/\/www.altares.be\/#\/schema\/logo\/image\/"}}]}},"_links":{"self":[{"href":"https:\/\/www.altares.be\/fr\/wp-json\/wp\/v2\/nieuws\/19413","targetHints":{"allow":["GET"]}}],"collection":[{"href":"https:\/\/www.altares.be\/fr\/wp-json\/wp\/v2\/nieuws"}],"about":[{"href":"https:\/\/www.altares.be\/fr\/wp-json\/wp\/v2\/types\/nieuws"}],"version-history":[{"count":0,"href":"https:\/\/www.altares.be\/fr\/wp-json\/wp\/v2\/nieuws\/19413\/revisions"}],"wp:featuredmedia":[{"embeddable":true,"href":"https:\/\/www.altares.be\/fr\/wp-json\/wp\/v2\/media\/12879"}],"wp:attachment":[{"href":"https:\/\/www.altares.be\/fr\/wp-json\/wp\/v2\/media?parent=19413"}],"wp:term":[{"taxonomy":"category","embeddable":true,"href":"https:\/\/www.altares.be\/fr\/wp-json\/wp\/v2\/categories?post=19413"}],"curies":[{"name":"wp","href":"https:\/\/api.w.org\/{rel}","templated":true}]}}