{"id":19425,"date":"2012-06-06T12:53:00","date_gmt":"2012-06-06T12:53:00","guid":{"rendered":"https:\/\/devalt-kambatiag.savviihq.com\/?post_type=nieuws&#038;p=19425"},"modified":"2023-06-08T11:06:32","modified_gmt":"2023-06-08T09:06:32","slug":"les-communes-payent-encore-leurs-factures-en-retard","status":"publish","type":"nieuws","link":"https:\/\/www.altares.be\/fr\/nieuws\/gemeenten-voldoen-rekeningen-nog-steeds-te-laat\/","title":{"rendered":"Les communes payent encore leurs factures en retard"},"content":{"rendered":"<h3 class=\"wp-block-heading\">Pr\u00e8s de 80 % des communes n\u00e9erlandaises ne sont toujours pas en mesure de payer les factures des entreprises dans un d\u00e9lai de 30 jours. Voil\u00e0 ce qu\u2019indique l\u2019analyse men\u00e9e par Dun &amp; Bradstreet \u00e0 la demande de MKB-Nederland.<\/h3>\n\n\n\n<div style=\"height:20px\" aria-hidden=\"true\" class=\"wp-block-spacer\"><\/div>\n\n\n\n<figure class=\"wp-block-image size-large\"><img fetchpriority=\"high\" decoding=\"async\" width=\"900\" height=\"596\" src=\"https:\/\/www.altares.be\/wp-content\/uploads\/2012\/06\/immo-wegmann-Ym2mFGr4GWI-unsplash-2048x1356-1.jpg\" alt=\"Les communes payent encore leurs factures en retard\" class=\"wp-image-31895\" srcset=\"https:\/\/www.altares.be\/wp-content\/uploads\/2012\/06\/immo-wegmann-Ym2mFGr4GWI-unsplash-2048x1356-1.jpg 900w, https:\/\/www.altares.be\/wp-content\/uploads\/2012\/06\/immo-wegmann-Ym2mFGr4GWI-unsplash-2048x1356-1-300x199.jpg 300w, https:\/\/www.altares.be\/wp-content\/uploads\/2012\/06\/immo-wegmann-Ym2mFGr4GWI-unsplash-2048x1356-1-150x99.jpg 150w, https:\/\/www.altares.be\/wp-content\/uploads\/2012\/06\/immo-wegmann-Ym2mFGr4GWI-unsplash-2048x1356-1-768x509.jpg 768w, https:\/\/www.altares.be\/wp-content\/uploads\/2012\/06\/immo-wegmann-Ym2mFGr4GWI-unsplash-2048x1356-1-16x12.jpg 16w, https:\/\/www.altares.be\/wp-content\/uploads\/2012\/06\/immo-wegmann-Ym2mFGr4GWI-unsplash-2048x1356-1-24x16.jpg 24w, https:\/\/www.altares.be\/wp-content\/uploads\/2012\/06\/immo-wegmann-Ym2mFGr4GWI-unsplash-2048x1356-1-36x24.jpg 36w, https:\/\/www.altares.be\/wp-content\/uploads\/2012\/06\/immo-wegmann-Ym2mFGr4GWI-unsplash-2048x1356-1-48x32.jpg 48w\" sizes=\"(max-width: 900px) 100vw, 900px\" \/><\/figure>\n\n\n\n<p>Parmi les 303 communes examin\u00e9es, 21 % ne paient en moyenne qu\u2019entre 46 et 87 jours apr\u00e8s la date de facturation. La commune de Borne dans la province d\u2019Overijssel enregistre les meilleurs r\u00e9sultats : les entreprises y re\u00e7oivent leur argent dans un d\u00e9lai moyen de 17 jours.<\/p>\n\n\n\n<p>MKB-Nederland s\u2019efforce depuis longtemps d\u2019am\u00e9liorer le comportement de paiement du gouvernement envers les petites et moyennes entreprises. Compte tenu de la pression constante exerc\u00e9e sur la liquidit\u00e9 de nombreuses entreprises, il est plus important que jamais pour les clients, et surtout le gouvernement, de payer les factures en temps voulu. L\u2019administration nationale parvient \u00e0 pr\u00e9sent \u00e0 respecter un d\u00e9lai de 30 jours pour la majorit\u00e9 des cas, mais les autorit\u00e9s locales restent clairement \u00e0 la tra\u00eene, selon l\u2019association des entreprises.<\/p>\n\n\n\n<p>Les 303 communes examin\u00e9es par Dun &amp; Bradstreet prennent en moyenne 38,5 jours pour r\u00e9gler leurs factures. 2 % (6 communes) paient dans un d\u00e9lai inf\u00e9rieur aux 30 jours habituels. Avec 17 jours, Borne fait partie des communes n\u00e9erlandaises qui payent le plus rapidement, suivie par Oldenzaal (20), Oostflakkee (21), Enschede (22), Maasdonk (26) et Borsele (29). Presque 20 % (57 communes) paient en moyenne 30 jours apr\u00e8s la date de facturation. Un tiers (90 communes) paye les factures entre 30 et 35 jours et 28 % (85 communes) ont besoin d\u2019un d\u00e9lai de 36 \u00e0 45 jours. Dans 21 % des communes (65), les entrepreneurs doivent attendre 46 \u00e0 90 jours pour recevoir leur argent.<\/p>\n\n\n\n<p>MKB-Nederland constate que de plus en plus de communes sont conscientes de ce probl\u00e8me, mais qu\u2019il y a encore \u00e9norm\u00e9ment de progr\u00e8s \u00e0 faire en pratique. Les communes qui souhaitent cr\u00e9er un climat entrepreneurial convivial pour les entrepreneurs ne peuvent tout simplement pas se permettre de faire attendre les entreprises locales aussi longtemps pour qu\u2019elles re\u00e7oivent leur argent. Pour les PME, les autorit\u00e9s locales sont souvent les principaux donneurs d\u2019ordre. En moyenne, 1\u00a0entrepreneur de PME sur 3 travaille r\u00e9guli\u00e8rement pour une commune.<\/p>\n\n\n\n<h2 class=\"wp-block-heading\">Classement<\/h2>\n\n\n\n<p>\u00c0 la demande de MKB-Nederland, Dun &amp; Bradstreet a examin\u00e9 le comportement de paiement (en nombre de jours de retard) factuel des communes n\u00e9erlandaises. MKB-Nederland a \u00e9tabli un classement sur la base de ces donn\u00e9es. Ce classement montre les d\u00e9lais de paiement que les communes appliquent officiellement (conditions d\u2019achat) et la mesure dans laquelle elles s\u2019y tiennent en pratique. Les communes qui appliquent un d\u00e9lai de paiement de 14 jours et qui le d\u00e9passent de 12 jours figurent plus haut dans le classement qu\u2019une commune qui applique un d\u00e9lai de 30 jours et qui le respecte.<\/p>\n\n\n\n<h2 class=\"wp-block-heading\">Explication sur le classement<\/h2>\n\n\n\n<p>Le classement se base sur le d\u00e9lai moyen de paiement d\u2019une facture. Il est calcul\u00e9 en combinant le Paydex de D&amp;B et les conditions d\u2019achat des communes.<\/p>\n\n\n\n<p><strong>Paydex D&amp;B<\/strong>\u00a0: nombre moyen de jours de retard (apr\u00e8s la date butoir de la facture) sur la base des exp\u00e9riences de paiement. Une exp\u00e9rience comprend toutes les factures d\u2019une relation commerciale sur une p\u00e9riode maximale de 20 mois. Le Paydex est une moyenne pond\u00e9r\u00e9e qui prend \u00e9galement en compte le montant des factures. Le Paydex se base sur toutes les exp\u00e9riences et factures connues de D&amp;B et ne comprend donc qu\u2019une partie des factures envoy\u00e9es \u00e0 une commune. Un seuil minimal est toutefois d\u00e9fini quant au nombre d\u2019exp\u00e9riences qui doivent \u00eatre connues afin de pouvoir \u00eatre prises en compte dans l\u2019analyse.<\/p>\n\n\n\n<p>Grande : minimum 30 exp\u00e9riences<br>Moyenne : minimum 15 exp\u00e9riences<br>Petite : minimum 10 exp\u00e9riences<\/p>\n\n\n\n<p><strong>Conditions d\u2019achat<\/strong>\u00a0: d\u00e9lais de paiement que les communes appliquent officiellement (selon le site web).<\/p>\n\n\n\n<p><strong>Paydex + conditions d\u2019achat<\/strong>&nbsp;= nombre moyen de jours n\u00e9cessaires pour le paiement d\u2019une facture.<\/p>\n\n\n\n<p>En cas d\u2019ex \u00e6quo, le pourcentage d\u2019exp\u00e9riences o\u00f9 le d\u00e9lai de paiement a \u00e9t\u00e9 respect\u00e9 est pris en compte. Si ce pourcentage est aussi identique, la commune totalisant le plus d\u2019exp\u00e9riences b\u00e9n\u00e9ficie d\u2019un meilleur classement.<\/p>","protected":false},"excerpt":{"rendered":"<p>Pr\u00e8s de 80 % des communes n\u00e9erlandaises ne sont toujours pas en mesure de payer les factures des entreprises dans un d\u00e9lai de 30 jours. <\/p>","protected":false},"featured_media":20278,"template":"","meta":{"_acf_changed":false,"inline_featured_image":false},"categories":[29],"class_list":["post-19425","nieuws","type-nieuws","status-publish","has-post-thumbnail","hentry","category-persberichten"],"acf":[],"yoast_head":"<!-- This site is optimized with the Yoast SEO plugin v27.3 - https:\/\/yoast.com\/product\/yoast-seo-wordpress\/ -->\n<title>Gemeenten voldoen rekeningen nog steeds te laat - Altares<\/title>\n<meta name=\"description\" content=\"Bijna 80 procent van de Nederlandse gemeenten is nog steeds niet in staat binnen 30 dagen rekeningen aan het bedrijfsleven te voldoen.\" \/>\n<meta name=\"robots\" content=\"index, follow, max-snippet:-1, max-image-preview:large, max-video-preview:-1\" \/>\n<link rel=\"canonical\" href=\"https:\/\/www.altares.be\/fr\/actualites\/les-communes-payent-encore-leurs-factures-en-retard\/\" \/>\n<meta property=\"og:locale\" content=\"fr_FR\" \/>\n<meta property=\"og:type\" content=\"article\" \/>\n<meta property=\"og:title\" content=\"Gemeenten voldoen rekeningen nog steeds te laat\" \/>\n<meta property=\"og:description\" content=\"Bijna 80 procent van de Nederlandse gemeenten is nog steeds niet in staat binnen 30 dagen rekeningen aan het bedrijfsleven te voldoen.\" \/>\n<meta property=\"og:url\" content=\"https:\/\/www.altares.be\/fr\/actualites\/les-communes-payent-encore-leurs-factures-en-retard\/\" \/>\n<meta property=\"og:site_name\" content=\"Altares\" \/>\n<meta property=\"article:modified_time\" content=\"2023-06-08T09:06:32+00:00\" \/>\n<meta property=\"og:image\" content=\"https:\/\/www.altares.be\/wp-content\/uploads\/2012\/06\/immo-wegmann-Ym2mFGr4GWI-unsplash-scaled.jpg\" \/>\n\t<meta property=\"og:image:width\" content=\"2560\" \/>\n\t<meta property=\"og:image:height\" content=\"1696\" \/>\n\t<meta property=\"og:image:type\" content=\"image\/jpeg\" \/>\n<meta name=\"twitter:card\" content=\"summary_large_image\" \/>\n<meta name=\"twitter:title\" content=\"Gemeenten voldoen rekeningen nog steeds te laat\" \/>\n<meta name=\"twitter:image\" content=\"https:\/\/www.altares.be\/wp-content\/uploads\/2012\/06\/immo-wegmann-Ym2mFGr4GWI-unsplash-scaled.jpg\" \/>\n<meta name=\"twitter:label1\" content=\"Dur\u00e9e de lecture est.\" \/>\n\t<meta name=\"twitter:data1\" content=\"4 minutes\" \/>\n<script type=\"application\/ld+json\" class=\"yoast-schema-graph\">{\"@context\":\"https:\\\/\\\/schema.org\",\"@graph\":[{\"@type\":\"WebPage\",\"@id\":\"https:\\\/\\\/www.altares.be\\\/nieuws\\\/gemeenten-voldoen-rekeningen-nog-steeds-te-laat\\\/\",\"url\":\"https:\\\/\\\/www.altares.be\\\/nieuws\\\/gemeenten-voldoen-rekeningen-nog-steeds-te-laat\\\/\",\"name\":\"Gemeenten voldoen rekeningen nog steeds te laat - Altares\",\"isPartOf\":{\"@id\":\"https:\\\/\\\/www.altares.be\\\/#website\"},\"primaryImageOfPage\":{\"@id\":\"https:\\\/\\\/www.altares.be\\\/nieuws\\\/gemeenten-voldoen-rekeningen-nog-steeds-te-laat\\\/#primaryimage\"},\"image\":{\"@id\":\"https:\\\/\\\/www.altares.be\\\/nieuws\\\/gemeenten-voldoen-rekeningen-nog-steeds-te-laat\\\/#primaryimage\"},\"thumbnailUrl\":\"https:\\\/\\\/www.altares.be\\\/wp-content\\\/uploads\\\/2012\\\/06\\\/immo-wegmann-Ym2mFGr4GWI-unsplash-scaled.jpg\",\"datePublished\":\"2012-06-06T12:53:00+00:00\",\"dateModified\":\"2023-06-08T09:06:32+00:00\",\"description\":\"Bijna 80 procent van de Nederlandse gemeenten is nog steeds niet in staat binnen 30 dagen rekeningen aan het bedrijfsleven te voldoen.\",\"breadcrumb\":{\"@id\":\"https:\\\/\\\/www.altares.be\\\/nieuws\\\/gemeenten-voldoen-rekeningen-nog-steeds-te-laat\\\/#breadcrumb\"},\"inLanguage\":\"fr-BE\",\"potentialAction\":[{\"@type\":\"ReadAction\",\"target\":[\"https:\\\/\\\/www.altares.be\\\/nieuws\\\/gemeenten-voldoen-rekeningen-nog-steeds-te-laat\\\/\"]}]},{\"@type\":\"ImageObject\",\"inLanguage\":\"fr-BE\",\"@id\":\"https:\\\/\\\/www.altares.be\\\/nieuws\\\/gemeenten-voldoen-rekeningen-nog-steeds-te-laat\\\/#primaryimage\",\"url\":\"https:\\\/\\\/www.altares.be\\\/wp-content\\\/uploads\\\/2012\\\/06\\\/immo-wegmann-Ym2mFGr4GWI-unsplash-scaled.jpg\",\"contentUrl\":\"https:\\\/\\\/www.altares.be\\\/wp-content\\\/uploads\\\/2012\\\/06\\\/immo-wegmann-Ym2mFGr4GWI-unsplash-scaled.jpg\",\"width\":2560,\"height\":1696,\"caption\":\"Gemeenten voldoen rekeningen nog steeds te laat\"},{\"@type\":\"BreadcrumbList\",\"@id\":\"https:\\\/\\\/www.altares.be\\\/nieuws\\\/gemeenten-voldoen-rekeningen-nog-steeds-te-laat\\\/#breadcrumb\",\"itemListElement\":[{\"@type\":\"ListItem\",\"position\":1,\"name\":\"Home\",\"item\":\"https:\\\/\\\/www.altares.be\\\/\"},{\"@type\":\"ListItem\",\"position\":2,\"name\":\"Nieuws\",\"item\":\"https:\\\/\\\/www.altares.be\\\/nieuws\\\/\"},{\"@type\":\"ListItem\",\"position\":3,\"name\":\"Gemeenten voldoen rekeningen nog steeds te laat\"}]},{\"@type\":\"WebSite\",\"@id\":\"https:\\\/\\\/www.altares.be\\\/#website\",\"url\":\"https:\\\/\\\/www.altares.be\\\/\",\"name\":\"Altares\",\"description\":\"part of the Dun &amp; Bradstreet worldwide network\",\"publisher\":{\"@id\":\"https:\\\/\\\/www.altares.be\\\/#organization\"},\"potentialAction\":[{\"@type\":\"SearchAction\",\"target\":{\"@type\":\"EntryPoint\",\"urlTemplate\":\"https:\\\/\\\/www.altares.be\\\/?s={search_term_string}\"},\"query-input\":{\"@type\":\"PropertyValueSpecification\",\"valueRequired\":true,\"valueName\":\"search_term_string\"}}],\"inLanguage\":\"fr-BE\"},{\"@type\":\"Organization\",\"@id\":\"https:\\\/\\\/www.altares.be\\\/#organization\",\"name\":\"Altares\",\"url\":\"https:\\\/\\\/www.altares.be\\\/\",\"logo\":{\"@type\":\"ImageObject\",\"inLanguage\":\"fr-BE\",\"@id\":\"https:\\\/\\\/www.altares.be\\\/#\\\/schema\\\/logo\\\/image\\\/\",\"url\":\"https:\\\/\\\/www.altares.be\\\/wp-content\\\/uploads\\\/2021\\\/03\\\/Altares_RGB_liggend.svg\",\"contentUrl\":\"https:\\\/\\\/www.altares.be\\\/wp-content\\\/uploads\\\/2021\\\/03\\\/Altares_RGB_liggend.svg\",\"width\":145.57333,\"height\":20.52,\"caption\":\"Altares\"},\"image\":{\"@id\":\"https:\\\/\\\/www.altares.be\\\/#\\\/schema\\\/logo\\\/image\\\/\"}}]}<\/script>\n<!-- \/ Yoast SEO plugin. -->","yoast_head_json":{"title":"Les communes payent encore leurs factures en retard \u2013 Altares","description":"Pr\u00e8s de 80 % des communes n\u00e9erlandaises ne sont toujours pas en mesure de payer les factures des entreprises dans un d\u00e9lai de 30 jours.","robots":{"index":"index","follow":"follow","max-snippet":"max-snippet:-1","max-image-preview":"max-image-preview:large","max-video-preview":"max-video-preview:-1"},"canonical":"https:\/\/www.altares.be\/fr\/actualites\/les-communes-payent-encore-leurs-factures-en-retard\/","og_locale":"fr_FR","og_type":"article","og_title":"Gemeenten voldoen rekeningen nog steeds te laat","og_description":"Bijna 80 procent van de Nederlandse gemeenten is nog steeds niet in staat binnen 30 dagen rekeningen aan het bedrijfsleven te voldoen.","og_url":"https:\/\/www.altares.be\/fr\/actualites\/les-communes-payent-encore-leurs-factures-en-retard\/","og_site_name":"Altares","article_modified_time":"2023-06-08T09:06:32+00:00","og_image":[{"width":2560,"height":1696,"url":"https:\/\/www.altares.be\/wp-content\/uploads\/2012\/06\/immo-wegmann-Ym2mFGr4GWI-unsplash-scaled.jpg","type":"image\/jpeg"}],"twitter_card":"summary_large_image","twitter_title":"Gemeenten voldoen rekeningen nog steeds te laat","twitter_image":"https:\/\/www.altares.be\/wp-content\/uploads\/2012\/06\/immo-wegmann-Ym2mFGr4GWI-unsplash-scaled.jpg","twitter_misc":{"Dur\u00e9e de lecture est.":"4 minutes"},"schema":{"@context":"https:\/\/schema.org","@graph":[{"@type":"WebPage","@id":"https:\/\/www.altares.be\/nieuws\/gemeenten-voldoen-rekeningen-nog-steeds-te-laat\/","url":"https:\/\/www.altares.be\/nieuws\/gemeenten-voldoen-rekeningen-nog-steeds-te-laat\/","name":"Les communes payent encore leurs factures en retard \u2013 Altares","isPartOf":{"@id":"https:\/\/www.altares.be\/#website"},"primaryImageOfPage":{"@id":"https:\/\/www.altares.be\/nieuws\/gemeenten-voldoen-rekeningen-nog-steeds-te-laat\/#primaryimage"},"image":{"@id":"https:\/\/www.altares.be\/nieuws\/gemeenten-voldoen-rekeningen-nog-steeds-te-laat\/#primaryimage"},"thumbnailUrl":"https:\/\/www.altares.be\/wp-content\/uploads\/2012\/06\/immo-wegmann-Ym2mFGr4GWI-unsplash-scaled.jpg","datePublished":"2012-06-06T12:53:00+00:00","dateModified":"2023-06-08T09:06:32+00:00","description":"Pr\u00e8s de 80 % des communes n\u00e9erlandaises ne sont toujours pas en mesure de payer les factures des entreprises dans un d\u00e9lai de 30 jours.","breadcrumb":{"@id":"https:\/\/www.altares.be\/nieuws\/gemeenten-voldoen-rekeningen-nog-steeds-te-laat\/#breadcrumb"},"inLanguage":"fr-BE","potentialAction":[{"@type":"ReadAction","target":["https:\/\/www.altares.be\/nieuws\/gemeenten-voldoen-rekeningen-nog-steeds-te-laat\/"]}]},{"@type":"ImageObject","inLanguage":"fr-BE","@id":"https:\/\/www.altares.be\/nieuws\/gemeenten-voldoen-rekeningen-nog-steeds-te-laat\/#primaryimage","url":"https:\/\/www.altares.be\/wp-content\/uploads\/2012\/06\/immo-wegmann-Ym2mFGr4GWI-unsplash-scaled.jpg","contentUrl":"https:\/\/www.altares.be\/wp-content\/uploads\/2012\/06\/immo-wegmann-Ym2mFGr4GWI-unsplash-scaled.jpg","width":2560,"height":1696,"caption":"Gemeenten voldoen rekeningen nog steeds te laat"},{"@type":"BreadcrumbList","@id":"https:\/\/www.altares.be\/nieuws\/gemeenten-voldoen-rekeningen-nog-steeds-te-laat\/#breadcrumb","itemListElement":[{"@type":"ListItem","position":1,"name":"Home","item":"https:\/\/www.altares.be\/"},{"@type":"ListItem","position":2,"name":"Nieuws","item":"https:\/\/www.altares.be\/nieuws\/"},{"@type":"ListItem","position":3,"name":"Gemeenten voldoen rekeningen nog steeds te laat"}]},{"@type":"WebSite","@id":"https:\/\/www.altares.be\/#website","url":"https:\/\/www.altares.be\/","name":"Altares","description":"partenaire du r\u00e9seau mondial de Dun\u00a0&amp;\u00a0Bradstreet","publisher":{"@id":"https:\/\/www.altares.be\/#organization"},"potentialAction":[{"@type":"SearchAction","target":{"@type":"EntryPoint","urlTemplate":"https:\/\/www.altares.be\/?s={search_term_string}"},"query-input":{"@type":"PropertyValueSpecification","valueRequired":true,"valueName":"search_term_string"}}],"inLanguage":"fr-BE"},{"@type":"Organization","@id":"https:\/\/www.altares.be\/#organization","name":"Altares","url":"https:\/\/www.altares.be\/","logo":{"@type":"ImageObject","inLanguage":"fr-BE","@id":"https:\/\/www.altares.be\/#\/schema\/logo\/image\/","url":"https:\/\/www.altares.be\/wp-content\/uploads\/2021\/03\/Altares_RGB_liggend.svg","contentUrl":"https:\/\/www.altares.be\/wp-content\/uploads\/2021\/03\/Altares_RGB_liggend.svg","width":145.57333,"height":20.52,"caption":"Altares"},"image":{"@id":"https:\/\/www.altares.be\/#\/schema\/logo\/image\/"}}]}},"_links":{"self":[{"href":"https:\/\/www.altares.be\/fr\/wp-json\/wp\/v2\/nieuws\/19425","targetHints":{"allow":["GET"]}}],"collection":[{"href":"https:\/\/www.altares.be\/fr\/wp-json\/wp\/v2\/nieuws"}],"about":[{"href":"https:\/\/www.altares.be\/fr\/wp-json\/wp\/v2\/types\/nieuws"}],"version-history":[{"count":0,"href":"https:\/\/www.altares.be\/fr\/wp-json\/wp\/v2\/nieuws\/19425\/revisions"}],"wp:featuredmedia":[{"embeddable":true,"href":"https:\/\/www.altares.be\/fr\/wp-json\/wp\/v2\/media\/20278"}],"wp:attachment":[{"href":"https:\/\/www.altares.be\/fr\/wp-json\/wp\/v2\/media?parent=19425"}],"wp:term":[{"taxonomy":"category","embeddable":true,"href":"https:\/\/www.altares.be\/fr\/wp-json\/wp\/v2\/categories?post=19425"}],"curies":[{"name":"wp","href":"https:\/\/api.w.org\/{rel}","templated":true}]}}