{"id":38678,"date":"2022-07-07T07:38:42","date_gmt":"2022-07-07T07:38:42","guid":{"rendered":"https:\/\/www.altares.be\/?post_type=nieuws&#038;p=38678"},"modified":"2023-11-07T14:36:20","modified_gmt":"2023-11-07T13:36:20","slug":"plus-de-la-moitie-des-factures-belges-ne-sont-pas-payees-a-temps","status":"publish","type":"nieuws","link":"https:\/\/www.altares.be\/fr\/nieuws\/meer-dan-de-helft-belgische-facturen-niet-op-tijd-betaald\/","title":{"rendered":"Plus de la moiti\u00e9 des factures belges ne sont pas pay\u00e9es \u00e0 temps"},"content":{"rendered":"<p><strong>Bruxelles, 7 juillet 2022<\/strong> Plus de la moiti\u00e9 (56%) des factures belges ne sont pas pay\u00e9es \u00e0 temps au sein du monde des affaires. C'est ce qu'affirme le sp\u00e9cialiste des donn\u00e9es commerciales Altares Dun &amp; Bradstreet sur base de sa propre \u00e9tude sur les paiements*, men\u00e9e aupr\u00e8s de 183 600 entreprises. Les plus petites entreprises belges paient tout de m\u00eame \u00ab \u00e0 temps \u00bb dans 46,9% des cas. Parmi les plus grandes entreprises, ce pourcentage n'atteint que 12,4%.<\/p>\n\n\n\n<p>Altares Dun &amp; Bradstreet a men\u00e9 des recherches sur le paiement des factures par les entreprises dans 14 pays europ\u00e9ens. Le Danemark est le meilleur \u00e9l\u00e8ve de la classe : 90% des entreprises y recouvrent leurs dettes \u00e0 temps. En Irlande, ce sont les entrepreneurs qui attendent le plus longtemps leur argent. L\u00e0, moins d'un tiers (32,7%) des entreprises paient dans les d\u00e9lais convenus.<\/p>\n\n\n\n<h2 class=\"wp-block-heading\">Troisi\u00e8me place du podium <\/h2>\n\n\n\n<p>Sur les 14 pays \u00e9tudi\u00e9s, la Belgique figure dans le trio de t\u00eate des entreprises qui progressent le plus rapidement en termes de versements. En 2019, 39,8% des entreprises ont pay\u00e9 \u00e0 temps, soit 4,2% de moins qu'aujourd'hui. En t\u00eate de liste, on trouve les Pays-Bas, avec une augmentation de 5%. Pourtant, une marge d'am\u00e9lioration y demeure : un quart (25,8%) paie encore en retard.<\/p>\n\n\n\n<figure class=\"wp-block-gallery has-nested-images columns-default is-cropped wp-block-gallery-1 is-layout-flex wp-block-gallery-is-layout-flex\">\n<figure class=\"wp-block-image size-large\"><img fetchpriority=\"high\" decoding=\"async\" width=\"1024\" height=\"672\" data-id=\"38679\" src=\"https:\/\/www.altares.be\/wp-content\/uploads\/2022\/07\/Onderzoek-Altares-_payment-terms-1024x672.jpg\" alt=\"Nordics regio Altares\" class=\"wp-image-38679\" srcset=\"https:\/\/www.altares.be\/wp-content\/uploads\/2022\/07\/Onderzoek-Altares-_payment-terms-1024x672.jpg 1024w, https:\/\/www.altares.be\/wp-content\/uploads\/2022\/07\/Onderzoek-Altares-_payment-terms-300x197.jpg 300w, https:\/\/www.altares.be\/wp-content\/uploads\/2022\/07\/Onderzoek-Altares-_payment-terms-150x98.jpg 150w, https:\/\/www.altares.be\/wp-content\/uploads\/2022\/07\/Onderzoek-Altares-_payment-terms-768x504.jpg 768w, https:\/\/www.altares.be\/wp-content\/uploads\/2022\/07\/Onderzoek-Altares-_payment-terms-18x12.jpg 18w, https:\/\/www.altares.be\/wp-content\/uploads\/2022\/07\/Onderzoek-Altares-_payment-terms-24x16.jpg 24w, https:\/\/www.altares.be\/wp-content\/uploads\/2022\/07\/Onderzoek-Altares-_payment-terms-36x24.jpg 36w, https:\/\/www.altares.be\/wp-content\/uploads\/2022\/07\/Onderzoek-Altares-_payment-terms-48x31.jpg 48w, https:\/\/www.altares.be\/wp-content\/uploads\/2022\/07\/Onderzoek-Altares-_payment-terms.jpg 1108w\" sizes=\"(max-width: 1024px) 100vw, 1024px\" \/><\/figure>\n<figcaption class=\"blocks-gallery-caption wp-element-caption\">Paiements en temps voulu dans les pays nordiques - d\u00e9cembre 2021 <\/figcaption><\/figure>\n\n\n\n<h2 class=\"wp-block-heading\">Grandes et petites entreprises<\/h2>\n\n\n\n<p>\u00c0 l'\u00e9chelle europ\u00e9enne, une grande diff\u00e9rence est perceptible entre le comportement de paiement des grandes, petites et microentreprises. Les grands entrepreneurs belges d\u00e9passent le plus souvent le d\u00e9lai de paiement : seuls 12,4% d'entre eux le respectent. Les micro-entreprises sont quant \u00e0 elles en t\u00eate : pr\u00e8s de la moiti\u00e9 d'entre elles (46,9%) paient leurs factures dans les d\u00e9lais. Pour les petites entreprises, cela repr\u00e9sente environ quatre d\u2019entre elles sur dix (36,7%). \u00c0 titre de comparaison, dans le pays leader qu'est le Danemark, ce taux atteint les 90%.<\/p>\n\n\n\n<p>Joris Peeters, Chief Data Scientist chez Altares Dun &amp; Bradstreet : \u00ab Traditionnellement, les grandes entreprises \u00e9taient souvent en mesure de n\u00e9gocier des d\u00e9lais de paiement plus longs avec leurs fournisseurs, surtout s'il s'agissait de PME. En f\u00e9vrier 2022, la l\u00e9gislation en la mati\u00e8re a \u00e9t\u00e9 encore renforc\u00e9e, s'attaquant \u00e0 un certain nombre de lacunes qui permettent d'augmenter encore les d\u00e9lais de paiement. L'objectif du l\u00e9gislateur est de faire en sorte que les factures entre entreprises soient de facto pay\u00e9es dans un d\u00e9lai raisonnable de 30 jours. L'objectif de cette mesure est d'am\u00e9liorer la liquidit\u00e9 des entreprises, ce qui conduit g\u00e9n\u00e9ralement \u00e0 un environnement commercial plus sain et \u00e0 davantage d'investissements. \u00bb<\/p>\n\n\n\n<p><a href=\"https:\/\/altares87872.activehosted.com\/content\/pyND2\/2023\/11\/03\/7603709b-3527-47a1-98a2-1526912efdab.pdf\">Consultez ici le rapport dans son int\u00e9gralit\u00e9 (Flemish)<\/a><\/p>","protected":false},"excerpt":{"rendered":"<p>Une analyse r\u00e9alis\u00e9e par Altares Dun &amp; Bradstreet a montr\u00e9 que plus de la moiti\u00e9 (56%) des factures belges dans le secteur des entreprises ne sont pas pay\u00e9es \u00e0 temps. Lisez l'int\u00e9gralit\u00e9 du rapport de recherche ici. <\/p>","protected":false},"featured_media":38680,"template":"","meta":{"_acf_changed":false,"inline_featured_image":false},"categories":[29],"class_list":["post-38678","nieuws","type-nieuws","status-publish","has-post-thumbnail","hentry","category-persberichten"],"acf":[],"yoast_head":"<!-- This site is optimized with the Yoast SEO plugin v27.3 - https:\/\/yoast.com\/product\/yoast-seo-wordpress\/ -->\n<title>Meer dan de helft Belgische facturen niet op tijd betaald - Altares<\/title>\n<meta name=\"description\" content=\"Meer dan de helft (56%) van de Belgische facturen in het bedrijfsleven wordt niet op tijd betaald. Dat zegt bedrijfsdataspecialist Altares Dun &amp; Bradstreet op basis van de eigen Payment Study* bij 183.600 bedrijven. De kleinste Belgische bedrijven betalen in 46.9 procent van de gevallen \u2018op tijd\u2019. Bij de grootste ondernemingen is dat slechts 12.4 procent.\" \/>\n<meta name=\"robots\" content=\"index, follow, max-snippet:-1, max-image-preview:large, max-video-preview:-1\" \/>\n<link rel=\"canonical\" href=\"https:\/\/www.altares.be\/fr\/actualites\/plus-de-la-moitie-des-factures-belges-ne-sont-pas-payees-a-temps\/\" \/>\n<meta property=\"og:locale\" content=\"fr_FR\" \/>\n<meta property=\"og:type\" content=\"article\" \/>\n<meta property=\"og:title\" content=\"Meer dan de helft Belgische facturen niet op tijd betaald - Altares\" \/>\n<meta property=\"og:description\" content=\"Meer dan de helft (56%) van de Belgische facturen in het bedrijfsleven wordt niet op tijd betaald. Dat zegt bedrijfsdataspecialist Altares Dun &amp; Bradstreet op basis van de eigen Payment Study* bij 183.600 bedrijven. De kleinste Belgische bedrijven betalen in 46.9 procent van de gevallen \u2018op tijd\u2019. Bij de grootste ondernemingen is dat slechts 12.4 procent.\" \/>\n<meta property=\"og:url\" content=\"https:\/\/www.altares.be\/fr\/actualites\/plus-de-la-moitie-des-factures-belges-ne-sont-pas-payees-a-temps\/\" \/>\n<meta property=\"og:site_name\" content=\"Altares\" \/>\n<meta property=\"article:modified_time\" content=\"2023-11-07T13:36:20+00:00\" \/>\n<meta property=\"og:image\" content=\"https:\/\/www.altares.be\/wp-content\/uploads\/2022\/07\/Onderzoek-Altares_payment-terms-2-scaled.jpg\" \/>\n\t<meta property=\"og:image:width\" content=\"2560\" \/>\n\t<meta property=\"og:image:height\" content=\"1707\" \/>\n\t<meta property=\"og:image:type\" content=\"image\/jpeg\" \/>\n<meta name=\"twitter:card\" content=\"summary_large_image\" \/>\n<meta name=\"twitter:label1\" content=\"Dur\u00e9e de lecture est.\" \/>\n\t<meta name=\"twitter:data1\" content=\"2 minutes\" \/>\n<script type=\"application\/ld+json\" class=\"yoast-schema-graph\">{\"@context\":\"https:\\\/\\\/schema.org\",\"@graph\":[{\"@type\":\"WebPage\",\"@id\":\"https:\\\/\\\/www.altares.be\\\/nieuws\\\/meer-dan-de-helft-belgische-facturen-niet-op-tijd-betaald\\\/\",\"url\":\"https:\\\/\\\/www.altares.be\\\/nieuws\\\/meer-dan-de-helft-belgische-facturen-niet-op-tijd-betaald\\\/\",\"name\":\"Meer dan de helft Belgische facturen niet op tijd betaald - Altares\",\"isPartOf\":{\"@id\":\"https:\\\/\\\/www.altares.be\\\/#website\"},\"primaryImageOfPage\":{\"@id\":\"https:\\\/\\\/www.altares.be\\\/nieuws\\\/meer-dan-de-helft-belgische-facturen-niet-op-tijd-betaald\\\/#primaryimage\"},\"image\":{\"@id\":\"https:\\\/\\\/www.altares.be\\\/nieuws\\\/meer-dan-de-helft-belgische-facturen-niet-op-tijd-betaald\\\/#primaryimage\"},\"thumbnailUrl\":\"https:\\\/\\\/www.altares.be\\\/wp-content\\\/uploads\\\/2022\\\/07\\\/Onderzoek-Altares_payment-terms-2-scaled.jpg\",\"datePublished\":\"2022-07-07T07:38:42+00:00\",\"dateModified\":\"2023-11-07T13:36:20+00:00\",\"description\":\"Meer dan de helft (56%) van de Belgische facturen in het bedrijfsleven wordt niet op tijd betaald. Dat zegt bedrijfsdataspecialist Altares Dun & Bradstreet op basis van de eigen Payment Study* bij 183.600 bedrijven. De kleinste Belgische bedrijven betalen in 46.9 procent van de gevallen \u2018op tijd\u2019. Bij de grootste ondernemingen is dat slechts 12.4 procent.\",\"breadcrumb\":{\"@id\":\"https:\\\/\\\/www.altares.be\\\/nieuws\\\/meer-dan-de-helft-belgische-facturen-niet-op-tijd-betaald\\\/#breadcrumb\"},\"inLanguage\":\"fr-BE\",\"potentialAction\":[{\"@type\":\"ReadAction\",\"target\":[\"https:\\\/\\\/www.altares.be\\\/nieuws\\\/meer-dan-de-helft-belgische-facturen-niet-op-tijd-betaald\\\/\"]}]},{\"@type\":\"ImageObject\",\"inLanguage\":\"fr-BE\",\"@id\":\"https:\\\/\\\/www.altares.be\\\/nieuws\\\/meer-dan-de-helft-belgische-facturen-niet-op-tijd-betaald\\\/#primaryimage\",\"url\":\"https:\\\/\\\/www.altares.be\\\/wp-content\\\/uploads\\\/2022\\\/07\\\/Onderzoek-Altares_payment-terms-2-scaled.jpg\",\"contentUrl\":\"https:\\\/\\\/www.altares.be\\\/wp-content\\\/uploads\\\/2022\\\/07\\\/Onderzoek-Altares_payment-terms-2-scaled.jpg\",\"width\":2560,\"height\":1707,\"caption\":\"wachten op betaling\"},{\"@type\":\"BreadcrumbList\",\"@id\":\"https:\\\/\\\/www.altares.be\\\/nieuws\\\/meer-dan-de-helft-belgische-facturen-niet-op-tijd-betaald\\\/#breadcrumb\",\"itemListElement\":[{\"@type\":\"ListItem\",\"position\":1,\"name\":\"Home\",\"item\":\"https:\\\/\\\/www.altares.be\\\/\"},{\"@type\":\"ListItem\",\"position\":2,\"name\":\"Nieuws\",\"item\":\"https:\\\/\\\/www.altares.be\\\/nieuws\\\/\"},{\"@type\":\"ListItem\",\"position\":3,\"name\":\"Meer dan de helft Belgische facturen niet op tijd betaald\"}]},{\"@type\":\"WebSite\",\"@id\":\"https:\\\/\\\/www.altares.be\\\/#website\",\"url\":\"https:\\\/\\\/www.altares.be\\\/\",\"name\":\"Altares\",\"description\":\"part of the Dun &amp; Bradstreet worldwide network\",\"publisher\":{\"@id\":\"https:\\\/\\\/www.altares.be\\\/#organization\"},\"potentialAction\":[{\"@type\":\"SearchAction\",\"target\":{\"@type\":\"EntryPoint\",\"urlTemplate\":\"https:\\\/\\\/www.altares.be\\\/?s={search_term_string}\"},\"query-input\":{\"@type\":\"PropertyValueSpecification\",\"valueRequired\":true,\"valueName\":\"search_term_string\"}}],\"inLanguage\":\"fr-BE\"},{\"@type\":\"Organization\",\"@id\":\"https:\\\/\\\/www.altares.be\\\/#organization\",\"name\":\"Altares\",\"url\":\"https:\\\/\\\/www.altares.be\\\/\",\"logo\":{\"@type\":\"ImageObject\",\"inLanguage\":\"fr-BE\",\"@id\":\"https:\\\/\\\/www.altares.be\\\/#\\\/schema\\\/logo\\\/image\\\/\",\"url\":\"https:\\\/\\\/www.altares.be\\\/wp-content\\\/uploads\\\/2021\\\/03\\\/Altares_RGB_liggend.svg\",\"contentUrl\":\"https:\\\/\\\/www.altares.be\\\/wp-content\\\/uploads\\\/2021\\\/03\\\/Altares_RGB_liggend.svg\",\"width\":145.57333,\"height\":20.52,\"caption\":\"Altares\"},\"image\":{\"@id\":\"https:\\\/\\\/www.altares.be\\\/#\\\/schema\\\/logo\\\/image\\\/\"}}]}<\/script>\n<!-- \/ Yoast SEO plugin. -->","yoast_head_json":{"title":"Plus de la moiti\u00e9 des factures belges ne sont pas pay\u00e9es \u00e0 temps","description":"Plus de la moiti\u00e9 (56%) des factures belges ne sont pas pay\u00e9es \u00e0 temps au sein du monde des affaires. C'est ce qu'affirme le sp\u00e9cialiste des donn\u00e9es commerciales Altares Dun &amp; Bradstreet sur base de sa propre \u00e9tude sur les paiements*, men\u00e9e aupr\u00e8s de 183 600 entreprises. Les plus petites entreprises belges paient tout de m\u00eame \u00ab \u00e0 temps \u00bb dans 46,9% des cas. Parmi les plus grandes entreprises, ce pourcentage n'atteint que 12,4%.","robots":{"index":"index","follow":"follow","max-snippet":"max-snippet:-1","max-image-preview":"max-image-preview:large","max-video-preview":"max-video-preview:-1"},"canonical":"https:\/\/www.altares.be\/fr\/actualites\/plus-de-la-moitie-des-factures-belges-ne-sont-pas-payees-a-temps\/","og_locale":"fr_FR","og_type":"article","og_title":"Meer dan de helft Belgische facturen niet op tijd betaald - Altares","og_description":"Meer dan de helft (56%) van de Belgische facturen in het bedrijfsleven wordt niet op tijd betaald. Dat zegt bedrijfsdataspecialist Altares Dun & Bradstreet op basis van de eigen Payment Study* bij 183.600 bedrijven. De kleinste Belgische bedrijven betalen in 46.9 procent van de gevallen \u2018op tijd\u2019. Bij de grootste ondernemingen is dat slechts 12.4 procent.","og_url":"https:\/\/www.altares.be\/fr\/actualites\/plus-de-la-moitie-des-factures-belges-ne-sont-pas-payees-a-temps\/","og_site_name":"Altares","article_modified_time":"2023-11-07T13:36:20+00:00","og_image":[{"width":2560,"height":1707,"url":"https:\/\/www.altares.be\/wp-content\/uploads\/2022\/07\/Onderzoek-Altares_payment-terms-2-scaled.jpg","type":"image\/jpeg"}],"twitter_card":"summary_large_image","twitter_misc":{"Dur\u00e9e de lecture est.":"2 minutes"},"schema":{"@context":"https:\/\/schema.org","@graph":[{"@type":"WebPage","@id":"https:\/\/www.altares.be\/nieuws\/meer-dan-de-helft-belgische-facturen-niet-op-tijd-betaald\/","url":"https:\/\/www.altares.be\/nieuws\/meer-dan-de-helft-belgische-facturen-niet-op-tijd-betaald\/","name":"Plus de la moiti\u00e9 des factures belges ne sont pas pay\u00e9es \u00e0 temps","isPartOf":{"@id":"https:\/\/www.altares.be\/#website"},"primaryImageOfPage":{"@id":"https:\/\/www.altares.be\/nieuws\/meer-dan-de-helft-belgische-facturen-niet-op-tijd-betaald\/#primaryimage"},"image":{"@id":"https:\/\/www.altares.be\/nieuws\/meer-dan-de-helft-belgische-facturen-niet-op-tijd-betaald\/#primaryimage"},"thumbnailUrl":"https:\/\/www.altares.be\/wp-content\/uploads\/2022\/07\/Onderzoek-Altares_payment-terms-2-scaled.jpg","datePublished":"2022-07-07T07:38:42+00:00","dateModified":"2023-11-07T13:36:20+00:00","description":"Plus de la moiti\u00e9 (56%) des factures belges ne sont pas pay\u00e9es \u00e0 temps au sein du monde des affaires. C'est ce qu'affirme le sp\u00e9cialiste des donn\u00e9es commerciales Altares Dun &amp; Bradstreet sur base de sa propre \u00e9tude sur les paiements*, men\u00e9e aupr\u00e8s de 183 600 entreprises. Les plus petites entreprises belges paient tout de m\u00eame \u00ab \u00e0 temps \u00bb dans 46,9% des cas. Parmi les plus grandes entreprises, ce pourcentage n'atteint que 12,4%.","breadcrumb":{"@id":"https:\/\/www.altares.be\/nieuws\/meer-dan-de-helft-belgische-facturen-niet-op-tijd-betaald\/#breadcrumb"},"inLanguage":"fr-BE","potentialAction":[{"@type":"ReadAction","target":["https:\/\/www.altares.be\/nieuws\/meer-dan-de-helft-belgische-facturen-niet-op-tijd-betaald\/"]}]},{"@type":"ImageObject","inLanguage":"fr-BE","@id":"https:\/\/www.altares.be\/nieuws\/meer-dan-de-helft-belgische-facturen-niet-op-tijd-betaald\/#primaryimage","url":"https:\/\/www.altares.be\/wp-content\/uploads\/2022\/07\/Onderzoek-Altares_payment-terms-2-scaled.jpg","contentUrl":"https:\/\/www.altares.be\/wp-content\/uploads\/2022\/07\/Onderzoek-Altares_payment-terms-2-scaled.jpg","width":2560,"height":1707,"caption":"wachten op betaling"},{"@type":"BreadcrumbList","@id":"https:\/\/www.altares.be\/nieuws\/meer-dan-de-helft-belgische-facturen-niet-op-tijd-betaald\/#breadcrumb","itemListElement":[{"@type":"ListItem","position":1,"name":"Home","item":"https:\/\/www.altares.be\/"},{"@type":"ListItem","position":2,"name":"Nieuws","item":"https:\/\/www.altares.be\/nieuws\/"},{"@type":"ListItem","position":3,"name":"Meer dan de helft Belgische facturen niet op tijd betaald"}]},{"@type":"WebSite","@id":"https:\/\/www.altares.be\/#website","url":"https:\/\/www.altares.be\/","name":"Altares","description":"partenaire du r\u00e9seau mondial de Dun\u00a0&amp;\u00a0Bradstreet","publisher":{"@id":"https:\/\/www.altares.be\/#organization"},"potentialAction":[{"@type":"SearchAction","target":{"@type":"EntryPoint","urlTemplate":"https:\/\/www.altares.be\/?s={search_term_string}"},"query-input":{"@type":"PropertyValueSpecification","valueRequired":true,"valueName":"search_term_string"}}],"inLanguage":"fr-BE"},{"@type":"Organization","@id":"https:\/\/www.altares.be\/#organization","name":"Altares","url":"https:\/\/www.altares.be\/","logo":{"@type":"ImageObject","inLanguage":"fr-BE","@id":"https:\/\/www.altares.be\/#\/schema\/logo\/image\/","url":"https:\/\/www.altares.be\/wp-content\/uploads\/2021\/03\/Altares_RGB_liggend.svg","contentUrl":"https:\/\/www.altares.be\/wp-content\/uploads\/2021\/03\/Altares_RGB_liggend.svg","width":145.57333,"height":20.52,"caption":"Altares"},"image":{"@id":"https:\/\/www.altares.be\/#\/schema\/logo\/image\/"}}]}},"_links":{"self":[{"href":"https:\/\/www.altares.be\/fr\/wp-json\/wp\/v2\/nieuws\/38678","targetHints":{"allow":["GET"]}}],"collection":[{"href":"https:\/\/www.altares.be\/fr\/wp-json\/wp\/v2\/nieuws"}],"about":[{"href":"https:\/\/www.altares.be\/fr\/wp-json\/wp\/v2\/types\/nieuws"}],"version-history":[{"count":0,"href":"https:\/\/www.altares.be\/fr\/wp-json\/wp\/v2\/nieuws\/38678\/revisions"}],"wp:featuredmedia":[{"embeddable":true,"href":"https:\/\/www.altares.be\/fr\/wp-json\/wp\/v2\/media\/38680"}],"wp:attachment":[{"href":"https:\/\/www.altares.be\/fr\/wp-json\/wp\/v2\/media?parent=38678"}],"wp:term":[{"taxonomy":"category","embeddable":true,"href":"https:\/\/www.altares.be\/fr\/wp-json\/wp\/v2\/categories?post=38678"}],"curies":[{"name":"wp","href":"https:\/\/api.w.org\/{rel}","templated":true}]}}