{"id":46549,"date":"2024-02-19T13:27:37","date_gmt":"2024-02-19T12:27:37","guid":{"rendered":"https:\/\/www.altares.be\/?post_type=nieuws&#038;p=46549"},"modified":"2024-02-26T13:10:37","modified_gmt":"2024-02-26T12:10:37","slug":"altares-dun-bradstreet-recoit-le-label-great-place-to-work","status":"publish","type":"nieuws","link":"https:\/\/www.altares.be\/fr\/nieuws\/altares-dun-bradstreet-ontvangt-great-place-to-work-label\/","title":{"rendered":"Altares Dun &amp; Bradstreet re\u00e7oit le label \u00ab Great Place to Work \u00bb"},"content":{"rendered":"<p>L\u2019institut Great Place to Work\u00ae a d\u00e9cern\u00e9 la certification \u00ab Great Place to Work \u00bb \u00e0 Altares Dun &amp; Bradstreet. Une belle reconnaissance de l\u2019engagement d\u2019Altares en faveur d\u2019une culture ouverte, transparente et ax\u00e9e sur la confiance, le bien-\u00eatre et le d\u00e9veloppement de ses collaborateurs.<\/p>\n\n\n\n<h2 class=\"wp-block-heading\">Un coup d\u2019\u0153il en coulisses<\/h2>\n\n\n\n<p>Nous avons demand\u00e9 \u00e0 quelques collaborateurs enthousiastes ce qui rend Altares si unique.<\/p>\n\n\n\n<figure class=\"wp-block-image size-full\"><img fetchpriority=\"high\" decoding=\"async\" width=\"880\" height=\"472\" src=\"https:\/\/www.altares.be\/wp-content\/uploads\/2024\/02\/gptw-2.jpg\" alt=\"Great Place To Work\" class=\"wp-image-46550\" srcset=\"https:\/\/www.altares.be\/wp-content\/uploads\/2024\/02\/gptw-2.jpg 880w, https:\/\/www.altares.be\/wp-content\/uploads\/2024\/02\/gptw-2-300x161.jpg 300w, https:\/\/www.altares.be\/wp-content\/uploads\/2024\/02\/gptw-2-150x80.jpg 150w, https:\/\/www.altares.be\/wp-content\/uploads\/2024\/02\/gptw-2-768x412.jpg 768w, https:\/\/www.altares.be\/wp-content\/uploads\/2024\/02\/gptw-2-18x10.jpg 18w, https:\/\/www.altares.be\/wp-content\/uploads\/2024\/02\/gptw-2-24x13.jpg 24w, https:\/\/www.altares.be\/wp-content\/uploads\/2024\/02\/gptw-2-36x19.jpg 36w, https:\/\/www.altares.be\/wp-content\/uploads\/2024\/02\/gptw-2-48x26.jpg 48w\" sizes=\"(max-width: 880px) 100vw, 880px\" \/><\/figure>\n\n\n\n<h3 class=\"wp-block-heading\">Confiance et libert\u00e9<\/h3>\n\n\n\n<p>\u00ab Chez Altares, je jouis d\u2019une tr\u00e8s grande libert\u00e9 \u00bb, raconte Jorick, senior sales executive. \u00ab Nous pouvons prendre des initiatives. L\u2019erreur est permise et m\u00eame encourag\u00e9e. Et nous f\u00eatons les r\u00e9ussites ensemble. \u00bb<\/p>\n\n\n\n<p>Michiel, marketing leader Benelux, abonde dans le m\u00eame sens : \u00ab La responsabilit\u00e9 est quelque chose qui se m\u00e9rite, mais si vous y parvenez, vous b\u00e9n\u00e9ficiez en retour d\u2019une grande libert\u00e9. \u00bb<\/p>\n\n\n\n<h3 class=\"wp-block-heading\">Ouverture et coll\u00e9gialit\u00e9<\/h3>\n\n\n\n<p>\u00ab Chez Altares, les portes sont r\u00e9ellement toujours ouvertes \u00bb, affirme Jorick. \u00ab Vous pouvez entrer dans n\u2019importe quel bureau, m\u00eame ceux des cadres sup\u00e9rieurs. Tout le monde est dispos\u00e9 \u00e0 prendre du temps pour vous, \u00e0 vous \u00e9couter et \u00e0 vous aider. \u00bb<\/p>\n\n\n\n<p>Cette ouverture contribue \u00e0 un solide esprit d\u2019\u00e9quipe. \u00ab J\u2019ai de nombreux coll\u00e8gues que j\u2019aime voir m\u00eame en dehors des heures de travail \u00bb, poursuit Jorick. \u00ab Cette combinaison de travail et de bon temps rend les choses encore plus agr\u00e9ables. \u00bb<\/p>\n\n\n\n<h3 class=\"wp-block-heading\">D\u00e9veloppement et croissance<\/h3>\n\n\n\n<p>Altares investit dans le d\u00e9veloppement de ses collaborateurs. Thirza, HR recruiter, explique : \u00ab Nous proposons diverses formations, tant en ligne que hors ligne. Les fonctions sont con\u00e7ues de mani\u00e8re \u00e0 \u00eatre flexibles. C\u2019est la fonction qui doit \u00eatre adapt\u00e9e \u00e0 la personne, et non l\u2019inverse. \u00bb<\/p>\n\n\n\n<p>\u00ab Si nous d\u00e9celons un talent chez quelqu\u2019un, nous examinons comment nous pouvons le mettre en valeur au sein de notre organisation \u00bb, poursuit Thirza. \u00ab En outre, lorsque la fonction d\u2019une personne \u00e9volue, nous nous assurons que le profil de la fonction est toujours adapt\u00e9. \u00bb<\/p>\n\n\n\n<h2 class=\"wp-block-heading\">Plus qu\u2019un simple travail<\/h2>\n\n\n\n<p>Altares est plus qu\u2019une \u00ab Great Place to Work \u00bb. C\u2019est un environnement dynamique o\u00f9 les collaborateurs se sentent appr\u00e9ci\u00e9s, libres et stimul\u00e9s. Altares est un employeur qui place au c\u0153ur de ses pr\u00e9occupations le d\u00e9veloppement et la coll\u00e9gialit\u00e9, sans oublier une bonne dose d\u2019amusement. Une entreprise dont vous pouvez \u00eatre fier de faire partie ! Dans les ann\u00e9es \u00e0 venir, nous continuerons \u00e0 nous concentrer sur l\u2019am\u00e9lioration de la satisfaction des coll\u00e8gues et nous efforcerons de figurer dans le top 10 des meilleurs employeurs. Nous avons suscit\u00e9 votre curiosit\u00e9 ? Consultez nos offres d\u2019emploi <a href=\"https:\/\/www.altares.nl\/organisatie\/careers\/\">ici<\/a>.<\/p>","protected":false},"excerpt":{"rendered":"<p>L\u2019institut Great Place to Work\u00ae a d\u00e9cern\u00e9 la certification \u00ab Great Place to Work \u00bb \u00e0 Altares Dun &amp; Bradstreet. Une belle reconnaissance de l\u2019engagement d\u2019Altares en faveur d\u2019une culture ouverte, transparente et ax\u00e9e sur la confiance, le bien-\u00eatre et le d\u00e9veloppement de ses collaborateurs.<\/p>","protected":false},"featured_media":46550,"template":"","meta":{"_acf_changed":false,"inline_featured_image":false},"categories":[30],"class_list":["post-46549","nieuws","type-nieuws","status-publish","has-post-thumbnail","hentry","category-nieuwsberichten"],"acf":[],"yoast_head":"<!-- This site is optimized with the Yoast SEO plugin v27.3 - https:\/\/yoast.com\/product\/yoast-seo-wordpress\/ -->\n<title>Altares Dun &amp; Bradstreet ontvangt Great Place to Work label - Altares<\/title>\n<meta name=\"description\" content=\"Onze collega&#039;s vertellen je alles over waarom Altares Dun &amp; Bradstreet een Great Place to Work is en waarom we het label hebben gekregen.\" \/>\n<meta name=\"robots\" content=\"index, follow, max-snippet:-1, max-image-preview:large, max-video-preview:-1\" \/>\n<link rel=\"canonical\" href=\"https:\/\/www.altares.be\/fr\/actualites\/altares-dun-bradstreet-recoit-le-label-great-place-to-work\/\" \/>\n<meta property=\"og:locale\" content=\"fr_FR\" \/>\n<meta property=\"og:type\" content=\"article\" \/>\n<meta property=\"og:title\" content=\"Altares Dun &amp; Bradstreet ontvangt Great Place to Work label - Altares\" \/>\n<meta property=\"og:description\" content=\"Onze collega&#039;s vertellen je alles over waarom Altares Dun &amp; Bradstreet een Great Place to Work is en waarom we het label hebben gekregen.\" \/>\n<meta property=\"og:url\" content=\"https:\/\/www.altares.be\/fr\/actualites\/altares-dun-bradstreet-recoit-le-label-great-place-to-work\/\" \/>\n<meta property=\"og:site_name\" content=\"Altares\" \/>\n<meta property=\"article:modified_time\" content=\"2024-02-26T12:10:37+00:00\" \/>\n<meta property=\"og:image\" content=\"https:\/\/www.altares.be\/wp-content\/uploads\/2024\/02\/GPTWBE.png\" \/>\n\t<meta property=\"og:image:width\" content=\"1080\" \/>\n\t<meta property=\"og:image:height\" content=\"1080\" \/>\n\t<meta property=\"og:image:type\" content=\"image\/png\" \/>\n<meta name=\"twitter:card\" content=\"summary_large_image\" \/>\n<meta name=\"twitter:label1\" content=\"Dur\u00e9e de lecture est.\" \/>\n\t<meta name=\"twitter:data1\" content=\"3 minutes\" \/>\n<script type=\"application\/ld+json\" class=\"yoast-schema-graph\">{\"@context\":\"https:\\\/\\\/schema.org\",\"@graph\":[{\"@type\":\"WebPage\",\"@id\":\"https:\\\/\\\/www.altares.be\\\/nieuws\\\/altares-dun-bradstreet-ontvangt-great-place-to-work-label\\\/\",\"url\":\"https:\\\/\\\/www.altares.be\\\/nieuws\\\/altares-dun-bradstreet-ontvangt-great-place-to-work-label\\\/\",\"name\":\"Altares Dun &amp; Bradstreet ontvangt Great Place to Work label - Altares\",\"isPartOf\":{\"@id\":\"https:\\\/\\\/www.altares.be\\\/#website\"},\"primaryImageOfPage\":{\"@id\":\"https:\\\/\\\/www.altares.be\\\/nieuws\\\/altares-dun-bradstreet-ontvangt-great-place-to-work-label\\\/#primaryimage\"},\"image\":{\"@id\":\"https:\\\/\\\/www.altares.be\\\/nieuws\\\/altares-dun-bradstreet-ontvangt-great-place-to-work-label\\\/#primaryimage\"},\"thumbnailUrl\":\"https:\\\/\\\/www.altares.be\\\/wp-content\\\/uploads\\\/2024\\\/02\\\/gptw-2.jpg\",\"datePublished\":\"2024-02-19T12:27:37+00:00\",\"dateModified\":\"2024-02-26T12:10:37+00:00\",\"description\":\"Onze collega's vertellen je alles over waarom Altares Dun & Bradstreet een Great Place to Work is en waarom we het label hebben gekregen.\",\"breadcrumb\":{\"@id\":\"https:\\\/\\\/www.altares.be\\\/nieuws\\\/altares-dun-bradstreet-ontvangt-great-place-to-work-label\\\/#breadcrumb\"},\"inLanguage\":\"fr-BE\",\"potentialAction\":[{\"@type\":\"ReadAction\",\"target\":[\"https:\\\/\\\/www.altares.be\\\/nieuws\\\/altares-dun-bradstreet-ontvangt-great-place-to-work-label\\\/\"]}]},{\"@type\":\"ImageObject\",\"inLanguage\":\"fr-BE\",\"@id\":\"https:\\\/\\\/www.altares.be\\\/nieuws\\\/altares-dun-bradstreet-ontvangt-great-place-to-work-label\\\/#primaryimage\",\"url\":\"https:\\\/\\\/www.altares.be\\\/wp-content\\\/uploads\\\/2024\\\/02\\\/gptw-2.jpg\",\"contentUrl\":\"https:\\\/\\\/www.altares.be\\\/wp-content\\\/uploads\\\/2024\\\/02\\\/gptw-2.jpg\",\"width\":880,\"height\":472,\"caption\":\"Great Place To Work\"},{\"@type\":\"BreadcrumbList\",\"@id\":\"https:\\\/\\\/www.altares.be\\\/nieuws\\\/altares-dun-bradstreet-ontvangt-great-place-to-work-label\\\/#breadcrumb\",\"itemListElement\":[{\"@type\":\"ListItem\",\"position\":1,\"name\":\"Home\",\"item\":\"https:\\\/\\\/www.altares.be\\\/\"},{\"@type\":\"ListItem\",\"position\":2,\"name\":\"Nieuws\",\"item\":\"https:\\\/\\\/www.altares.be\\\/nieuws\\\/\"},{\"@type\":\"ListItem\",\"position\":3,\"name\":\"Altares Dun &amp; Bradstreet ontvangt Great Place to Work label\"}]},{\"@type\":\"WebSite\",\"@id\":\"https:\\\/\\\/www.altares.be\\\/#website\",\"url\":\"https:\\\/\\\/www.altares.be\\\/\",\"name\":\"Altares\",\"description\":\"part of the Dun &amp; Bradstreet worldwide network\",\"publisher\":{\"@id\":\"https:\\\/\\\/www.altares.be\\\/#organization\"},\"potentialAction\":[{\"@type\":\"SearchAction\",\"target\":{\"@type\":\"EntryPoint\",\"urlTemplate\":\"https:\\\/\\\/www.altares.be\\\/?s={search_term_string}\"},\"query-input\":{\"@type\":\"PropertyValueSpecification\",\"valueRequired\":true,\"valueName\":\"search_term_string\"}}],\"inLanguage\":\"fr-BE\"},{\"@type\":\"Organization\",\"@id\":\"https:\\\/\\\/www.altares.be\\\/#organization\",\"name\":\"Altares\",\"url\":\"https:\\\/\\\/www.altares.be\\\/\",\"logo\":{\"@type\":\"ImageObject\",\"inLanguage\":\"fr-BE\",\"@id\":\"https:\\\/\\\/www.altares.be\\\/#\\\/schema\\\/logo\\\/image\\\/\",\"url\":\"https:\\\/\\\/www.altares.be\\\/wp-content\\\/uploads\\\/2021\\\/03\\\/Altares_RGB_liggend.svg\",\"contentUrl\":\"https:\\\/\\\/www.altares.be\\\/wp-content\\\/uploads\\\/2021\\\/03\\\/Altares_RGB_liggend.svg\",\"width\":145.57333,\"height\":20.52,\"caption\":\"Altares\"},\"image\":{\"@id\":\"https:\\\/\\\/www.altares.be\\\/#\\\/schema\\\/logo\\\/image\\\/\"}}]}<\/script>\n<!-- \/ Yoast SEO plugin. -->","yoast_head_json":{"title":"Altares Dun &amp; Bradstreet ontvangt Great Place to Work label - Altares","description":"Nos coll\u00e8gues vous expliquent pourquoi Altares Dun &amp; Bradstreet est une Great Place to Work et pourquoi nous avons re\u00e7u le label.","robots":{"index":"index","follow":"follow","max-snippet":"max-snippet:-1","max-image-preview":"max-image-preview:large","max-video-preview":"max-video-preview:-1"},"canonical":"https:\/\/www.altares.be\/fr\/actualites\/altares-dun-bradstreet-recoit-le-label-great-place-to-work\/","og_locale":"fr_FR","og_type":"article","og_title":"Altares Dun &amp; Bradstreet ontvangt Great Place to Work label - Altares","og_description":"Onze collega's vertellen je alles over waarom Altares Dun & Bradstreet een Great Place to Work is en waarom we het label hebben gekregen.","og_url":"https:\/\/www.altares.be\/fr\/actualites\/altares-dun-bradstreet-recoit-le-label-great-place-to-work\/","og_site_name":"Altares","article_modified_time":"2024-02-26T12:10:37+00:00","og_image":[{"width":1080,"height":1080,"url":"https:\/\/www.altares.be\/wp-content\/uploads\/2024\/02\/GPTWBE.png","type":"image\/png"}],"twitter_card":"summary_large_image","twitter_misc":{"Dur\u00e9e de lecture est.":"3 minutes"},"schema":{"@context":"https:\/\/schema.org","@graph":[{"@type":"WebPage","@id":"https:\/\/www.altares.be\/nieuws\/altares-dun-bradstreet-ontvangt-great-place-to-work-label\/","url":"https:\/\/www.altares.be\/nieuws\/altares-dun-bradstreet-ontvangt-great-place-to-work-label\/","name":"Altares Dun &amp; Bradstreet ontvangt Great Place to Work label - Altares","isPartOf":{"@id":"https:\/\/www.altares.be\/#website"},"primaryImageOfPage":{"@id":"https:\/\/www.altares.be\/nieuws\/altares-dun-bradstreet-ontvangt-great-place-to-work-label\/#primaryimage"},"image":{"@id":"https:\/\/www.altares.be\/nieuws\/altares-dun-bradstreet-ontvangt-great-place-to-work-label\/#primaryimage"},"thumbnailUrl":"https:\/\/www.altares.be\/wp-content\/uploads\/2024\/02\/gptw-2.jpg","datePublished":"2024-02-19T12:27:37+00:00","dateModified":"2024-02-26T12:10:37+00:00","description":"Nos coll\u00e8gues vous expliquent pourquoi Altares Dun &amp; Bradstreet est une Great Place to Work et pourquoi nous avons re\u00e7u le label.","breadcrumb":{"@id":"https:\/\/www.altares.be\/nieuws\/altares-dun-bradstreet-ontvangt-great-place-to-work-label\/#breadcrumb"},"inLanguage":"fr-BE","potentialAction":[{"@type":"ReadAction","target":["https:\/\/www.altares.be\/nieuws\/altares-dun-bradstreet-ontvangt-great-place-to-work-label\/"]}]},{"@type":"ImageObject","inLanguage":"fr-BE","@id":"https:\/\/www.altares.be\/nieuws\/altares-dun-bradstreet-ontvangt-great-place-to-work-label\/#primaryimage","url":"https:\/\/www.altares.be\/wp-content\/uploads\/2024\/02\/gptw-2.jpg","contentUrl":"https:\/\/www.altares.be\/wp-content\/uploads\/2024\/02\/gptw-2.jpg","width":880,"height":472,"caption":"Great Place To Work"},{"@type":"BreadcrumbList","@id":"https:\/\/www.altares.be\/nieuws\/altares-dun-bradstreet-ontvangt-great-place-to-work-label\/#breadcrumb","itemListElement":[{"@type":"ListItem","position":1,"name":"Home","item":"https:\/\/www.altares.be\/"},{"@type":"ListItem","position":2,"name":"Nieuws","item":"https:\/\/www.altares.be\/nieuws\/"},{"@type":"ListItem","position":3,"name":"Altares Dun &amp; Bradstreet ontvangt Great Place to Work label"}]},{"@type":"WebSite","@id":"https:\/\/www.altares.be\/#website","url":"https:\/\/www.altares.be\/","name":"Altares","description":"partenaire du r\u00e9seau mondial de Dun\u00a0&amp;\u00a0Bradstreet","publisher":{"@id":"https:\/\/www.altares.be\/#organization"},"potentialAction":[{"@type":"SearchAction","target":{"@type":"EntryPoint","urlTemplate":"https:\/\/www.altares.be\/?s={search_term_string}"},"query-input":{"@type":"PropertyValueSpecification","valueRequired":true,"valueName":"search_term_string"}}],"inLanguage":"fr-BE"},{"@type":"Organization","@id":"https:\/\/www.altares.be\/#organization","name":"Altares","url":"https:\/\/www.altares.be\/","logo":{"@type":"ImageObject","inLanguage":"fr-BE","@id":"https:\/\/www.altares.be\/#\/schema\/logo\/image\/","url":"https:\/\/www.altares.be\/wp-content\/uploads\/2021\/03\/Altares_RGB_liggend.svg","contentUrl":"https:\/\/www.altares.be\/wp-content\/uploads\/2021\/03\/Altares_RGB_liggend.svg","width":145.57333,"height":20.52,"caption":"Altares"},"image":{"@id":"https:\/\/www.altares.be\/#\/schema\/logo\/image\/"}}]}},"_links":{"self":[{"href":"https:\/\/www.altares.be\/fr\/wp-json\/wp\/v2\/nieuws\/46549","targetHints":{"allow":["GET"]}}],"collection":[{"href":"https:\/\/www.altares.be\/fr\/wp-json\/wp\/v2\/nieuws"}],"about":[{"href":"https:\/\/www.altares.be\/fr\/wp-json\/wp\/v2\/types\/nieuws"}],"version-history":[{"count":0,"href":"https:\/\/www.altares.be\/fr\/wp-json\/wp\/v2\/nieuws\/46549\/revisions"}],"wp:featuredmedia":[{"embeddable":true,"href":"https:\/\/www.altares.be\/fr\/wp-json\/wp\/v2\/media\/46550"}],"wp:attachment":[{"href":"https:\/\/www.altares.be\/fr\/wp-json\/wp\/v2\/media?parent=46549"}],"wp:term":[{"taxonomy":"category","embeddable":true,"href":"https:\/\/www.altares.be\/fr\/wp-json\/wp\/v2\/categories?post=46549"}],"curies":[{"name":"wp","href":"https:\/\/api.w.org\/{rel}","templated":true}]}}