{"id":48623,"date":"2024-10-18T13:47:04","date_gmt":"2024-10-18T11:47:04","guid":{"rendered":"https:\/\/www.altares.be\/?post_type=nieuws&#038;p=48623"},"modified":"2024-10-18T13:47:05","modified_gmt":"2024-10-18T11:47:05","slug":"altares-dun-bradstreet-nomme-tim-van-dam-nouveau-cfo-benelux","status":"publish","type":"nieuws","link":"https:\/\/www.altares.be\/fr\/nieuws\/altares-dun-bradstreet-benoemt-tim-van-dam-als-nieuwe-cfo-benelux\/","title":{"rendered":"Altares Dun &amp; Bradstreet nomme Tim van Dam nouveau CFO Benelux"},"content":{"rendered":"<p><strong>10 octobre 2024, Rotterdam<\/strong> \u2013 L\u2019expert en donn\u00e9es commerciales Altares Dun &amp; Bradstreet a accueilli Tim van Dam (42 ans) en tant que nouveau CFO pour la r\u00e9gion Benelux au 1er octobre 2024. Gr\u00e2ce \u00e0 sa vaste exp\u00e9rience internationale dans le domaine de la finance et de l\u2019automatisation, Tim van Dam apporte un nouveau regard sur la strat\u00e9gie financi\u00e8re de l\u2019entreprise. Il succ\u00e8de \u00e0 Casper de Groot (40 ans), qui a pos\u00e9 des bases solides et fiables pour le d\u00e9partement financier au cours de la derni\u00e8re d\u00e9cennie.<\/p>\n\n\n\n<figure class=\"wp-block-image size-full\"><img fetchpriority=\"high\" decoding=\"async\" width=\"800\" height=\"450\" src=\"https:\/\/www.altares.be\/wp-content\/uploads\/2024\/10\/TimVanDam.webp\" alt=\"\" class=\"wp-image-48624\" srcset=\"https:\/\/www.altares.be\/wp-content\/uploads\/2024\/10\/TimVanDam.webp 800w, https:\/\/www.altares.be\/wp-content\/uploads\/2024\/10\/TimVanDam-300x169.webp 300w, https:\/\/www.altares.be\/wp-content\/uploads\/2024\/10\/TimVanDam-150x84.webp 150w, https:\/\/www.altares.be\/wp-content\/uploads\/2024\/10\/TimVanDam-768x432.webp 768w, https:\/\/www.altares.be\/wp-content\/uploads\/2024\/10\/TimVanDam-18x10.webp 18w, https:\/\/www.altares.be\/wp-content\/uploads\/2024\/10\/TimVanDam-24x14.webp 24w, https:\/\/www.altares.be\/wp-content\/uploads\/2024\/10\/TimVanDam-36x20.webp 36w, https:\/\/www.altares.be\/wp-content\/uploads\/2024\/10\/TimVanDam-48x27.webp 48w\" sizes=\"(max-width: 800px) 100vw, 800px\" \/><\/figure>\n\n\n\n<p>Avant de rejoindre Altares Dun &amp; Bradstreet, M. van Dam \u00e9tait Head of Finance Europe chez Domino\u2019s Pizza aux Pays-Bas. Il y dirigeait une \u00e9quipe de responsables financiers et s\u2019occupait des op\u00e9rations financi\u00e8res dans sept pays europ\u00e9ens. Il apporte d\u00e9sormais son exp\u00e9rience internationale et son expertise en mati\u00e8re d\u2019automatisation \u00e0 Altares Dun &amp; Bradstreet.\u00a0<\/p>\n\n\n\n<p>\u00a0\u00ab<em>Nous voulons automatiser davantage nos syst\u00e8mes internes et utiliser l\u2019IA pour am\u00e9liorer notre connaissance des donn\u00e9es. Nous entendons vraiment b\u00e9n\u00e9ficier nous-m\u00eames des outils que nous offrons \u00e0 nos clients. Pour nous, l\u2019IA est le point de d\u00e9part, pas le point d\u2019arriv\u00e9e \u00bb<\/em>, d\u00e9clare <strong>Tim van Dam<\/strong>. \u00ab<em>\u00ab Nous voulons connecter davantage de sous-syst\u00e8mes \u00e0 nos processus comptables et appliquer la reconnaissance de texte, le codage automatique et l\u2019analyse pr\u00e9dictive pour d\u00e9terminer les budgets futurs sur la base de donn\u00e9es historiques.<\/em>\u00bb<\/p>\n\n\n\n<h2 class=\"wp-block-heading\"><strong>Une base solide pour une croissance durable<\/strong>\u00a0<\/h2>\n\n\n\n<p>M\u00eame si M. van Dam est convaincu que l\u2019IA et l\u2019automatisation sont cruciales \u00e0 long terme, son premier chantier sera de commencer par acqu\u00e9rir une bonne compr\u00e9hension des processus existants<em>. \u00ab Il faut d\u2019abord comprendre, puis se faire comprendre \u00bb<\/em>, explique M. van Dam<em>. \u00ab Tout d\u2019abord, je veux d\u00e9velopper la base solide de la r\u00e9gion Benelux d\u2019Altares Dun &amp; Bradstreet avec des strat\u00e9gies de croissance durable. En automatisant davantage nos processus et en optimisant la puissance des donn\u00e9es et de l\u2019IA, nous pouvons accro\u00eetre notre efficacit\u00e9, g\u00e9n\u00e9rer de meilleures perspectives et, en fin de compte, offrir plus de valeur \u00e0 nos clients internes. J\u2019ai h\u00e2te de travailler avec l\u2019\u00e9quipe d\u2019Altares Dun &amp; Bradstreet pour contribuer \u00e0 un avenir marqu\u00e9 par la croissance et la r\u00e9ussite. \u00bb<\/em><\/p>\n\n\n\n<p>M. van Dam et M. De Groot veilleront \u00e0 transf\u00e9rer prudemment les connaissances et les responsabilit\u00e9s afin d\u2019assurer la continuit\u00e9 de la strat\u00e9gie financi\u00e8re. Gr\u00e2ce aux bases solides pos\u00e9es par M. De Groot, M. van Dam peut imm\u00e9diatement s\u2019appuyer sur la voie trac\u00e9e et la renforcer. Altares Dun &amp; Bradstreet se f\u00e9licite de son arriv\u00e9e et attend avec confiance la prochaine phase de croissance et de d\u00e9veloppement sous sa direction financi\u00e8re.<\/p>","protected":false},"excerpt":{"rendered":"<p>L\u2019expert en donn\u00e9es commerciales Altares Dun &amp; Bradstreet a accueilli Tim van Dam (42 ans) en tant que nouveau CFO pour la r\u00e9gion Benelux au 1er octobre 2024. Gr\u00e2ce \u00e0 sa vaste exp\u00e9rience internationale dans le domaine de la finance et de l\u2019automatisation, Tim van Dam apporte un nouveau regard sur la strat\u00e9gie financi\u00e8re de l\u2019entreprise. <\/p>","protected":false},"featured_media":48624,"template":"","meta":{"_acf_changed":false,"inline_featured_image":false},"categories":[29],"class_list":["post-48623","nieuws","type-nieuws","status-publish","has-post-thumbnail","hentry","category-persberichten"],"acf":[],"yoast_head":"<!-- This site is optimized with the Yoast SEO plugin v27.3 - https:\/\/yoast.com\/product\/yoast-seo-wordpress\/ -->\n<title>Altares Dun &amp; Bradstreet benoemt Tim van Dam als nieuwe CFO Benelux - Altares<\/title>\n<meta name=\"description\" content=\"Bedrijfsdataexpert Altares Dun &amp; Bradstreet verwelkomde Tim van Dam (42) per 1 oktober 2024 als nieuwe CFO voor de Benelux-regio.\" \/>\n<meta name=\"robots\" content=\"index, follow, max-snippet:-1, max-image-preview:large, max-video-preview:-1\" \/>\n<link rel=\"canonical\" href=\"https:\/\/www.altares.be\/fr\/actualites\/altares-dun-bradstreet-nomme-tim-van-dam-nouveau-cfo-benelux\/\" \/>\n<meta property=\"og:locale\" content=\"fr_FR\" \/>\n<meta property=\"og:type\" content=\"article\" \/>\n<meta property=\"og:title\" content=\"Altares Dun &amp; Bradstreet benoemt Tim van Dam als nieuwe CFO Benelux - Altares\" \/>\n<meta property=\"og:description\" content=\"Bedrijfsdataexpert Altares Dun &amp; Bradstreet verwelkomde Tim van Dam (42) per 1 oktober 2024 als nieuwe CFO voor de Benelux-regio.\" \/>\n<meta property=\"og:url\" content=\"https:\/\/www.altares.be\/fr\/actualites\/altares-dun-bradstreet-nomme-tim-van-dam-nouveau-cfo-benelux\/\" \/>\n<meta property=\"og:site_name\" content=\"Altares\" \/>\n<meta property=\"article:modified_time\" content=\"2024-10-18T11:47:05+00:00\" \/>\n<meta property=\"og:image\" content=\"https:\/\/www.altares.be\/wp-content\/uploads\/2024\/10\/TimVanDam.webp\" \/>\n\t<meta property=\"og:image:width\" content=\"800\" \/>\n\t<meta property=\"og:image:height\" content=\"450\" \/>\n\t<meta property=\"og:image:type\" content=\"image\/webp\" \/>\n<meta name=\"twitter:card\" content=\"summary_large_image\" \/>\n<meta name=\"twitter:label1\" content=\"Dur\u00e9e de lecture est.\" \/>\n\t<meta name=\"twitter:data1\" content=\"3 minutes\" \/>\n<script type=\"application\/ld+json\" class=\"yoast-schema-graph\">{\"@context\":\"https:\\\/\\\/schema.org\",\"@graph\":[{\"@type\":\"WebPage\",\"@id\":\"https:\\\/\\\/www.altares.be\\\/nieuws\\\/altares-dun-bradstreet-benoemt-tim-van-dam-als-nieuwe-cfo-benelux\\\/\",\"url\":\"https:\\\/\\\/www.altares.be\\\/nieuws\\\/altares-dun-bradstreet-benoemt-tim-van-dam-als-nieuwe-cfo-benelux\\\/\",\"name\":\"Altares Dun &amp; Bradstreet benoemt Tim van Dam als nieuwe CFO Benelux - Altares\",\"isPartOf\":{\"@id\":\"https:\\\/\\\/www.altares.be\\\/#website\"},\"primaryImageOfPage\":{\"@id\":\"https:\\\/\\\/www.altares.be\\\/nieuws\\\/altares-dun-bradstreet-benoemt-tim-van-dam-als-nieuwe-cfo-benelux\\\/#primaryimage\"},\"image\":{\"@id\":\"https:\\\/\\\/www.altares.be\\\/nieuws\\\/altares-dun-bradstreet-benoemt-tim-van-dam-als-nieuwe-cfo-benelux\\\/#primaryimage\"},\"thumbnailUrl\":\"https:\\\/\\\/www.altares.be\\\/wp-content\\\/uploads\\\/2024\\\/10\\\/TimVanDam.webp\",\"datePublished\":\"2024-10-18T11:47:04+00:00\",\"dateModified\":\"2024-10-18T11:47:05+00:00\",\"description\":\"Bedrijfsdataexpert Altares Dun & Bradstreet verwelkomde Tim van Dam (42) per 1 oktober 2024 als nieuwe CFO voor de Benelux-regio.\",\"breadcrumb\":{\"@id\":\"https:\\\/\\\/www.altares.be\\\/nieuws\\\/altares-dun-bradstreet-benoemt-tim-van-dam-als-nieuwe-cfo-benelux\\\/#breadcrumb\"},\"inLanguage\":\"fr-BE\",\"potentialAction\":[{\"@type\":\"ReadAction\",\"target\":[\"https:\\\/\\\/www.altares.be\\\/nieuws\\\/altares-dun-bradstreet-benoemt-tim-van-dam-als-nieuwe-cfo-benelux\\\/\"]}]},{\"@type\":\"ImageObject\",\"inLanguage\":\"fr-BE\",\"@id\":\"https:\\\/\\\/www.altares.be\\\/nieuws\\\/altares-dun-bradstreet-benoemt-tim-van-dam-als-nieuwe-cfo-benelux\\\/#primaryimage\",\"url\":\"https:\\\/\\\/www.altares.be\\\/wp-content\\\/uploads\\\/2024\\\/10\\\/TimVanDam.webp\",\"contentUrl\":\"https:\\\/\\\/www.altares.be\\\/wp-content\\\/uploads\\\/2024\\\/10\\\/TimVanDam.webp\",\"width\":800,\"height\":450},{\"@type\":\"BreadcrumbList\",\"@id\":\"https:\\\/\\\/www.altares.be\\\/nieuws\\\/altares-dun-bradstreet-benoemt-tim-van-dam-als-nieuwe-cfo-benelux\\\/#breadcrumb\",\"itemListElement\":[{\"@type\":\"ListItem\",\"position\":1,\"name\":\"Home\",\"item\":\"https:\\\/\\\/www.altares.be\\\/\"},{\"@type\":\"ListItem\",\"position\":2,\"name\":\"Nieuws\",\"item\":\"https:\\\/\\\/www.altares.be\\\/nieuws\\\/\"},{\"@type\":\"ListItem\",\"position\":3,\"name\":\"Altares Dun &amp; Bradstreet benoemt Tim van Dam als nieuwe CFO Benelux\"}]},{\"@type\":\"WebSite\",\"@id\":\"https:\\\/\\\/www.altares.be\\\/#website\",\"url\":\"https:\\\/\\\/www.altares.be\\\/\",\"name\":\"Altares\",\"description\":\"part of the Dun &amp; Bradstreet worldwide network\",\"publisher\":{\"@id\":\"https:\\\/\\\/www.altares.be\\\/#organization\"},\"potentialAction\":[{\"@type\":\"SearchAction\",\"target\":{\"@type\":\"EntryPoint\",\"urlTemplate\":\"https:\\\/\\\/www.altares.be\\\/?s={search_term_string}\"},\"query-input\":{\"@type\":\"PropertyValueSpecification\",\"valueRequired\":true,\"valueName\":\"search_term_string\"}}],\"inLanguage\":\"fr-BE\"},{\"@type\":\"Organization\",\"@id\":\"https:\\\/\\\/www.altares.be\\\/#organization\",\"name\":\"Altares\",\"url\":\"https:\\\/\\\/www.altares.be\\\/\",\"logo\":{\"@type\":\"ImageObject\",\"inLanguage\":\"fr-BE\",\"@id\":\"https:\\\/\\\/www.altares.be\\\/#\\\/schema\\\/logo\\\/image\\\/\",\"url\":\"https:\\\/\\\/www.altares.be\\\/wp-content\\\/uploads\\\/2021\\\/03\\\/Altares_RGB_liggend.svg\",\"contentUrl\":\"https:\\\/\\\/www.altares.be\\\/wp-content\\\/uploads\\\/2021\\\/03\\\/Altares_RGB_liggend.svg\",\"width\":145.57333,\"height\":20.52,\"caption\":\"Altares\"},\"image\":{\"@id\":\"https:\\\/\\\/www.altares.be\\\/#\\\/schema\\\/logo\\\/image\\\/\"}}]}<\/script>\n<!-- \/ Yoast SEO plugin. -->","yoast_head_json":{"title":"Altares Dun &amp; Bradstreet benoemt Tim van Dam als nieuwe CFO Benelux - Altares","description":"L\u2019expert en donn\u00e9es commerciales Altares Dun &amp; Bradstreet a accueilli Tim van Dam (42 ans) en tant que nouveau CFO pour la r\u00e9gion Benelux \u00e0 partir du 1er octobre 2024.","robots":{"index":"index","follow":"follow","max-snippet":"max-snippet:-1","max-image-preview":"max-image-preview:large","max-video-preview":"max-video-preview:-1"},"canonical":"https:\/\/www.altares.be\/fr\/actualites\/altares-dun-bradstreet-nomme-tim-van-dam-nouveau-cfo-benelux\/","og_locale":"fr_FR","og_type":"article","og_title":"Altares Dun &amp; Bradstreet benoemt Tim van Dam als nieuwe CFO Benelux - Altares","og_description":"Bedrijfsdataexpert Altares Dun & Bradstreet verwelkomde Tim van Dam (42) per 1 oktober 2024 als nieuwe CFO voor de Benelux-regio.","og_url":"https:\/\/www.altares.be\/fr\/actualites\/altares-dun-bradstreet-nomme-tim-van-dam-nouveau-cfo-benelux\/","og_site_name":"Altares","article_modified_time":"2024-10-18T11:47:05+00:00","og_image":[{"width":800,"height":450,"url":"https:\/\/www.altares.be\/wp-content\/uploads\/2024\/10\/TimVanDam.webp","type":"image\/webp"}],"twitter_card":"summary_large_image","twitter_misc":{"Dur\u00e9e de lecture est.":"3 minutes"},"schema":{"@context":"https:\/\/schema.org","@graph":[{"@type":"WebPage","@id":"https:\/\/www.altares.be\/nieuws\/altares-dun-bradstreet-benoemt-tim-van-dam-als-nieuwe-cfo-benelux\/","url":"https:\/\/www.altares.be\/nieuws\/altares-dun-bradstreet-benoemt-tim-van-dam-als-nieuwe-cfo-benelux\/","name":"Altares Dun &amp; Bradstreet benoemt Tim van Dam als nieuwe CFO Benelux - Altares","isPartOf":{"@id":"https:\/\/www.altares.be\/#website"},"primaryImageOfPage":{"@id":"https:\/\/www.altares.be\/nieuws\/altares-dun-bradstreet-benoemt-tim-van-dam-als-nieuwe-cfo-benelux\/#primaryimage"},"image":{"@id":"https:\/\/www.altares.be\/nieuws\/altares-dun-bradstreet-benoemt-tim-van-dam-als-nieuwe-cfo-benelux\/#primaryimage"},"thumbnailUrl":"https:\/\/www.altares.be\/wp-content\/uploads\/2024\/10\/TimVanDam.webp","datePublished":"2024-10-18T11:47:04+00:00","dateModified":"2024-10-18T11:47:05+00:00","description":"L\u2019expert en donn\u00e9es commerciales Altares Dun &amp; Bradstreet a accueilli Tim van Dam (42 ans) en tant que nouveau CFO pour la r\u00e9gion Benelux \u00e0 partir du 1er octobre 2024.","breadcrumb":{"@id":"https:\/\/www.altares.be\/nieuws\/altares-dun-bradstreet-benoemt-tim-van-dam-als-nieuwe-cfo-benelux\/#breadcrumb"},"inLanguage":"fr-BE","potentialAction":[{"@type":"ReadAction","target":["https:\/\/www.altares.be\/nieuws\/altares-dun-bradstreet-benoemt-tim-van-dam-als-nieuwe-cfo-benelux\/"]}]},{"@type":"ImageObject","inLanguage":"fr-BE","@id":"https:\/\/www.altares.be\/nieuws\/altares-dun-bradstreet-benoemt-tim-van-dam-als-nieuwe-cfo-benelux\/#primaryimage","url":"https:\/\/www.altares.be\/wp-content\/uploads\/2024\/10\/TimVanDam.webp","contentUrl":"https:\/\/www.altares.be\/wp-content\/uploads\/2024\/10\/TimVanDam.webp","width":800,"height":450},{"@type":"BreadcrumbList","@id":"https:\/\/www.altares.be\/nieuws\/altares-dun-bradstreet-benoemt-tim-van-dam-als-nieuwe-cfo-benelux\/#breadcrumb","itemListElement":[{"@type":"ListItem","position":1,"name":"Home","item":"https:\/\/www.altares.be\/"},{"@type":"ListItem","position":2,"name":"Nieuws","item":"https:\/\/www.altares.be\/nieuws\/"},{"@type":"ListItem","position":3,"name":"Altares Dun &amp; Bradstreet benoemt Tim van Dam als nieuwe CFO Benelux"}]},{"@type":"WebSite","@id":"https:\/\/www.altares.be\/#website","url":"https:\/\/www.altares.be\/","name":"Altares","description":"partenaire du r\u00e9seau mondial de Dun\u00a0&amp;\u00a0Bradstreet","publisher":{"@id":"https:\/\/www.altares.be\/#organization"},"potentialAction":[{"@type":"SearchAction","target":{"@type":"EntryPoint","urlTemplate":"https:\/\/www.altares.be\/?s={search_term_string}"},"query-input":{"@type":"PropertyValueSpecification","valueRequired":true,"valueName":"search_term_string"}}],"inLanguage":"fr-BE"},{"@type":"Organization","@id":"https:\/\/www.altares.be\/#organization","name":"Altares","url":"https:\/\/www.altares.be\/","logo":{"@type":"ImageObject","inLanguage":"fr-BE","@id":"https:\/\/www.altares.be\/#\/schema\/logo\/image\/","url":"https:\/\/www.altares.be\/wp-content\/uploads\/2021\/03\/Altares_RGB_liggend.svg","contentUrl":"https:\/\/www.altares.be\/wp-content\/uploads\/2021\/03\/Altares_RGB_liggend.svg","width":145.57333,"height":20.52,"caption":"Altares"},"image":{"@id":"https:\/\/www.altares.be\/#\/schema\/logo\/image\/"}}]}},"_links":{"self":[{"href":"https:\/\/www.altares.be\/fr\/wp-json\/wp\/v2\/nieuws\/48623","targetHints":{"allow":["GET"]}}],"collection":[{"href":"https:\/\/www.altares.be\/fr\/wp-json\/wp\/v2\/nieuws"}],"about":[{"href":"https:\/\/www.altares.be\/fr\/wp-json\/wp\/v2\/types\/nieuws"}],"version-history":[{"count":0,"href":"https:\/\/www.altares.be\/fr\/wp-json\/wp\/v2\/nieuws\/48623\/revisions"}],"wp:featuredmedia":[{"embeddable":true,"href":"https:\/\/www.altares.be\/fr\/wp-json\/wp\/v2\/media\/48624"}],"wp:attachment":[{"href":"https:\/\/www.altares.be\/fr\/wp-json\/wp\/v2\/media?parent=48623"}],"wp:term":[{"taxonomy":"category","embeddable":true,"href":"https:\/\/www.altares.be\/fr\/wp-json\/wp\/v2\/categories?post=48623"}],"curies":[{"name":"wp","href":"https:\/\/api.w.org\/{rel}","templated":true}]}}