{"id":48642,"date":"2024-10-24T10:04:00","date_gmt":"2024-10-24T08:04:00","guid":{"rendered":"https:\/\/www.altares.be\/?post_type=nieuws&#038;p=48642"},"modified":"2025-02-12T10:56:49","modified_gmt":"2025-02-12T09:56:49","slug":"un-quart-de-faillites-en-moins-en-belgique-cet-ete","status":"publish","type":"nieuws","link":"https:\/\/www.altares.be\/fr\/nieuws\/kwart-minder-faillissemente-in-belgie-tijdens-zomerperiode\/","title":{"rendered":"Un quart de faillites en moins en Belgique cet \u00e9t\u00e9"},"content":{"rendered":"<p><strong>Bruxelles, le 24 octobre 2024<\/strong> - La Belgique enregistre une nette diminution du nombre de faillites au troisi\u00e8me trimestre 2024, d'apr\u00e8s une analyse r\u00e9cente r\u00e9alis\u00e9e par Altares Dun &amp; Bradstreet. Le nombre de faillites s'\u00e9l\u00e8ve \u00e0 2 368, soit une baisse de 25,26 % par rapport aux 3 153 faillites du trimestre pr\u00e9c\u00e9dent. Cette baisse s'inscrit dans une tendance saisonni\u00e8re observ\u00e9e chaque ann\u00e9e durant l'\u00e9t\u00e9, p\u00e9riode o\u00f9 l'activit\u00e9 \u00e9conomique ralentit.<\/p>\n\n\n\n<p>Cependant, sur une base annuelle, les faillites continuent d'augmenter. Durant les trois premiers trimestres de 2024, 8 758 entreprises ont d\u00e9pos\u00e9 le bilan, marquant une hausse de 4,22 % par rapport \u00e0 la m\u00eame p\u00e9riode en 2023, o\u00f9 l'on comptait 8 403 faillites.&nbsp;<\/p>\n\n\n\n<h2 class=\"wp-block-heading\"><strong>Secteurs et r\u00e9gions les plus touch\u00e9s<\/strong><\/h2>\n\n\n\n<p>La plupart des faillites ont eu lieu dans la construction (591), le commerce (494) et l'HoReCa (377). \u00ab<em>Historiquement, ces secteurs sont d\u00e9pendants des fluctuations \u00e9conomiques et des facteurs externes comme les changements de comportement des consommateurs ou les retards dans l'octroi des permis de construire \u00bb<\/em>, explique Barry de Goeij, senior data scientist chez Altares Dun &amp; Bradstreet.<\/p>\n\n\n\n<p>Sur le plan r\u00e9gional, c'est la province d'Anvers qui a enregistr\u00e9 le plus grand nombre de faillites avec 373 cas (15,75 %), suivie par Bruxelles-Capitale avec 285 faillites (12,04 %) et la Flandre orientale avec 211 faillites (8,91 %).<\/p>\n\n\n\n<figure class=\"wp-block-table\"><table class=\"has-fixed-layout\"><tbody><tr><td><strong>R\u00e9gion<\/strong><\/td><td><strong>Nombre de faillites<\/strong><\/td><td><strong>Pourcentage<\/strong><\/td><\/tr><tr><td>Anvers<\/td><td>373<\/td><td>15,75%<\/td><\/tr><tr><td>R\u00e9gion de Bruxelles-Capitale<\/td><td>285<\/td><td>12,04%<\/td><\/tr><tr><td>Flandre orientale<\/td><td>211<\/td><td>8,91%<\/td><\/tr><tr><td>Brabant flamand<\/td><td>206<\/td><td>8,70%<\/td><\/tr><tr><td>Li\u00e8ge<\/td><td>185<\/td><td>7,81%<\/td><\/tr><tr><td>Hainaut<\/td><td>185<\/td><td>7,81%<\/td><\/tr><tr><td>Limbourg<\/td><td>150<\/td><td>6,33%<\/td><\/tr><tr><td>Flandre occidentale<\/td><td>141<\/td><td>5,95%<\/td><\/tr><tr><td>Brabant wallon<\/td><td>113<\/td><td>4,77%<\/td><\/tr><tr><td>Namur<\/td><td>99<\/td><td>4,81%<\/td><\/tr><tr><td>Luxembourg<\/td><td>16<\/td><td>0,08%<\/td><\/tr><\/tbody><\/table><figcaption class=\"wp-element-caption\"><em>Nombre de faillites par r\u00e9gion<\/em><\/figcaption><\/figure>\n\n\n\n<h2 class=\"wp-block-heading\"><strong>L'intensit\u00e9 des \u00e9changes augmente dans la plupart des secteurs<\/strong><\/h2>\n\n\n\n<p>Malgr\u00e9 un contexte \u00e9conomique difficile, l'intensit\u00e9 des \u00e9changes commerciaux \u2014 indicateur mesurant les transactions entre entreprises \u2014 est pass\u00e9e de 82,8 points au deuxi\u00e8me trimestre 2024 \u00e0 85,3 points au troisi\u00e8me trimestre. Apr\u00e8s deux trimestres de baisse, cette reprise indique un rebond de l'activit\u00e9 \u00e9conomique. Presque tous les secteurs belges montrent une hausse de l'activit\u00e9 commerciale, \u00e0 l'exception des administrations publiques (-5,3 %) et de l'industrie (-2,8 %). Paradoxalement, le secteur de l\u2019horeca, connu pour sa vuln\u00e9rabilit\u00e9 aux faillites, enregistre une des plus fortes hausses de l'intensit\u00e9 commerciale (+10,3 %), tout comme l'agriculture (+9,3 %) et la construction (+4,5 %).<\/p>\n\n\n\n<h2 class=\"wp-block-heading\"><strong>Les d\u00e9lais de paiement s'am\u00e9liorent au troisi\u00e8me trimestre<\/strong><\/h2>\n\n\n\n<p>Les entreprises ont am\u00e9lior\u00e9 leurs d\u00e9lais de paiement au troisi\u00e8me trimestre 2024, r\u00e9glant leurs factures en moyenne 9,12 jours apr\u00e8s la date d'\u00e9ch\u00e9ance, contre 10,09 jours au trimestre pr\u00e9c\u00e9dent. Pr\u00e8s de six entreprises sur dix (59 %) ont pay\u00e9 leurs factures dans les d\u00e9lais, contre 57,78 % un trimestre plus t\u00f4t et 60,26 % il y a un an.<\/p>\n\n\n\n<p>Parmi les entreprises en retard, un tiers (32,6 %) ont accus\u00e9 un retard de paiement de 31 \u00e0 60 jours, une proportion en baisse par rapport au trimestre pr\u00e9c\u00e8dent. Cependant, le nombre d'entreprises dont les paiements d\u00e9passent les 90 jours a l\u00e9g\u00e8rement augment\u00e9, atteignant 3,18 % contre 3,12 % au trimestre pr\u00e9c\u00e9dent. Les secteurs les plus touch\u00e9s par les retards de paiement sont l'extraction mini\u00e8re (+4,26 jours) et l\u2019horeca (+1,73 jour), tandis que le secteur h\u00f4telier (-2 jours) et celui de l'agriculture, de la sylviculture et de la p\u00eache (-0,69 jour) ont vu leurs d\u00e9lais de paiement s'am\u00e9liorer.<\/p>\n\n\n\n<p><strong>Perspectives pour le quatri\u00e8me trimestre et autres risques<\/strong><\/p>\n\n\n\n<p>\u00ab<em>Nous nous attendons \u00e0 une reprise des faillites au quatri\u00e8me trimestre 2024, pour atteindre le niveau plus \u00e9lev\u00e9 du premier semestre de cette ann\u00e9e<\/em>\u00bb, conclut <strong>De Goeij<\/strong>. \u00ab<em>En 2024, les faillites ont entra\u00een\u00e9 la perte de pr\u00e8s de 18 000 emplois, alors m\u00eame que le ch\u00f4mage est rest\u00e9 stable et a m\u00eame baiss\u00e9 de 0,4 % entre le premier et le deuxi\u00e8me trimestre. Cela montre que la cr\u00e9ation de nouvelles entreprises et l'expansion d'autres permettent de compenser partiellement ces pertes d'emplois. Toutefois, des facteurs externes, comme la faible performance \u00e9conomique de l'Allemagne \u2014 un partenaire commercial cl\u00e9 pour la Belgique \u2014 constituent un risque. Si l'\u00e9conomie allemande ralentit davantage, cela pourrait avoir de lourdes r\u00e9percussions sur les exportations et l'emploi en Belgique. \u00bb<\/em><\/p>\n\n\n\n<p class=\"translation-block\">Vous pouvez t\u00e9l\u00e9charger l\u2019ensemble <a href=\"https:\/\/storage.pardot.com\/851243\/1678805981ZdBgsZjF\/230313___Faillissementen_Jan_2023_BE.pdf\" target=\"_self\">du rapport ici<\/a>.<\/p>","protected":false},"excerpt":{"rendered":"<p>Brussel, 24 oktober 2024 &#8211; Belgi\u00eb ziet in het derde kwartaal van 2024 een forse daling in het aantal faillissementen, volgens een recente analyse van Altares Dun &amp; Bradstreet. Met 2.368 faillissementen daalt het aantal met 25,26% vergeleken met het voorgaande kwartaal, toen er 3.153 waren. Deze afname volgt een jaarlijks terugkerend patroon tijdens de [&hellip;]<\/p>\n","protected":false},"featured_media":48643,"template":"","meta":{"_acf_changed":false,"inline_featured_image":false},"categories":[29],"class_list":["post-48642","nieuws","type-nieuws","status-publish","has-post-thumbnail","hentry","category-persberichten"],"acf":[],"yoast_head":"<!-- This site is optimized with the Yoast SEO plugin v27.3 - https:\/\/yoast.com\/product\/yoast-seo-wordpress\/ -->\n<title>Kwart minder faillissementen in Belgi\u00eb tijdens zomerperiode - Altares<\/title>\n<meta name=\"description\" content=\"Belgi\u00eb ziet in het derde kwartaal van 2024 een forse daling in het aantal faillissementen. Met 2.368 faillissementen daalt het aantal met 25,26% vergeleken met het voorgaande kwartaal, toen er 3.153 waren.\" \/>\n<meta name=\"robots\" content=\"index, follow, max-snippet:-1, max-image-preview:large, max-video-preview:-1\" \/>\n<link rel=\"canonical\" href=\"https:\/\/www.altares.be\/fr\/actualites\/un-quart-de-faillites-en-moins-en-belgique-cet-ete\/\" \/>\n<meta property=\"og:locale\" content=\"fr_FR\" \/>\n<meta property=\"og:type\" content=\"article\" \/>\n<meta property=\"og:title\" content=\"Kwart minder faillissementen in Belgi\u00eb tijdens zomerperiode - Altares\" \/>\n<meta property=\"og:description\" content=\"Belgi\u00eb ziet in het derde kwartaal van 2024 een forse daling in het aantal faillissementen. Met 2.368 faillissementen daalt het aantal met 25,26% vergeleken met het voorgaande kwartaal, toen er 3.153 waren.\" \/>\n<meta property=\"og:url\" content=\"https:\/\/www.altares.be\/fr\/actualites\/un-quart-de-faillites-en-moins-en-belgique-cet-ete\/\" \/>\n<meta property=\"og:site_name\" content=\"Altares\" \/>\n<meta property=\"article:modified_time\" content=\"2025-02-12T09:56:49+00:00\" \/>\n<meta property=\"og:image\" content=\"https:\/\/www.altares.be\/wp-content\/uploads\/2024\/10\/Belgium-Q3-2024-1.jpg\" \/>\n\t<meta property=\"og:image:width\" content=\"880\" \/>\n\t<meta property=\"og:image:height\" content=\"500\" \/>\n\t<meta property=\"og:image:type\" content=\"image\/jpeg\" \/>\n<meta name=\"twitter:card\" content=\"summary_large_image\" \/>\n<meta name=\"twitter:label1\" content=\"Dur\u00e9e de lecture est.\" \/>\n\t<meta name=\"twitter:data1\" content=\"4 minutes\" \/>\n<script type=\"application\/ld+json\" class=\"yoast-schema-graph\">{\"@context\":\"https:\\\/\\\/schema.org\",\"@graph\":[{\"@type\":\"WebPage\",\"@id\":\"https:\\\/\\\/www.altares.be\\\/nieuws\\\/kwart-minder-faillissemente-in-belgie-tijdens-zomerperiode\\\/\",\"url\":\"https:\\\/\\\/www.altares.be\\\/nieuws\\\/kwart-minder-faillissemente-in-belgie-tijdens-zomerperiode\\\/\",\"name\":\"Kwart minder faillissementen in Belgi\u00eb tijdens zomerperiode - Altares\",\"isPartOf\":{\"@id\":\"https:\\\/\\\/www.altares.be\\\/#website\"},\"primaryImageOfPage\":{\"@id\":\"https:\\\/\\\/www.altares.be\\\/nieuws\\\/kwart-minder-faillissemente-in-belgie-tijdens-zomerperiode\\\/#primaryimage\"},\"image\":{\"@id\":\"https:\\\/\\\/www.altares.be\\\/nieuws\\\/kwart-minder-faillissemente-in-belgie-tijdens-zomerperiode\\\/#primaryimage\"},\"thumbnailUrl\":\"https:\\\/\\\/www.altares.be\\\/wp-content\\\/uploads\\\/2024\\\/10\\\/Belgium-Q3-2024-1.jpg\",\"datePublished\":\"2024-10-24T08:04:00+00:00\",\"dateModified\":\"2025-02-12T09:56:49+00:00\",\"description\":\"Belgi\u00eb ziet in het derde kwartaal van 2024 een forse daling in het aantal faillissementen. Met 2.368 faillissementen daalt het aantal met 25,26% vergeleken met het voorgaande kwartaal, toen er 3.153 waren.\",\"breadcrumb\":{\"@id\":\"https:\\\/\\\/www.altares.be\\\/nieuws\\\/kwart-minder-faillissemente-in-belgie-tijdens-zomerperiode\\\/#breadcrumb\"},\"inLanguage\":\"fr-BE\",\"potentialAction\":[{\"@type\":\"ReadAction\",\"target\":[\"https:\\\/\\\/www.altares.be\\\/nieuws\\\/kwart-minder-faillissemente-in-belgie-tijdens-zomerperiode\\\/\"]}]},{\"@type\":\"ImageObject\",\"inLanguage\":\"fr-BE\",\"@id\":\"https:\\\/\\\/www.altares.be\\\/nieuws\\\/kwart-minder-faillissemente-in-belgie-tijdens-zomerperiode\\\/#primaryimage\",\"url\":\"https:\\\/\\\/www.altares.be\\\/wp-content\\\/uploads\\\/2024\\\/10\\\/Belgium-Q3-2024-1.jpg\",\"contentUrl\":\"https:\\\/\\\/www.altares.be\\\/wp-content\\\/uploads\\\/2024\\\/10\\\/Belgium-Q3-2024-1.jpg\",\"width\":880,\"height\":500,\"caption\":\"Belgium city centre\"},{\"@type\":\"BreadcrumbList\",\"@id\":\"https:\\\/\\\/www.altares.be\\\/nieuws\\\/kwart-minder-faillissemente-in-belgie-tijdens-zomerperiode\\\/#breadcrumb\",\"itemListElement\":[{\"@type\":\"ListItem\",\"position\":1,\"name\":\"Home\",\"item\":\"https:\\\/\\\/www.altares.be\\\/\"},{\"@type\":\"ListItem\",\"position\":2,\"name\":\"Nieuws\",\"item\":\"https:\\\/\\\/www.altares.be\\\/nieuws\\\/\"},{\"@type\":\"ListItem\",\"position\":3,\"name\":\"Kwart minder faillissementen in Belgi\u00eb tijdens zomerperiode\"}]},{\"@type\":\"WebSite\",\"@id\":\"https:\\\/\\\/www.altares.be\\\/#website\",\"url\":\"https:\\\/\\\/www.altares.be\\\/\",\"name\":\"Altares\",\"description\":\"part of the Dun &amp; Bradstreet worldwide network\",\"publisher\":{\"@id\":\"https:\\\/\\\/www.altares.be\\\/#organization\"},\"potentialAction\":[{\"@type\":\"SearchAction\",\"target\":{\"@type\":\"EntryPoint\",\"urlTemplate\":\"https:\\\/\\\/www.altares.be\\\/?s={search_term_string}\"},\"query-input\":{\"@type\":\"PropertyValueSpecification\",\"valueRequired\":true,\"valueName\":\"search_term_string\"}}],\"inLanguage\":\"fr-BE\"},{\"@type\":\"Organization\",\"@id\":\"https:\\\/\\\/www.altares.be\\\/#organization\",\"name\":\"Altares\",\"url\":\"https:\\\/\\\/www.altares.be\\\/\",\"logo\":{\"@type\":\"ImageObject\",\"inLanguage\":\"fr-BE\",\"@id\":\"https:\\\/\\\/www.altares.be\\\/#\\\/schema\\\/logo\\\/image\\\/\",\"url\":\"https:\\\/\\\/www.altares.be\\\/wp-content\\\/uploads\\\/2021\\\/03\\\/Altares_RGB_liggend.svg\",\"contentUrl\":\"https:\\\/\\\/www.altares.be\\\/wp-content\\\/uploads\\\/2021\\\/03\\\/Altares_RGB_liggend.svg\",\"width\":145.57333,\"height\":20.52,\"caption\":\"Altares\"},\"image\":{\"@id\":\"https:\\\/\\\/www.altares.be\\\/#\\\/schema\\\/logo\\\/image\\\/\"}}]}<\/script>\n<!-- \/ Yoast SEO plugin. -->","yoast_head_json":{"title":"Un quart de faillites en moins en Belgique cet \u00e9t\u00e9 - Altares","description":"La Belgique enregistre une nette diminution du nombre de faillites au troisi\u00e8me trimestre 2024. Le nombre de faillites s'\u00e9l\u00e8ve \u00e0 2.368, soit une baisse de 25,26% par rapport aux 3.153 faillites du trimestre pr\u00e9c\u00e9dent.","robots":{"index":"index","follow":"follow","max-snippet":"max-snippet:-1","max-image-preview":"max-image-preview:large","max-video-preview":"max-video-preview:-1"},"canonical":"https:\/\/www.altares.be\/fr\/actualites\/un-quart-de-faillites-en-moins-en-belgique-cet-ete\/","og_locale":"fr_FR","og_type":"article","og_title":"Kwart minder faillissementen in Belgi\u00eb tijdens zomerperiode - Altares","og_description":"Belgi\u00eb ziet in het derde kwartaal van 2024 een forse daling in het aantal faillissementen. Met 2.368 faillissementen daalt het aantal met 25,26% vergeleken met het voorgaande kwartaal, toen er 3.153 waren.","og_url":"https:\/\/www.altares.be\/fr\/actualites\/un-quart-de-faillites-en-moins-en-belgique-cet-ete\/","og_site_name":"Altares","article_modified_time":"2025-02-12T09:56:49+00:00","og_image":[{"width":880,"height":500,"url":"https:\/\/www.altares.be\/wp-content\/uploads\/2024\/10\/Belgium-Q3-2024-1.jpg","type":"image\/jpeg"}],"twitter_card":"summary_large_image","twitter_misc":{"Dur\u00e9e de lecture est.":"4 minutes"},"schema":{"@context":"https:\/\/schema.org","@graph":[{"@type":"WebPage","@id":"https:\/\/www.altares.be\/nieuws\/kwart-minder-faillissemente-in-belgie-tijdens-zomerperiode\/","url":"https:\/\/www.altares.be\/nieuws\/kwart-minder-faillissemente-in-belgie-tijdens-zomerperiode\/","name":"Un quart de faillites en moins en Belgique cet \u00e9t\u00e9 - Altares","isPartOf":{"@id":"https:\/\/www.altares.be\/#website"},"primaryImageOfPage":{"@id":"https:\/\/www.altares.be\/nieuws\/kwart-minder-faillissemente-in-belgie-tijdens-zomerperiode\/#primaryimage"},"image":{"@id":"https:\/\/www.altares.be\/nieuws\/kwart-minder-faillissemente-in-belgie-tijdens-zomerperiode\/#primaryimage"},"thumbnailUrl":"https:\/\/www.altares.be\/wp-content\/uploads\/2024\/10\/Belgium-Q3-2024-1.jpg","datePublished":"2024-10-24T08:04:00+00:00","dateModified":"2025-02-12T09:56:49+00:00","description":"La Belgique enregistre une nette diminution du nombre de faillites au troisi\u00e8me trimestre 2024. Le nombre de faillites s'\u00e9l\u00e8ve \u00e0 2.368, soit une baisse de 25,26% par rapport aux 3.153 faillites du trimestre pr\u00e9c\u00e9dent.","breadcrumb":{"@id":"https:\/\/www.altares.be\/nieuws\/kwart-minder-faillissemente-in-belgie-tijdens-zomerperiode\/#breadcrumb"},"inLanguage":"fr-BE","potentialAction":[{"@type":"ReadAction","target":["https:\/\/www.altares.be\/nieuws\/kwart-minder-faillissemente-in-belgie-tijdens-zomerperiode\/"]}]},{"@type":"ImageObject","inLanguage":"fr-BE","@id":"https:\/\/www.altares.be\/nieuws\/kwart-minder-faillissemente-in-belgie-tijdens-zomerperiode\/#primaryimage","url":"https:\/\/www.altares.be\/wp-content\/uploads\/2024\/10\/Belgium-Q3-2024-1.jpg","contentUrl":"https:\/\/www.altares.be\/wp-content\/uploads\/2024\/10\/Belgium-Q3-2024-1.jpg","width":880,"height":500,"caption":"Belgium city centre"},{"@type":"BreadcrumbList","@id":"https:\/\/www.altares.be\/nieuws\/kwart-minder-faillissemente-in-belgie-tijdens-zomerperiode\/#breadcrumb","itemListElement":[{"@type":"ListItem","position":1,"name":"Home","item":"https:\/\/www.altares.be\/"},{"@type":"ListItem","position":2,"name":"Nieuws","item":"https:\/\/www.altares.be\/nieuws\/"},{"@type":"ListItem","position":3,"name":"Kwart minder faillissementen in Belgi\u00eb tijdens zomerperiode"}]},{"@type":"WebSite","@id":"https:\/\/www.altares.be\/#website","url":"https:\/\/www.altares.be\/","name":"Altares","description":"partenaire du r\u00e9seau mondial de Dun\u00a0&amp;\u00a0Bradstreet","publisher":{"@id":"https:\/\/www.altares.be\/#organization"},"potentialAction":[{"@type":"SearchAction","target":{"@type":"EntryPoint","urlTemplate":"https:\/\/www.altares.be\/?s={search_term_string}"},"query-input":{"@type":"PropertyValueSpecification","valueRequired":true,"valueName":"search_term_string"}}],"inLanguage":"fr-BE"},{"@type":"Organization","@id":"https:\/\/www.altares.be\/#organization","name":"Altares","url":"https:\/\/www.altares.be\/","logo":{"@type":"ImageObject","inLanguage":"fr-BE","@id":"https:\/\/www.altares.be\/#\/schema\/logo\/image\/","url":"https:\/\/www.altares.be\/wp-content\/uploads\/2021\/03\/Altares_RGB_liggend.svg","contentUrl":"https:\/\/www.altares.be\/wp-content\/uploads\/2021\/03\/Altares_RGB_liggend.svg","width":145.57333,"height":20.52,"caption":"Altares"},"image":{"@id":"https:\/\/www.altares.be\/#\/schema\/logo\/image\/"}}]}},"_links":{"self":[{"href":"https:\/\/www.altares.be\/fr\/wp-json\/wp\/v2\/nieuws\/48642","targetHints":{"allow":["GET"]}}],"collection":[{"href":"https:\/\/www.altares.be\/fr\/wp-json\/wp\/v2\/nieuws"}],"about":[{"href":"https:\/\/www.altares.be\/fr\/wp-json\/wp\/v2\/types\/nieuws"}],"version-history":[{"count":0,"href":"https:\/\/www.altares.be\/fr\/wp-json\/wp\/v2\/nieuws\/48642\/revisions"}],"wp:featuredmedia":[{"embeddable":true,"href":"https:\/\/www.altares.be\/fr\/wp-json\/wp\/v2\/media\/48643"}],"wp:attachment":[{"href":"https:\/\/www.altares.be\/fr\/wp-json\/wp\/v2\/media?parent=48642"}],"wp:term":[{"taxonomy":"category","embeddable":true,"href":"https:\/\/www.altares.be\/fr\/wp-json\/wp\/v2\/categories?post=48642"}],"curies":[{"name":"wp","href":"https:\/\/api.w.org\/{rel}","templated":true}]}}