{"id":51552,"date":"2025-08-05T13:50:21","date_gmt":"2025-08-05T11:50:21","guid":{"rendered":"https:\/\/www.altares.be\/?post_type=nieuws&#038;p=51552"},"modified":"2025-08-05T13:50:22","modified_gmt":"2025-08-05T11:50:22","slug":"belgische-economie-in-q2-2025-stijgende-faillissementen-maar-ook-tekenen-van-herstel-en-veerkracht","status":"publish","type":"nieuws","link":"https:\/\/www.altares.be\/fr\/nieuws\/belgische-economie-in-q2-2025-stijgende-faillissementen-maar-ook-tekenen-van-herstel-en-veerkracht\/","title":{"rendered":"\u00c9conomie belge au 2\u00e8me trimestre 2025 : hausse des faillites, mais aussi des signes de reprise et de r\u00e9silience"},"content":{"rendered":"<p><strong>Bruxelles, 5 ao\u00fbt 2025 - <\/strong>Le dernier rapport trimestriel d\u2019Altares Dun &amp; Bradstreet montre que l\u2019\u00e9conomie belge pr\u00e9sente un tableau contrast\u00e9 au deuxi\u00e8me trimestre 2025. Le nombre de faillites continue d\u2019augmenter, mais dans le m\u00eame temps, l\u2019activit\u00e9 commerciale se redresse et les entreprises paient leurs factures de plus en plus ponctuellement.<\/p>\n\n\n\n<h2 class=\"wp-block-heading\">Faillites \u00e0 leur plus haut niveau en cinq ans<\/h2>\n\n\n\n<p>Au deuxi\u00e8me trimestre 2025, 3 410 faillites ont \u00e9t\u00e9 enregistr\u00e9es, portant le total pour le premier semestre \u00e0 6 602, le chiffre le plus \u00e9lev\u00e9 depuis cinq ans. La hausse est \u00e0 nouveau la plus marqu\u00e9e dans le secteur de la construction (834), suivi du commerce (669) et de l\u2019horeca (545). Par rapport au premier trimestre, la construction compte 60 faillites de plus, le commerce environ 24 de plus. L\u2019horeca, en revanche, enregistre 19 faillites de moins. Sur le plan local, la R\u00e9gion de Bruxelles-Capitale (491), Anvers (473) et le Brabant flamand (321) sont les plus touch\u00e9s. Cela souligne la pression persistante sur les entreprises dans les r\u00e9gions urbaines et \u00e9conomiquement actives.<\/p>\n\n\n\n<p>\u00ab L\u2019augmentation des faillites peut sembler inqui\u00e9tante, mais il faut la remettre en perspective \u00bb, explique Joris Peters, Chief Data Scientist chez Altares Dun &amp; Bradstreet. \u00ab Compar\u00e9 au nombre total d\u2019entreprises assujetties \u00e0 la TVA, le risque estim\u00e9 reste limit\u00e9 \u00e0 environ 0,98 %. Cela reste inf\u00e9rieur au niveau de 2019, qui avait atteint 1,05 %. \u00bb<\/p>\n\n\n\n<figure class=\"wp-block-image size-full\"><img fetchpriority=\"high\" decoding=\"async\" width=\"880\" height=\"472\" src=\"https:\/\/www.altares.be\/wp-content\/uploads\/2025\/08\/FaillissementenBEQ22025FR.svg\" alt=\"\" class=\"wp-image-51633\"\/><\/figure>\n\n\n\n<p><em>Nombre de faillites par r\u00e9gion<\/em><\/p>\n\n\n\n<h2 class=\"wp-block-heading\">Comportement de paiement : les entreprises font preuve de plus de discipline<\/h2>\n\n\n\n<p>Le comportement de paiement des entreprises belges continue de s\u2019am\u00e9liorer. Au deuxi\u00e8me trimestre 2025, 69,7 % des factures ont \u00e9t\u00e9 pay\u00e9es \u00e0 temps, une forte hausse par rapport \u00e0 57,8 % au deuxi\u00e8me trimestre 2024. La part des entreprises payant avec un retard de 1 \u00e0 30 jours est pass\u00e9e de 29,8 % \u00e0 26,1 %. Le d\u00e9lai moyen de paiement apr\u00e8s \u00e9ch\u00e9ance s\u2019\u00e9l\u00e8ve d\u00e9sormais \u00e0 7,12 jours, contre 10,09 jours un an plus t\u00f4t. L\u2019am\u00e9lioration est particuli\u00e8rement marqu\u00e9e dans l\u2019horeca (-4 jours), l\u2019industrie (-2) et le secteur public (-3) par rapport au deuxi\u00e8me trimestre 2024.<\/p>\n\n\n\n<p>Joris Peeters explique : \u00ab Maintenant que les banques appliquent des conditions de cr\u00e9dit plus strictes, de plus en plus d\u2019entreprises choisissent de payer leurs fournisseurs plus rapidement. Cela renforce leur solvabilit\u00e9 et leur garantit l\u2019acc\u00e8s au cr\u00e9dit fournisseur. Dans un climat d\u2019incertitude financi\u00e8re, de hausse des taux d\u2019int\u00e9r\u00eat et de conditions bancaires plus strictes, il devient d\u2019autant plus important de maintenir des relations stables avec les fournisseurs et d\u2019\u00e9viter les restrictions de cr\u00e9dit. \u00bb<\/p>\n\n\n\n<h2 class=\"wp-block-heading\">Intensit\u00e9 commerciale en hausse, mais toujours inf\u00e9rieure au niveau pr\u00e9-Covid<\/h2>\n\n\n\n<p>L\u2019intensit\u00e9 commerciale, un indicateur cl\u00e9 de l\u2019activit\u00e9 entre entreprises, a l\u00e9g\u00e8rement augment\u00e9 au deuxi\u00e8me trimestre 2025 pour atteindre 88,4 points (janvier 2020 = 100). Il s\u2019agit d\u2019une hausse de 0,3 point par rapport au premier trimestre et de 5,6 points par rapport \u00e0 l\u2019an dernier. Toutefois, ce niveau reste inf\u00e9rieur \u00e0 celui d\u2019avant la crise du coronavirus. Les plus fortes croissances trimestrielles sont observ\u00e9es dans le secteur public (+2,3 %), les transports, la communication et l\u2019\u00e9nergie (+2,0 %) et la construction (+1,7 %). En termes annuels, les plus fortes hausses sont enregistr\u00e9es dans l\u2019agriculture (+18,5), l\u2019horeca (+15,8) et la construction (+12,9).<\/p>\n\n\n\n<h2 class=\"wp-block-heading\">Tendances sectorielles et d\u00e9fis<\/h2>\n\n\n\n<p>Depuis janvier 2020, l\u2019intensit\u00e9 commerciale a diminu\u00e9 dans presque tous les secteurs, avec les plus fortes baisses dans le commerce (-20,2 %), les mines (-19,7 %) et l\u2019industrie (-19,5 %). Pourtant, il y a des signaux positifs : par rapport au trimestre pr\u00e9c\u00e9dent, on observe une croissance dans le secteur public, les transports et la construction. Sur une base annuelle, l\u2019agriculture, l\u2019horeca et la construction se distinguent par une forte croissance.<\/p>\n\n\n\n<p>\u00ab Bien que le nombre de faillites augmente en Belgique, nous constatons \u00e9galement des signaux positifs tels qu\u2019une am\u00e9lioration du comportement de paiement et une augmentation de l\u2019activit\u00e9 commerciale \u00bb, d\u00e9clare Joris Peeters. \u00ab La Belgique d\u00e9pend fortement des exportations vers des pays comme l\u2019Allemagne, la France et les Pays-Bas. Selon notre dernier rapport <a href=\"https:\/\/altares87872.activehosted.com\/content\/pyND2\/2025\/07\/22\/fda66c5b-d4d7-4d43-a622-4d55cfacf3c6.pdf\">Dun &amp; Bradstreet Global Business Optimism Insights Q3 2025<\/a> , la confiance dans la situation financi\u00e8re propre et l\u2019acc\u00e8s au cr\u00e9dit, mesur\u00e9s par notre Global Business Financial Confidence Index, chute fortement en Allemagne (-17,0 %) et en France (-18,5 %). Ce pessimisme pourrait se traduire par une baisse des \u00e9changes et une pression accrue sur les entreprises belges. L\u2019incertitude \u00e9conomique, aliment\u00e9e par les tensions g\u00e9opolitiques et les droits de douane, se fera in\u00e9vitablement sentir ici aussi. \u00bb<\/p>\n\n\n\n<p><a href=\"https:\/\/altares87872.activehosted.com\/content\/pyND2\/2025\/07\/25\/4fd56e16-09c7-4c5a-ae1e-2e902fa4cbc4.pdf\">L'\u00e9tude compl\u00e8te (anglais).<\/a><\/p>\n\n\n\n<p><\/p>","protected":false},"excerpt":{"rendered":"<p>Le dernier rapport trimestriel d\u2019Altares Dun &amp; Bradstreet montre que l\u2019\u00e9conomie belge pr\u00e9sente un tableau contrast\u00e9 au deuxi\u00e8me trimestre 2025. Le nombre de faillites continue d\u2019augmenter, mais dans le m\u00eame temps, l\u2019activit\u00e9 commerciale se redresse et les entreprises paient leurs factures de plus en plus ponctuellement.<\/p>","protected":false},"featured_media":51634,"template":"","meta":{"_acf_changed":false,"inline_featured_image":false},"categories":[29],"class_list":["post-51552","nieuws","type-nieuws","status-publish","has-post-thumbnail","hentry","category-persberichten"],"acf":[],"yoast_head":"<!-- This site is optimized with the Yoast SEO plugin v27.3 - https:\/\/yoast.com\/product\/yoast-seo-wordpress\/ -->\n<title>Belgische economie in Q2 2025: stijgende faillissementen, maar ook tekenen van herstel en veerkracht - Altares<\/title>\n<meta name=\"description\" content=\"Stijgende faillissementen, maar ook veerkracht: dat is wat de Belgische markt in Q2 van 2025 laat zien in dit rapport.\" \/>\n<meta name=\"robots\" content=\"index, follow, max-snippet:-1, max-image-preview:large, max-video-preview:-1\" \/>\n<link rel=\"canonical\" href=\"https:\/\/www.altares.be\/fr\/actualites\/belgische-economie-in-q2-2025-stijgende-faillissementen-maar-ook-tekenen-van-herstel-en-veerkracht\/\" \/>\n<meta property=\"og:locale\" content=\"fr_FR\" \/>\n<meta property=\"og:type\" content=\"article\" \/>\n<meta property=\"og:title\" content=\"Belgische economie in Q2 2025: stijgende faillissementen, maar ook tekenen van herstel en veerkracht - Altares\" \/>\n<meta property=\"og:description\" content=\"Stijgende faillissementen, maar ook veerkracht: dat is wat de Belgische markt in Q2 van 2025 laat zien in dit rapport.\" \/>\n<meta property=\"og:url\" content=\"https:\/\/www.altares.be\/fr\/actualites\/belgische-economie-in-q2-2025-stijgende-faillissementen-maar-ook-tekenen-van-herstel-en-veerkracht\/\" \/>\n<meta property=\"og:site_name\" content=\"Altares\" \/>\n<meta property=\"article:modified_time\" content=\"2025-08-05T11:50:22+00:00\" \/>\n<meta property=\"og:image\" content=\"https:\/\/www.altares.be\/wp-content\/uploads\/2025\/08\/be-faillissementen.png\" \/>\n\t<meta property=\"og:image:width\" content=\"880\" \/>\n\t<meta property=\"og:image:height\" content=\"472\" \/>\n\t<meta property=\"og:image:type\" content=\"image\/png\" \/>\n<meta name=\"twitter:card\" content=\"summary_large_image\" \/>\n<meta name=\"twitter:label1\" content=\"Dur\u00e9e de lecture est.\" \/>\n\t<meta name=\"twitter:data1\" content=\"4 minutes\" \/>\n<script type=\"application\/ld+json\" class=\"yoast-schema-graph\">{\"@context\":\"https:\\\/\\\/schema.org\",\"@graph\":[{\"@type\":\"WebPage\",\"@id\":\"https:\\\/\\\/www.altares.be\\\/nieuws\\\/belgische-economie-in-q2-2025-stijgende-faillissementen-maar-ook-tekenen-van-herstel-en-veerkracht\\\/\",\"url\":\"https:\\\/\\\/www.altares.be\\\/nieuws\\\/belgische-economie-in-q2-2025-stijgende-faillissementen-maar-ook-tekenen-van-herstel-en-veerkracht\\\/\",\"name\":\"Belgische economie in Q2 2025: stijgende faillissementen, maar ook tekenen van herstel en veerkracht - Altares\",\"isPartOf\":{\"@id\":\"https:\\\/\\\/www.altares.be\\\/#website\"},\"primaryImageOfPage\":{\"@id\":\"https:\\\/\\\/www.altares.be\\\/nieuws\\\/belgische-economie-in-q2-2025-stijgende-faillissementen-maar-ook-tekenen-van-herstel-en-veerkracht\\\/#primaryimage\"},\"image\":{\"@id\":\"https:\\\/\\\/www.altares.be\\\/nieuws\\\/belgische-economie-in-q2-2025-stijgende-faillissementen-maar-ook-tekenen-van-herstel-en-veerkracht\\\/#primaryimage\"},\"thumbnailUrl\":\"https:\\\/\\\/www.altares.be\\\/wp-content\\\/uploads\\\/2025\\\/08\\\/be-faillissementen.png\",\"datePublished\":\"2025-08-05T11:50:21+00:00\",\"dateModified\":\"2025-08-05T11:50:22+00:00\",\"description\":\"Stijgende faillissementen, maar ook veerkracht: dat is wat de Belgische markt in Q2 van 2025 laat zien in dit rapport.\",\"breadcrumb\":{\"@id\":\"https:\\\/\\\/www.altares.be\\\/nieuws\\\/belgische-economie-in-q2-2025-stijgende-faillissementen-maar-ook-tekenen-van-herstel-en-veerkracht\\\/#breadcrumb\"},\"inLanguage\":\"fr-BE\",\"potentialAction\":[{\"@type\":\"ReadAction\",\"target\":[\"https:\\\/\\\/www.altares.be\\\/nieuws\\\/belgische-economie-in-q2-2025-stijgende-faillissementen-maar-ook-tekenen-van-herstel-en-veerkracht\\\/\"]}]},{\"@type\":\"ImageObject\",\"inLanguage\":\"fr-BE\",\"@id\":\"https:\\\/\\\/www.altares.be\\\/nieuws\\\/belgische-economie-in-q2-2025-stijgende-faillissementen-maar-ook-tekenen-van-herstel-en-veerkracht\\\/#primaryimage\",\"url\":\"https:\\\/\\\/www.altares.be\\\/wp-content\\\/uploads\\\/2025\\\/08\\\/be-faillissementen.png\",\"contentUrl\":\"https:\\\/\\\/www.altares.be\\\/wp-content\\\/uploads\\\/2025\\\/08\\\/be-faillissementen.png\",\"width\":880,\"height\":472},{\"@type\":\"BreadcrumbList\",\"@id\":\"https:\\\/\\\/www.altares.be\\\/nieuws\\\/belgische-economie-in-q2-2025-stijgende-faillissementen-maar-ook-tekenen-van-herstel-en-veerkracht\\\/#breadcrumb\",\"itemListElement\":[{\"@type\":\"ListItem\",\"position\":1,\"name\":\"Home\",\"item\":\"https:\\\/\\\/www.altares.be\\\/\"},{\"@type\":\"ListItem\",\"position\":2,\"name\":\"Nieuws\",\"item\":\"https:\\\/\\\/www.altares.be\\\/nieuws\\\/\"},{\"@type\":\"ListItem\",\"position\":3,\"name\":\"Belgische economie in Q2 2025: stijgende faillissementen, maar ook tekenen van herstel en veerkracht\"}]},{\"@type\":\"WebSite\",\"@id\":\"https:\\\/\\\/www.altares.be\\\/#website\",\"url\":\"https:\\\/\\\/www.altares.be\\\/\",\"name\":\"Altares\",\"description\":\"part of the Dun &amp; Bradstreet worldwide network\",\"publisher\":{\"@id\":\"https:\\\/\\\/www.altares.be\\\/#organization\"},\"potentialAction\":[{\"@type\":\"SearchAction\",\"target\":{\"@type\":\"EntryPoint\",\"urlTemplate\":\"https:\\\/\\\/www.altares.be\\\/?s={search_term_string}\"},\"query-input\":{\"@type\":\"PropertyValueSpecification\",\"valueRequired\":true,\"valueName\":\"search_term_string\"}}],\"inLanguage\":\"fr-BE\"},{\"@type\":\"Organization\",\"@id\":\"https:\\\/\\\/www.altares.be\\\/#organization\",\"name\":\"Altares\",\"url\":\"https:\\\/\\\/www.altares.be\\\/\",\"logo\":{\"@type\":\"ImageObject\",\"inLanguage\":\"fr-BE\",\"@id\":\"https:\\\/\\\/www.altares.be\\\/#\\\/schema\\\/logo\\\/image\\\/\",\"url\":\"https:\\\/\\\/www.altares.be\\\/wp-content\\\/uploads\\\/2021\\\/03\\\/Altares_RGB_liggend.svg\",\"contentUrl\":\"https:\\\/\\\/www.altares.be\\\/wp-content\\\/uploads\\\/2021\\\/03\\\/Altares_RGB_liggend.svg\",\"width\":145.57333,\"height\":20.52,\"caption\":\"Altares\"},\"image\":{\"@id\":\"https:\\\/\\\/www.altares.be\\\/#\\\/schema\\\/logo\\\/image\\\/\"}}]}<\/script>\n<!-- \/ Yoast SEO plugin. -->","yoast_head_json":{"title":"\u00c9conomie belge au 2\u00e8me trimestre 2025 : hausse des faillites, mais aussi des signes de reprise et de r\u00e9silience - Altares","description":"Une augmentation des faillites, mais aussi de la r\u00e9silience : c\u2019est ce que montre le march\u00e9 belge dans ce rapport du deuxi\u00e8me trimestre 2025.","robots":{"index":"index","follow":"follow","max-snippet":"max-snippet:-1","max-image-preview":"max-image-preview:large","max-video-preview":"max-video-preview:-1"},"canonical":"https:\/\/www.altares.be\/fr\/actualites\/belgische-economie-in-q2-2025-stijgende-faillissementen-maar-ook-tekenen-van-herstel-en-veerkracht\/","og_locale":"fr_FR","og_type":"article","og_title":"Belgische economie in Q2 2025: stijgende faillissementen, maar ook tekenen van herstel en veerkracht - Altares","og_description":"Stijgende faillissementen, maar ook veerkracht: dat is wat de Belgische markt in Q2 van 2025 laat zien in dit rapport.","og_url":"https:\/\/www.altares.be\/fr\/actualites\/belgische-economie-in-q2-2025-stijgende-faillissementen-maar-ook-tekenen-van-herstel-en-veerkracht\/","og_site_name":"Altares","article_modified_time":"2025-08-05T11:50:22+00:00","og_image":[{"width":880,"height":472,"url":"https:\/\/www.altares.be\/wp-content\/uploads\/2025\/08\/be-faillissementen.png","type":"image\/png"}],"twitter_card":"summary_large_image","twitter_misc":{"Dur\u00e9e de lecture est.":"4 minutes"},"schema":{"@context":"https:\/\/schema.org","@graph":[{"@type":"WebPage","@id":"https:\/\/www.altares.be\/nieuws\/belgische-economie-in-q2-2025-stijgende-faillissementen-maar-ook-tekenen-van-herstel-en-veerkracht\/","url":"https:\/\/www.altares.be\/nieuws\/belgische-economie-in-q2-2025-stijgende-faillissementen-maar-ook-tekenen-van-herstel-en-veerkracht\/","name":"\u00c9conomie belge au 2\u00e8me trimestre 2025 : hausse des faillites, mais aussi des signes de reprise et de r\u00e9silience - Altares","isPartOf":{"@id":"https:\/\/www.altares.be\/#website"},"primaryImageOfPage":{"@id":"https:\/\/www.altares.be\/nieuws\/belgische-economie-in-q2-2025-stijgende-faillissementen-maar-ook-tekenen-van-herstel-en-veerkracht\/#primaryimage"},"image":{"@id":"https:\/\/www.altares.be\/nieuws\/belgische-economie-in-q2-2025-stijgende-faillissementen-maar-ook-tekenen-van-herstel-en-veerkracht\/#primaryimage"},"thumbnailUrl":"https:\/\/www.altares.be\/wp-content\/uploads\/2025\/08\/be-faillissementen.png","datePublished":"2025-08-05T11:50:21+00:00","dateModified":"2025-08-05T11:50:22+00:00","description":"Une augmentation des faillites, mais aussi de la r\u00e9silience : c\u2019est ce que montre le march\u00e9 belge dans ce rapport du deuxi\u00e8me trimestre 2025.","breadcrumb":{"@id":"https:\/\/www.altares.be\/nieuws\/belgische-economie-in-q2-2025-stijgende-faillissementen-maar-ook-tekenen-van-herstel-en-veerkracht\/#breadcrumb"},"inLanguage":"fr-BE","potentialAction":[{"@type":"ReadAction","target":["https:\/\/www.altares.be\/nieuws\/belgische-economie-in-q2-2025-stijgende-faillissementen-maar-ook-tekenen-van-herstel-en-veerkracht\/"]}]},{"@type":"ImageObject","inLanguage":"fr-BE","@id":"https:\/\/www.altares.be\/nieuws\/belgische-economie-in-q2-2025-stijgende-faillissementen-maar-ook-tekenen-van-herstel-en-veerkracht\/#primaryimage","url":"https:\/\/www.altares.be\/wp-content\/uploads\/2025\/08\/be-faillissementen.png","contentUrl":"https:\/\/www.altares.be\/wp-content\/uploads\/2025\/08\/be-faillissementen.png","width":880,"height":472},{"@type":"BreadcrumbList","@id":"https:\/\/www.altares.be\/nieuws\/belgische-economie-in-q2-2025-stijgende-faillissementen-maar-ook-tekenen-van-herstel-en-veerkracht\/#breadcrumb","itemListElement":[{"@type":"ListItem","position":1,"name":"Home","item":"https:\/\/www.altares.be\/"},{"@type":"ListItem","position":2,"name":"Nieuws","item":"https:\/\/www.altares.be\/nieuws\/"},{"@type":"ListItem","position":3,"name":"Belgische economie in Q2 2025: stijgende faillissementen, maar ook tekenen van herstel en veerkracht"}]},{"@type":"WebSite","@id":"https:\/\/www.altares.be\/#website","url":"https:\/\/www.altares.be\/","name":"Altares","description":"partenaire du r\u00e9seau mondial de Dun\u00a0&amp;\u00a0Bradstreet","publisher":{"@id":"https:\/\/www.altares.be\/#organization"},"potentialAction":[{"@type":"SearchAction","target":{"@type":"EntryPoint","urlTemplate":"https:\/\/www.altares.be\/?s={search_term_string}"},"query-input":{"@type":"PropertyValueSpecification","valueRequired":true,"valueName":"search_term_string"}}],"inLanguage":"fr-BE"},{"@type":"Organization","@id":"https:\/\/www.altares.be\/#organization","name":"Altares","url":"https:\/\/www.altares.be\/","logo":{"@type":"ImageObject","inLanguage":"fr-BE","@id":"https:\/\/www.altares.be\/#\/schema\/logo\/image\/","url":"https:\/\/www.altares.be\/wp-content\/uploads\/2021\/03\/Altares_RGB_liggend.svg","contentUrl":"https:\/\/www.altares.be\/wp-content\/uploads\/2021\/03\/Altares_RGB_liggend.svg","width":145.57333,"height":20.52,"caption":"Altares"},"image":{"@id":"https:\/\/www.altares.be\/#\/schema\/logo\/image\/"}}]}},"_links":{"self":[{"href":"https:\/\/www.altares.be\/fr\/wp-json\/wp\/v2\/nieuws\/51552","targetHints":{"allow":["GET"]}}],"collection":[{"href":"https:\/\/www.altares.be\/fr\/wp-json\/wp\/v2\/nieuws"}],"about":[{"href":"https:\/\/www.altares.be\/fr\/wp-json\/wp\/v2\/types\/nieuws"}],"version-history":[{"count":0,"href":"https:\/\/www.altares.be\/fr\/wp-json\/wp\/v2\/nieuws\/51552\/revisions"}],"wp:featuredmedia":[{"embeddable":true,"href":"https:\/\/www.altares.be\/fr\/wp-json\/wp\/v2\/media\/51634"}],"wp:attachment":[{"href":"https:\/\/www.altares.be\/fr\/wp-json\/wp\/v2\/media?parent=51552"}],"wp:term":[{"taxonomy":"category","embeddable":true,"href":"https:\/\/www.altares.be\/fr\/wp-json\/wp\/v2\/categories?post=51552"}],"curies":[{"name":"wp","href":"https:\/\/api.w.org\/{rel}","templated":true}]}}