{"id":5672,"date":"2021-02-25T10:10:15","date_gmt":"2021-02-25T10:10:15","guid":{"rendered":"https:\/\/devalt-kambatiag.savviihq.com\/?page_id=5672"},"modified":"2025-02-04T11:06:07","modified_gmt":"2025-02-04T10:06:07","slug":"histoire","status":"publish","type":"page","link":"https:\/\/www.altares.be\/fr\/organisatie\/historie\/","title":{"rendered":"Notre histoire"},"content":{"rendered":"\t\t<div data-elementor-type=\"wp-page\" data-elementor-id=\"5672\" class=\"elementor elementor-5672\" data-elementor-post-type=\"page\">\n\t\t\t\t\t\t<section class=\"ob-is-breaking-bad elementor-section elementor-top-section elementor-element elementor-element-183b6f00 elementor-section-boxed elementor-section-height-default elementor-section-height-default\" data-id=\"183b6f00\" data-element_type=\"section\" data-e-type=\"section\" data-settings=\"{&quot;jet_parallax_layout_list&quot;:[{&quot;jet_parallax_layout_image&quot;:{&quot;url&quot;:&quot;&quot;,&quot;id&quot;:&quot;&quot;,&quot;size&quot;:&quot;&quot;},&quot;_id&quot;:&quot;96a0bac&quot;,&quot;jet_parallax_layout_image_tablet&quot;:{&quot;url&quot;:&quot;&quot;,&quot;id&quot;:&quot;&quot;,&quot;size&quot;:&quot;&quot;},&quot;jet_parallax_layout_image_mobile&quot;:{&quot;url&quot;:&quot;&quot;,&quot;id&quot;:&quot;&quot;,&quot;size&quot;:&quot;&quot;},&quot;jet_parallax_layout_speed&quot;:{&quot;unit&quot;:&quot;%&quot;,&quot;size&quot;:50,&quot;sizes&quot;:[]},&quot;jet_parallax_layout_type&quot;:&quot;scroll&quot;,&quot;jet_parallax_layout_direction&quot;:&quot;1&quot;,&quot;jet_parallax_layout_fx_direction&quot;:null,&quot;jet_parallax_layout_z_index&quot;:&quot;&quot;,&quot;jet_parallax_layout_bg_x&quot;:50,&quot;jet_parallax_layout_bg_x_tablet&quot;:&quot;&quot;,&quot;jet_parallax_layout_bg_x_mobile&quot;:&quot;&quot;,&quot;jet_parallax_layout_bg_y&quot;:50,&quot;jet_parallax_layout_bg_y_tablet&quot;:&quot;&quot;,&quot;jet_parallax_layout_bg_y_mobile&quot;:&quot;&quot;,&quot;jet_parallax_layout_bg_size&quot;:&quot;auto&quot;,&quot;jet_parallax_layout_bg_size_tablet&quot;:&quot;&quot;,&quot;jet_parallax_layout_bg_size_mobile&quot;:&quot;&quot;,&quot;jet_parallax_layout_animation_prop&quot;:&quot;transform&quot;,&quot;jet_parallax_layout_on&quot;:[&quot;desktop&quot;,&quot;tablet&quot;]}],&quot;background_background&quot;:&quot;classic&quot;,&quot;_ob_bbad_use_it&quot;:&quot;yes&quot;,&quot;_ob_bbad_sssic_use&quot;:&quot;no&quot;,&quot;_ob_glider_is_slider&quot;:&quot;no&quot;}\">\n\t\t\t\t\t\t<div class=\"elementor-container elementor-column-gap-default\">\n\t\t\t\t\t<div class=\"elementor-column elementor-col-50 elementor-top-column elementor-element elementor-element-b5ec09a\" data-id=\"b5ec09a\" data-element_type=\"column\" data-e-type=\"column\" data-settings=\"{&quot;_ob_bbad_is_stalker&quot;:&quot;no&quot;,&quot;_ob_teleporter_use&quot;:false,&quot;_ob_column_hoveranimator&quot;:&quot;no&quot;,&quot;_ob_column_has_pseudo&quot;:&quot;no&quot;}\">\n\t\t\t<div class=\"elementor-widget-wrap elementor-element-populated\">\n\t\t\t\t\t\t<div class=\"elementor-element elementor-element-a9926f3 elementor-icon-list--layout-traditional elementor-list-item-link-full_width ob-has-background-overlay elementor-widget elementor-widget-icon-list\" data-id=\"a9926f3\" data-element_type=\"widget\" data-e-type=\"widget\" data-settings=\"{&quot;_ob_perspektive_use&quot;:&quot;no&quot;,&quot;_ob_poopart_use&quot;:&quot;yes&quot;,&quot;_ob_shadough_use&quot;:&quot;no&quot;,&quot;_ob_allow_hoveranimator&quot;:&quot;no&quot;,&quot;_ob_widget_stalker_use&quot;:&quot;no&quot;}\" data-widget_type=\"icon-list.default\">\n\t\t\t\t<div class=\"elementor-widget-container\">\n\t\t\t\t\t\t\t<ul class=\"elementor-icon-list-items\">\n\t\t\t\t\t\t\t<li class=\"elementor-icon-list-item\">\n\t\t\t\t\t\t\t\t\t\t\t<a href=\"https:\/\/www.altares.be\/organisatie\/\">\n\n\t\t\t\t\t\t\t\t\t\t\t\t<span class=\"elementor-icon-list-icon\">\n\t\t\t\t\t\t\t<i aria-hidden=\"true\" class=\"fas fa-chevron-circle-left\"><\/i>\t\t\t\t\t\t<\/span>\n\t\t\t\t\t\t\t\t\t\t<span class=\"elementor-icon-list-text\">Organisatie<\/span>\n\t\t\t\t\t\t\t\t\t\t\t<\/a>\n\t\t\t\t\t\t\t\t\t<\/li>\n\t\t\t\t\t\t<\/ul>\n\t\t\t\t\t\t<\/div>\n\t\t\t\t<\/div>\n\t\t\t\t<div class=\"elementor-element elementor-element-1f528a14 ob-harakiri-inherit ob-has-background-overlay elementor-widget elementor-widget-heading\" data-id=\"1f528a14\" data-element_type=\"widget\" data-e-type=\"widget\" data-settings=\"{&quot;_ob_use_harakiri&quot;:&quot;yes&quot;,&quot;_ob_harakiri_writing_mode&quot;:&quot;inherit&quot;,&quot;_ob_harakiri_text_clip&quot;:&quot;none&quot;,&quot;_ob_perspektive_use&quot;:&quot;no&quot;,&quot;_ob_poopart_use&quot;:&quot;yes&quot;,&quot;_ob_shadough_use&quot;:&quot;no&quot;,&quot;_ob_allow_hoveranimator&quot;:&quot;no&quot;,&quot;_ob_widget_stalker_use&quot;:&quot;no&quot;}\" data-widget_type=\"heading.default\">\n\t\t\t\t<div class=\"elementor-widget-container\">\n\t\t\t\t\t<h1 class=\"elementor-heading-title elementor-size-default\">Historie<\/h1>\t\t\t\t<\/div>\n\t\t\t\t<\/div>\n\t\t\t\t<div class=\"elementor-element elementor-element-1714cf0e ob-harakiri-inherit ob-has-background-overlay elementor-widget elementor-widget-heading\" data-id=\"1714cf0e\" data-element_type=\"widget\" data-e-type=\"widget\" data-settings=\"{&quot;_ob_use_harakiri&quot;:&quot;yes&quot;,&quot;_ob_harakiri_writing_mode&quot;:&quot;inherit&quot;,&quot;_ob_harakiri_text_clip&quot;:&quot;none&quot;,&quot;_ob_perspektive_use&quot;:&quot;no&quot;,&quot;_ob_poopart_use&quot;:&quot;yes&quot;,&quot;_ob_shadough_use&quot;:&quot;no&quot;,&quot;_ob_allow_hoveranimator&quot;:&quot;no&quot;,&quot;_ob_widget_stalker_use&quot;:&quot;no&quot;}\" data-widget_type=\"heading.default\">\n\t\t\t\t<div class=\"elementor-widget-container\">\n\t\t\t\t\t<h2 class=\"elementor-heading-title elementor-size-default\">\nAl op 20 juli 1841 opende Dun &amp; Bradstreet, toen nog bekend onder de naam The Mercantile Agency in New York haar deuren en begon een bedrijfsinformatierevolutie. Vanaf december 2016 is Dun &amp; Bradstreet Benelux overgedragen aan de Altares Group en staat het bedrijf gekend als Altares Benelux.<\/h2>\t\t\t\t<\/div>\n\t\t\t\t<\/div>\n\t\t\t\t\t<\/div>\n\t\t<\/div>\n\t\t\t\t<div class=\"elementor-column elementor-col-50 elementor-top-column elementor-element elementor-element-2982757d\" data-id=\"2982757d\" data-element_type=\"column\" data-e-type=\"column\" data-settings=\"{&quot;_ob_bbad_is_stalker&quot;:&quot;no&quot;,&quot;_ob_teleporter_use&quot;:false,&quot;_ob_column_hoveranimator&quot;:&quot;no&quot;,&quot;_ob_column_has_pseudo&quot;:&quot;no&quot;}\">\n\t\t\t<div class=\"elementor-widget-wrap elementor-element-populated\">\n\t\t\t\t\t\t<div class=\"elementor-element elementor-element-e4eebd6 ob-has-background-overlay elementor-widget elementor-widget-image\" data-id=\"e4eebd6\" data-element_type=\"widget\" data-e-type=\"widget\" data-settings=\"{&quot;_ob_photomorph_use&quot;:&quot;no&quot;,&quot;_ob_perspektive_use&quot;:&quot;no&quot;,&quot;_ob_poopart_use&quot;:&quot;yes&quot;,&quot;_ob_shadough_use&quot;:&quot;no&quot;,&quot;_ob_allow_hoveranimator&quot;:&quot;no&quot;,&quot;_ob_widget_stalker_use&quot;:&quot;no&quot;}\" data-widget_type=\"image.default\">\n\t\t\t\t<div class=\"elementor-widget-container\">\n\t\t\t\t\t\t\t\t\t\t\t\t\t\t\t<img fetchpriority=\"high\" decoding=\"async\" width=\"552\" height=\"693\" src=\"https:\/\/www.altares.be\/wp-content\/uploads\/2021\/02\/Abraham-Lincoln-photo.jpg\" class=\"attachment-large size-large wp-image-6155\" alt=\"Abraham-Lincoln-photo\" srcset=\"https:\/\/www.altares.be\/wp-content\/uploads\/2021\/02\/Abraham-Lincoln-photo.jpg 552w, https:\/\/www.altares.be\/wp-content\/uploads\/2021\/02\/Abraham-Lincoln-photo-239x300.jpg 239w, https:\/\/www.altares.be\/wp-content\/uploads\/2021\/02\/Abraham-Lincoln-photo-119x150.jpg 119w\" sizes=\"(max-width: 552px) 100vw, 552px\" \/>\t\t\t\t\t\t\t\t\t\t\t\t\t\t\t<\/div>\n\t\t\t\t<\/div>\n\t\t\t\t\t<\/div>\n\t\t<\/div>\n\t\t\t\t\t<\/div>\n\t\t<\/section>\n\t\t\t\t<section class=\"ob-is-breaking-bad elementor-section elementor-top-section elementor-element elementor-element-d842137 elementor-section-boxed elementor-section-height-default elementor-section-height-default\" data-dce-background-color=\"#F6F8F9\" data-id=\"d842137\" data-element_type=\"section\" data-e-type=\"section\" data-settings=\"{&quot;jet_parallax_layout_list&quot;:[{&quot;jet_parallax_layout_image&quot;:{&quot;url&quot;:&quot;&quot;,&quot;id&quot;:&quot;&quot;,&quot;size&quot;:&quot;&quot;},&quot;_id&quot;:&quot;1741d73&quot;,&quot;jet_parallax_layout_image_tablet&quot;:{&quot;url&quot;:&quot;&quot;,&quot;id&quot;:&quot;&quot;,&quot;size&quot;:&quot;&quot;},&quot;jet_parallax_layout_image_mobile&quot;:{&quot;url&quot;:&quot;&quot;,&quot;id&quot;:&quot;&quot;,&quot;size&quot;:&quot;&quot;},&quot;jet_parallax_layout_speed&quot;:{&quot;unit&quot;:&quot;%&quot;,&quot;size&quot;:50,&quot;sizes&quot;:[]},&quot;jet_parallax_layout_type&quot;:&quot;scroll&quot;,&quot;jet_parallax_layout_direction&quot;:&quot;1&quot;,&quot;jet_parallax_layout_fx_direction&quot;:null,&quot;jet_parallax_layout_z_index&quot;:&quot;&quot;,&quot;jet_parallax_layout_bg_x&quot;:50,&quot;jet_parallax_layout_bg_x_tablet&quot;:&quot;&quot;,&quot;jet_parallax_layout_bg_x_mobile&quot;:&quot;&quot;,&quot;jet_parallax_layout_bg_y&quot;:50,&quot;jet_parallax_layout_bg_y_tablet&quot;:&quot;&quot;,&quot;jet_parallax_layout_bg_y_mobile&quot;:&quot;&quot;,&quot;jet_parallax_layout_bg_size&quot;:&quot;auto&quot;,&quot;jet_parallax_layout_bg_size_tablet&quot;:&quot;&quot;,&quot;jet_parallax_layout_bg_size_mobile&quot;:&quot;&quot;,&quot;jet_parallax_layout_animation_prop&quot;:&quot;transform&quot;,&quot;jet_parallax_layout_on&quot;:[&quot;desktop&quot;,&quot;tablet&quot;]}],&quot;background_background&quot;:&quot;classic&quot;,&quot;_ob_bbad_use_it&quot;:&quot;yes&quot;,&quot;_ob_bbad_sssic_use&quot;:&quot;no&quot;,&quot;_ob_glider_is_slider&quot;:&quot;no&quot;}\">\n\t\t\t\t\t\t<div class=\"elementor-container elementor-column-gap-default\">\n\t\t\t\t\t<div class=\"elementor-column elementor-col-100 elementor-top-column elementor-element elementor-element-d9e37c2\" data-id=\"d9e37c2\" data-element_type=\"column\" data-e-type=\"column\" data-settings=\"{&quot;_ob_bbad_is_stalker&quot;:&quot;no&quot;,&quot;_ob_teleporter_use&quot;:false,&quot;_ob_column_hoveranimator&quot;:&quot;no&quot;,&quot;_ob_column_has_pseudo&quot;:&quot;no&quot;}\">\n\t\t\t<div class=\"elementor-widget-wrap elementor-element-populated\">\n\t\t\t\t\t\t<div class=\"elementor-element elementor-element-962c988 ob-has-background-overlay elementor-widget elementor-widget-jet-timeline\" data-id=\"962c988\" data-element_type=\"widget\" data-e-type=\"widget\" data-settings=\"{&quot;_ob_perspektive_use&quot;:&quot;no&quot;,&quot;_ob_poopart_use&quot;:&quot;yes&quot;,&quot;_ob_shadough_use&quot;:&quot;no&quot;,&quot;_ob_allow_hoveranimator&quot;:&quot;no&quot;,&quot;_ob_widget_stalker_use&quot;:&quot;no&quot;}\" data-widget_type=\"jet-timeline.default\">\n\t\t\t\t<div class=\"elementor-widget-container\">\n\t\t\t\t\t<div class=\"elementor-jet-timeline jet-elements\"><div class=\"jet-timeline jet-timeline--align-center jet-timeline--align-top\">\n\t<div class=\"jet-timeline__line\"><div class=\"jet-timeline__line-progress\"><\/div><\/div>\n\t<div class=\"jet-timeline-list\"><div class=\"jet-timeline-item  elementor-repeater-item-ac3c196 jet-timeline-item--image-inside\">\n\t<div class=\"timeline-item__card\">\n\t\t<div class=\"timeline-item__card-inner\">\n\t\t\t\t<div class=\"timeline-item__card-img\"><img decoding=\"async\" width=\"455\" height=\"111\" src=\"https:\/\/www.altares.be\/wp-content\/uploads\/2025\/02\/images.png\" class=\"attachment-medium_large size-medium_large wp-image-49016\" alt=\"Companyweb logo\" srcset=\"https:\/\/www.altares.be\/wp-content\/uploads\/2025\/02\/images.png 455w, https:\/\/www.altares.be\/wp-content\/uploads\/2025\/02\/images-300x73.png 300w, https:\/\/www.altares.be\/wp-content\/uploads\/2025\/02\/images-150x37.png 150w, https:\/\/www.altares.be\/wp-content\/uploads\/2025\/02\/images-18x4.png 18w, https:\/\/www.altares.be\/wp-content\/uploads\/2025\/02\/images-24x6.png 24w, https:\/\/www.altares.be\/wp-content\/uploads\/2025\/02\/images-36x9.png 36w, https:\/\/www.altares.be\/wp-content\/uploads\/2025\/02\/images-48x12.png 48w\" sizes=\"(max-width: 455px) 100vw, 455px\" \/><\/div>\t\t\t\t<div class=\"timeline-item__card-content\">\n\t\t\t\t\t<div class=\"timeline-item__meta\"><div class=\"timeline-item__meta-content\">2025<\/div><\/div><h5 class=\"timeline-item__card-title\">Altares kondigt overname van Companyweb aan<\/h5><div class=\"timeline-item__card-desc\">Altares Dun & Bradstreet heeft met de overname van Companyweb haar positie in de Benelux versterkt. Hiermee breidt het bedrijf haar dienstverlening uit naar het KMO-segment in Belgi\u00eb, met een focus op bedrijfs- en kredietinformatie.<\/div>\t\t\t\t<\/div>\n\t\t\t\t\t\t<\/div>\n\t\t<div class=\"timeline-item__card-arrow\"><\/div>\n\t<\/div>\n\t<div class=\"timeline-item__point\"><div class=\"timeline-item__point-content timeline-item__point-content--icon\"><span class=\"jet-elements-icon\"><i aria-hidden=\"true\" class=\"far fa-hourglass\"><\/i><\/span><\/div><\/div><div class=\"timeline-item__meta\"><div class=\"timeline-item__meta-content\">2025<\/div><\/div><\/div><div class=\"jet-timeline-item  elementor-repeater-item-53a2d2f jet-timeline-item--image-inside\">\n\t<div class=\"timeline-item__card\">\n\t\t<div class=\"timeline-item__card-inner\">\n\t\t\t\t<div class=\"timeline-item__card-img\"><img decoding=\"async\" width=\"768\" height=\"768\" src=\"https:\/\/www.altares.be\/wp-content\/uploads\/2025\/02\/Smartprofile-2-768x768.webp\" class=\"attachment-medium_large size-medium_large wp-image-49015\" alt=\"Smartprofile\" srcset=\"https:\/\/www.altares.be\/wp-content\/uploads\/2025\/02\/Smartprofile-2-768x768.webp 768w, https:\/\/www.altares.be\/wp-content\/uploads\/2025\/02\/Smartprofile-2-300x300.webp 300w, https:\/\/www.altares.be\/wp-content\/uploads\/2025\/02\/Smartprofile-2-1024x1024.webp 1024w, https:\/\/www.altares.be\/wp-content\/uploads\/2025\/02\/Smartprofile-2-150x150.webp 150w, https:\/\/www.altares.be\/wp-content\/uploads\/2025\/02\/Smartprofile-2-12x12.webp 12w, https:\/\/www.altares.be\/wp-content\/uploads\/2025\/02\/Smartprofile-2-400x400.webp 400w, https:\/\/www.altares.be\/wp-content\/uploads\/2025\/02\/Smartprofile-2-600x600.webp 600w, https:\/\/www.altares.be\/wp-content\/uploads\/2025\/02\/Smartprofile-2-24x24.webp 24w, https:\/\/www.altares.be\/wp-content\/uploads\/2025\/02\/Smartprofile-2-36x36.webp 36w, https:\/\/www.altares.be\/wp-content\/uploads\/2025\/02\/Smartprofile-2-48x48.webp 48w, https:\/\/www.altares.be\/wp-content\/uploads\/2025\/02\/Smartprofile-2.webp 1080w\" sizes=\"(max-width: 768px) 100vw, 768px\" \/><\/div>\t\t\t\t<div class=\"timeline-item__card-content\">\n\t\t\t\t\t<div class=\"timeline-item__meta\"><div class=\"timeline-item__meta-content\">2023<\/div><\/div><h5 class=\"timeline-item__card-title\">Smart Profile gaat verder onder de vlag van Altares Dun & Bradstreet<\/h5><div class=\"timeline-item__card-desc\">Smart Profile, gespecialiseerd in data voor de Automotive en IT-sector, maakt een doorstart onder Altares Dun & Bradstreet. De samenwerking versterkt beide partijen, met behoud van vertrouwde diensten en klantenservice.<\/div>\t\t\t\t<\/div>\n\t\t\t\t\t\t<\/div>\n\t\t<div class=\"timeline-item__card-arrow\"><\/div>\n\t<\/div>\n\t<div class=\"timeline-item__point\"><div class=\"timeline-item__point-content timeline-item__point-content--icon\"><span class=\"jet-elements-icon\"><i aria-hidden=\"true\" class=\"far fa-hourglass\"><\/i><\/span><\/div><\/div><div class=\"timeline-item__meta\"><div class=\"timeline-item__meta-content\">2023<\/div><\/div><\/div><div class=\"jet-timeline-item  elementor-repeater-item-15ec3d1 jet-timeline-item--image-inside\">\n\t<div class=\"timeline-item__card\">\n\t\t<div class=\"timeline-item__card-inner\">\n\t\t\t\t<div class=\"timeline-item__card-img\"><img loading=\"lazy\" decoding=\"async\" width=\"768\" height=\"425\" src=\"https:\/\/www.altares.be\/wp-content\/uploads\/2023\/12\/Finance-Analytics-video-1-768x425.jpg\" class=\"attachment-medium_large size-medium_large wp-image-45939\" alt=\"\" srcset=\"https:\/\/www.altares.be\/wp-content\/uploads\/2023\/12\/Finance-Analytics-video-1-768x425.jpg 768w, https:\/\/www.altares.be\/wp-content\/uploads\/2023\/12\/Finance-Analytics-video-1-300x166.jpg 300w, https:\/\/www.altares.be\/wp-content\/uploads\/2023\/12\/Finance-Analytics-video-1-150x83.jpg 150w, https:\/\/www.altares.be\/wp-content\/uploads\/2023\/12\/Finance-Analytics-video-1-18x10.jpg 18w, https:\/\/www.altares.be\/wp-content\/uploads\/2023\/12\/Finance-Analytics-video-1-24x13.jpg 24w, https:\/\/www.altares.be\/wp-content\/uploads\/2023\/12\/Finance-Analytics-video-1-36x20.jpg 36w, https:\/\/www.altares.be\/wp-content\/uploads\/2023\/12\/Finance-Analytics-video-1-48x27.jpg 48w, https:\/\/www.altares.be\/wp-content\/uploads\/2023\/12\/Finance-Analytics-video-1.jpg 1000w\" sizes=\"(max-width: 768px) 100vw, 768px\" \/><\/div>\t\t\t\t<div class=\"timeline-item__card-content\">\n\t\t\t\t\t<div class=\"timeline-item__meta\"><div class=\"timeline-item__meta-content\">2023<\/div><\/div><h5 class=\"timeline-item__card-title\">D&B Credit evolueert naar Finance Analytics<\/h5><div class=\"timeline-item__card-desc\">inance Analytics - h\u00e9t intelligente Credit Risk platform voor moderne kredietteams.\n<\/div>\t\t\t\t<\/div>\n\t\t\t\t\t\t<\/div>\n\t\t<div class=\"timeline-item__card-arrow\"><\/div>\n\t<\/div>\n\t<div class=\"timeline-item__point\"><div class=\"timeline-item__point-content timeline-item__point-content--icon\"><span class=\"jet-elements-icon\"><i aria-hidden=\"true\" class=\"far fa-hourglass\"><\/i><\/span><\/div><\/div><div class=\"timeline-item__meta\"><div class=\"timeline-item__meta-content\">2023<\/div><\/div><\/div><div class=\"jet-timeline-item  elementor-repeater-item-cb5c418 jet-timeline-item--image-inside\">\n\t<div class=\"timeline-item__card\">\n\t\t<div class=\"timeline-item__card-inner\">\n\t\t\t\t<div class=\"timeline-item__card-img\"><img loading=\"lazy\" decoding=\"async\" width=\"768\" height=\"397\" src=\"https:\/\/www.altares.be\/wp-content\/uploads\/2019\/04\/olbico-768x397.png\" class=\"attachment-medium_large size-medium_large wp-image-20487\" alt=\"Altares Dun &amp; Bradstreet versterkt marktpositie met overname master data specialist Olbico\" srcset=\"https:\/\/www.altares.be\/wp-content\/uploads\/2019\/04\/olbico-768x397.png 768w, https:\/\/www.altares.be\/wp-content\/uploads\/2019\/04\/olbico-300x155.png 300w, https:\/\/www.altares.be\/wp-content\/uploads\/2019\/04\/olbico-1024x529.png 1024w, https:\/\/www.altares.be\/wp-content\/uploads\/2019\/04\/olbico-150x78.png 150w, https:\/\/www.altares.be\/wp-content\/uploads\/2019\/04\/olbico-16x8.png 16w, https:\/\/www.altares.be\/wp-content\/uploads\/2019\/04\/olbico.png 1246w\" sizes=\"(max-width: 768px) 100vw, 768px\" \/><\/div>\t\t\t\t<div class=\"timeline-item__card-content\">\n\t\t\t\t\t<div class=\"timeline-item__meta\"><div class=\"timeline-item__meta-content\">2019<\/div><\/div><h5 class=\"timeline-item__card-title\">Altares versterkt marktpositie met overname Olbico<\/h5><div class=\"timeline-item__card-desc\">Olbico is overgenomen om de positie in de MDM-markt te versterken. Deze overname bouwt voort op een succesvolle samenwerking sinds 2010 en biedt klanten verbeterde datakoppelingen.\n<\/div>\t\t\t\t<\/div>\n\t\t\t\t\t\t<\/div>\n\t\t<div class=\"timeline-item__card-arrow\"><\/div>\n\t<\/div>\n\t<div class=\"timeline-item__point\"><div class=\"timeline-item__point-content timeline-item__point-content--icon\"><span class=\"jet-elements-icon\"><i aria-hidden=\"true\" class=\"far fa-hourglass\"><\/i><\/span><\/div><\/div><div class=\"timeline-item__meta\"><div class=\"timeline-item__meta-content\">2019<\/div><\/div><\/div><div class=\"jet-timeline-item  elementor-repeater-item-320b2b2 jet-timeline-item--image-inside\">\n\t<div class=\"timeline-item__card\">\n\t\t<div class=\"timeline-item__card-inner\">\n\t\t\t\t<div class=\"timeline-item__card-img\"><img loading=\"lazy\" decoding=\"async\" width=\"768\" height=\"396\" src=\"https:\/\/www.altares.be\/wp-content\/uploads\/2018\/09\/invoxis-768x396.png\" class=\"attachment-medium_large size-medium_large wp-image-20479\" alt=\"Altares Dun &amp; Bradstreet neemt Invoxis over: startup gespecialiseerd in Natural Language Processing (NLP)\" srcset=\"https:\/\/www.altares.be\/wp-content\/uploads\/2018\/09\/invoxis-768x396.png 768w, https:\/\/www.altares.be\/wp-content\/uploads\/2018\/09\/invoxis-300x155.png 300w, https:\/\/www.altares.be\/wp-content\/uploads\/2018\/09\/invoxis-1024x529.png 1024w, https:\/\/www.altares.be\/wp-content\/uploads\/2018\/09\/invoxis-150x77.png 150w, https:\/\/www.altares.be\/wp-content\/uploads\/2018\/09\/invoxis-1536x793.png 1536w, https:\/\/www.altares.be\/wp-content\/uploads\/2018\/09\/invoxis-2048x1057.png 2048w, https:\/\/www.altares.be\/wp-content\/uploads\/2018\/09\/invoxis-16x8.png 16w\" sizes=\"(max-width: 768px) 100vw, 768px\" \/><\/div>\t\t\t\t<div class=\"timeline-item__card-content\">\n\t\t\t\t\t<div class=\"timeline-item__meta\"><div class=\"timeline-item__meta-content\">2018<\/div><\/div><h5 class=\"timeline-item__card-title\">Altares versterkt KYC-processen met overname Invoxis<\/h5><div class=\"timeline-item__card-desc\">Invoxis, gespecialiseerd in data-optimalisatie en visualisatie voor KYC-processen, is overgenomen. Deze stap bouwt voort op de expertise van Invoxis in NLP-technologie, waarmee effici\u00ebntere KYC- en AML-processen worden gerealiseerd.\n<\/div>\t\t\t\t<\/div>\n\t\t\t\t\t\t<\/div>\n\t\t<div class=\"timeline-item__card-arrow\"><\/div>\n\t<\/div>\n\t<div class=\"timeline-item__point\"><div class=\"timeline-item__point-content timeline-item__point-content--icon\"><span class=\"jet-elements-icon\"><i aria-hidden=\"true\" class=\"far fa-hourglass\"><\/i><\/span><\/div><\/div><div class=\"timeline-item__meta\"><div class=\"timeline-item__meta-content\">2018<\/div><\/div><\/div><div class=\"jet-timeline-item  elementor-repeater-item-33161a0 jet-timeline-item--image-inside\">\n\t<div class=\"timeline-item__card\">\n\t\t<div class=\"timeline-item__card-inner\">\n\t\t\t\t<div class=\"timeline-item__card-img\"><img loading=\"lazy\" decoding=\"async\" width=\"768\" height=\"459\" src=\"https:\/\/www.altares.be\/wp-content\/uploads\/2021\/02\/Altares-DB-Credit-768x459.jpg\" class=\"attachment-medium_large size-medium_large wp-image-5997\" alt=\"Altares D&amp;B Credit\" srcset=\"https:\/\/www.altares.be\/wp-content\/uploads\/2021\/02\/Altares-DB-Credit-768x459.jpg 768w, https:\/\/www.altares.be\/wp-content\/uploads\/2021\/02\/Altares-DB-Credit-300x179.jpg 300w, https:\/\/www.altares.be\/wp-content\/uploads\/2021\/02\/Altares-DB-Credit-150x90.jpg 150w, https:\/\/www.altares.be\/wp-content\/uploads\/2021\/02\/Altares-DB-Credit.jpg 970w\" sizes=\"(max-width: 768px) 100vw, 768px\" \/><\/div>\t\t\t\t<div class=\"timeline-item__card-content\">\n\t\t\t\t\t<div class=\"timeline-item__meta\"><div class=\"timeline-item__meta-content\">2017<\/div><\/div><h5 class=\"timeline-item__card-title\">Dun & Bradstreet lanceert D&B Credit<\/h5><div class=\"timeline-item__card-desc\">Een wereldwijde cloudgebaseerde oplossing waarmee bedrijven risico\u2019s kunnen beheren, groei kunnen stimuleren en bedrijfsintegratie kunnen bereiken. Met onge\u00ebvenaarde zakelijke credit scores en analyses met behulp van \u2019s werelds grootste commerci\u00eble database.<\/div>\t\t\t\t<\/div>\n\t\t\t\t\t\t<\/div>\n\t\t<div class=\"timeline-item__card-arrow\"><\/div>\n\t<\/div>\n\t<div class=\"timeline-item__point\"><div class=\"timeline-item__point-content timeline-item__point-content--icon\"><span class=\"jet-elements-icon\"><i aria-hidden=\"true\" class=\"far fa-hourglass\"><\/i><\/span><\/div><\/div><div class=\"timeline-item__meta\"><div class=\"timeline-item__meta-content\">2017<\/div><\/div><\/div><div class=\"jet-timeline-item  elementor-repeater-item-8f36888 jet-timeline-item--image-inside\">\n\t<div class=\"timeline-item__card\">\n\t\t<div class=\"timeline-item__card-inner\">\n\t\t\t\t\t\t\t\t<div class=\"timeline-item__card-content\">\n\t\t\t\t\t<div class=\"timeline-item__meta\"><div class=\"timeline-item__meta-content\">2017<\/div><\/div><h5 class=\"timeline-item__card-title\">Dun & Bradstreet lanceert nieuwe D&B Direct+ API<\/h5><div class=\"timeline-item__card-desc\">Een geheel nieuwe integratieservice voor bliksemsnelle snelheden die de wereldwijde data en analyses van Dun & Bradstreet rechtstreeks naar bedrijfsapplicaties streamt.<\/div>\t\t\t\t<\/div>\n\t\t\t\t\t\t<\/div>\n\t\t<div class=\"timeline-item__card-arrow\"><\/div>\n\t<\/div>\n\t<div class=\"timeline-item__point\"><div class=\"timeline-item__point-content timeline-item__point-content--icon\"><span class=\"jet-elements-icon\"><i aria-hidden=\"true\" class=\"far fa-hourglass\"><\/i><\/span><\/div><\/div><div class=\"timeline-item__meta\"><div class=\"timeline-item__meta-content\">2017<\/div><\/div><\/div><div class=\"jet-timeline-item  elementor-repeater-item-e4cabd2 jet-timeline-item--image-inside_after\">\n\t<div class=\"timeline-item__card\">\n\t\t<div class=\"timeline-item__card-inner\">\n\t\t\t\t\t\t\t\t<div class=\"timeline-item__card-content\">\n\t\t\t\t\t<div class=\"timeline-item__meta\"><div class=\"timeline-item__meta-content\">2017<\/div><\/div><h5 class=\"timeline-item__card-title\">Dataxess CRM<\/h5><div class=\"timeline-item__card-desc\">Een master-data-oplossing voor zowel Salesforce en Microsoft Dynamics, waarmee klanten hun klantgegevens in hun CRM kunnen matchen, verrijken en onderhouden.<\/div>\t\t\t\t<\/div>\n\t\t\t\t<div class=\"timeline-item__card-img\"><img loading=\"lazy\" decoding=\"async\" width=\"301\" height=\"65\" src=\"https:\/\/www.altares.be\/wp-content\/uploads\/2021\/02\/dataxess-logo.png\" class=\"attachment-medium_large size-medium_large wp-image-6028\" alt=\"\" srcset=\"https:\/\/www.altares.be\/wp-content\/uploads\/2021\/02\/dataxess-logo.png 301w, https:\/\/www.altares.be\/wp-content\/uploads\/2021\/02\/dataxess-logo-150x32.png 150w\" sizes=\"(max-width: 301px) 100vw, 301px\" \/><\/div>\t\t<\/div>\n\t\t<div class=\"timeline-item__card-arrow\"><\/div>\n\t<\/div>\n\t<div class=\"timeline-item__point\"><div class=\"timeline-item__point-content timeline-item__point-content--icon\"><span class=\"jet-elements-icon\"><i aria-hidden=\"true\" class=\"far fa-hourglass\"><\/i><\/span><\/div><\/div><div class=\"timeline-item__meta\"><div class=\"timeline-item__meta-content\">2017<\/div><\/div><\/div><div class=\"jet-timeline-item  elementor-repeater-item-7388cf9 jet-timeline-item--image-inside_after\">\n\t<div class=\"timeline-item__card\">\n\t\t<div class=\"timeline-item__card-inner\">\n\t\t\t\t\t\t\t\t<div class=\"timeline-item__card-content\">\n\t\t\t\t\t<div class=\"timeline-item__meta\"><div class=\"timeline-item__meta-content\">2016<\/div><\/div><div class=\"timeline-item__card-desc\">Dun & Bradstreet verkoopt haar belang in de vestigingen in Belgi\u00eb en Nederland aan het Franse Altares. Eerder deed men dat in andere landen zoals Duitsland, Scandinavie (Bisnode) en Spanje (Informa).\nDun & Bradstreet gelooft dat lokale, zelfstandige partners meer slagkracht hebben. De Benelux vestigingen hanteren sinds 2016 de naam \u2018Altares Dun & Bradstreet\u2019.<\/div>\t\t\t\t<\/div>\n\t\t\t\t<div class=\"timeline-item__card-img\"><img loading=\"lazy\" decoding=\"async\" width=\"768\" height=\"114\" src=\"https:\/\/www.altares.be\/wp-content\/uploads\/2021\/02\/Altares-DB-logo-768x114.png\" class=\"attachment-medium_large size-medium_large wp-image-6050\" alt=\"\" srcset=\"https:\/\/www.altares.be\/wp-content\/uploads\/2021\/02\/Altares-DB-logo-768x114.png 768w, https:\/\/www.altares.be\/wp-content\/uploads\/2021\/02\/Altares-DB-logo-300x45.png 300w, https:\/\/www.altares.be\/wp-content\/uploads\/2021\/02\/Altares-DB-logo-150x22.png 150w, https:\/\/www.altares.be\/wp-content\/uploads\/2021\/02\/Altares-DB-logo.png 779w\" sizes=\"(max-width: 768px) 100vw, 768px\" \/><\/div>\t\t<\/div>\n\t\t<div class=\"timeline-item__card-arrow\"><\/div>\n\t<\/div>\n\t<div class=\"timeline-item__point\"><div class=\"timeline-item__point-content timeline-item__point-content--icon\"><span class=\"jet-elements-icon\"><i aria-hidden=\"true\" class=\"far fa-hourglass\"><\/i><\/span><\/div><\/div><div class=\"timeline-item__meta\"><div class=\"timeline-item__meta-content\">2016<\/div><\/div><\/div><div class=\"jet-timeline-item  elementor-repeater-item-67f4b20 jet-timeline-item--image-inside_after\">\n\t<div class=\"timeline-item__card\">\n\t\t<div class=\"timeline-item__card-inner\">\n\t\t\t\t\t\t\t\t<div class=\"timeline-item__card-content\">\n\t\t\t\t\t<div class=\"timeline-item__meta\"><div class=\"timeline-item__meta-content\">2015<\/div><\/div><h5 class=\"timeline-item__card-title\">Dun & Bradstreet nieuwe huisstijl, logo en identiteit<\/h5><div class=\"timeline-item__card-desc\">CEO Bob Carrigan kwam naar Dun & Bradstreet in oktober 2013 met een visie om duurzame groei op lange termijn te realiseren en alle aspecten van het bedrijf te moderniseren. Carrigan leidt die visie met een verreikende merkmodernisering die zal worden ge\u00efmplementeerd in de producten en oplossingen van Dun & Bradstreet.<br><br>\n\nDe geschiedenis van Dun & Bradstreet speelde een belangrijke rol in de inspanningen voor merkmodernisering. Het begon met een verkenningsreis naar de Baker Library van de universiteit van Harvard, waar de R.G. Dun & Co. en Dun & Bradstreet Collecties, zijn verzameld. In dit enorme archief zijn Dun & Bradstreet\u2019s vroegste crediteurboeken en handelsrapporten terug te vinden.<br><br>\n\nDe inspiratie die men in het archief opdeed, is de basis geweest voor de nieuwe merkidentiteit van Dun & Bradstreet.<\/div>\t\t\t\t<\/div>\n\t\t\t\t<div class=\"timeline-item__card-img\"><img loading=\"lazy\" decoding=\"async\" width=\"588\" height=\"86\" src=\"https:\/\/www.altares.be\/wp-content\/uploads\/2021\/02\/dnb-logo-us.png\" class=\"attachment-medium_large size-medium_large wp-image-6051\" alt=\"dnb-logo-us\" srcset=\"https:\/\/www.altares.be\/wp-content\/uploads\/2021\/02\/dnb-logo-us.png 588w, https:\/\/www.altares.be\/wp-content\/uploads\/2021\/02\/dnb-logo-us-300x44.png 300w, https:\/\/www.altares.be\/wp-content\/uploads\/2021\/02\/dnb-logo-us-150x22.png 150w\" sizes=\"(max-width: 588px) 100vw, 588px\" \/><\/div>\t\t<\/div>\n\t\t<div class=\"timeline-item__card-arrow\"><\/div>\n\t<\/div>\n\t<div class=\"timeline-item__point\"><div class=\"timeline-item__point-content timeline-item__point-content--icon\"><span class=\"jet-elements-icon\"><i aria-hidden=\"true\" class=\"far fa-hourglass\"><\/i><\/span><\/div><\/div><div class=\"timeline-item__meta\"><div class=\"timeline-item__meta-content\">2015<\/div><\/div><\/div><div class=\"jet-timeline-item  elementor-repeater-item-41e19e8 jet-timeline-item--image-inside_after\">\n\t<div class=\"timeline-item__card\">\n\t\t<div class=\"timeline-item__card-inner\">\n\t\t\t\t\t\t\t\t<div class=\"timeline-item__card-content\">\n\t\t\t\t\t<div class=\"timeline-item__meta\"><div class=\"timeline-item__meta-content\">2008<\/div><\/div><h5 class=\"timeline-item__card-title\">Dun & Bradstreet Nederland verhuisd<\/h5><div class=\"timeline-item__card-desc\">Dun & Bradstreet Nederland verhuisd naar Montevideo Offices in Rotterdam.<\/div>\t\t\t\t<\/div>\n\t\t\t\t<div class=\"timeline-item__card-img\"><img loading=\"lazy\" decoding=\"async\" width=\"768\" height=\"576\" src=\"https:\/\/www.altares.be\/wp-content\/uploads\/2021\/02\/montevideo-offices-1024x768-1-768x576.jpg\" class=\"attachment-medium_large size-medium_large wp-image-6058\" alt=\"montevideo-offices-1024x768\" srcset=\"https:\/\/www.altares.be\/wp-content\/uploads\/2021\/02\/montevideo-offices-1024x768-1-768x576.jpg 768w, https:\/\/www.altares.be\/wp-content\/uploads\/2021\/02\/montevideo-offices-1024x768-1-300x225.jpg 300w, https:\/\/www.altares.be\/wp-content\/uploads\/2021\/02\/montevideo-offices-1024x768-1-150x113.jpg 150w, https:\/\/www.altares.be\/wp-content\/uploads\/2021\/02\/montevideo-offices-1024x768-1.jpg 1024w\" sizes=\"(max-width: 768px) 100vw, 768px\" \/><\/div>\t\t<\/div>\n\t\t<div class=\"timeline-item__card-arrow\"><\/div>\n\t<\/div>\n\t<div class=\"timeline-item__point\"><div class=\"timeline-item__point-content timeline-item__point-content--icon\"><span class=\"jet-elements-icon\"><i aria-hidden=\"true\" class=\"far fa-hourglass\"><\/i><\/span><\/div><\/div><div class=\"timeline-item__meta\"><div class=\"timeline-item__meta-content\">2008<\/div><\/div><\/div><div class=\"jet-timeline-item  elementor-repeater-item-72f097f jet-timeline-item--image-inside_after\">\n\t<div class=\"timeline-item__card\">\n\t\t<div class=\"timeline-item__card-inner\">\n\t\t\t\t\t\t\t\t<div class=\"timeline-item__card-content\">\n\t\t\t\t\t<div class=\"timeline-item__meta\"><div class=\"timeline-item__meta-content\">2006<\/div><\/div><h5 class=\"timeline-item__card-title\">Manageo wordt overgenomen door Altares<\/h5><div class=\"timeline-item__card-desc\">Als specialist in online B2B-gegevens helpt Manageo de omzetgroei van bedrijven te optimaliseren door hun online gegevens- en marketing-campagnestrategie te beheren (SEO, contentmarketing, programmatic marketing, e-mail en meer)<\/div>\t\t\t\t<\/div>\n\t\t\t\t<div class=\"timeline-item__card-img\"><img loading=\"lazy\" decoding=\"async\" width=\"750\" height=\"254\" src=\"https:\/\/www.altares.be\/wp-content\/uploads\/2021\/02\/manageo-logo.png\" class=\"attachment-medium_large size-medium_large wp-image-6062\" alt=\"\" srcset=\"https:\/\/www.altares.be\/wp-content\/uploads\/2021\/02\/manageo-logo.png 750w, https:\/\/www.altares.be\/wp-content\/uploads\/2021\/02\/manageo-logo-300x102.png 300w, https:\/\/www.altares.be\/wp-content\/uploads\/2021\/02\/manageo-logo-150x51.png 150w\" sizes=\"(max-width: 750px) 100vw, 750px\" \/><\/div>\t\t<\/div>\n\t\t<div class=\"timeline-item__card-arrow\"><\/div>\n\t<\/div>\n\t<div class=\"timeline-item__point\"><div class=\"timeline-item__point-content timeline-item__point-content--icon\"><span class=\"jet-elements-icon\"><i aria-hidden=\"true\" class=\"far fa-hourglass\"><\/i><\/span><\/div><\/div><div class=\"timeline-item__meta\"><div class=\"timeline-item__meta-content\">2006<\/div><\/div><\/div><div class=\"jet-timeline-item  elementor-repeater-item-d6aa906 jet-timeline-item--image-inside_after\">\n\t<div class=\"timeline-item__card\">\n\t\t<div class=\"timeline-item__card-inner\">\n\t\t\t\t\t\t\t\t<div class=\"timeline-item__card-content\">\n\t\t\t\t\t<div class=\"timeline-item__meta\"><div class=\"timeline-item__meta-content\">2006<\/div><\/div><h5 class=\"timeline-item__card-title\">Altares ontstond in 2006 door de fusie tussen BIL (Base d\u2019Infos L\u00e9gales) en D&B Frankrijk<\/h5><div class=\"timeline-item__card-desc\">Sindsdien bleef het bedrijf groeien terwijl de band met Dun & Bradstreet behouden bleef. Altares is onderdeel van het wereldwijde D&B netwerk. Waar het vaak wordt geprezen voor zijn data innovaties en toepassingen in uiteenlopende sectoren.<\/div>\t\t\t\t<\/div>\n\t\t\t\t<div class=\"timeline-item__card-img\"><img loading=\"lazy\" decoding=\"async\" width=\"250\" height=\"149\" src=\"https:\/\/www.altares.be\/wp-content\/uploads\/2021\/02\/Logo-altares-positif-250-2.png\" class=\"attachment-medium_large size-medium_large wp-image-6066\" alt=\"\" srcset=\"https:\/\/www.altares.be\/wp-content\/uploads\/2021\/02\/Logo-altares-positif-250-2.png 250w, https:\/\/www.altares.be\/wp-content\/uploads\/2021\/02\/Logo-altares-positif-250-2-150x89.png 150w\" sizes=\"(max-width: 250px) 100vw, 250px\" \/><\/div>\t\t<\/div>\n\t\t<div class=\"timeline-item__card-arrow\"><\/div>\n\t<\/div>\n\t<div class=\"timeline-item__point\"><div class=\"timeline-item__point-content timeline-item__point-content--icon\"><span class=\"jet-elements-icon\"><i aria-hidden=\"true\" class=\"far fa-hourglass\"><\/i><\/span><\/div><\/div><div class=\"timeline-item__meta\"><div class=\"timeline-item__meta-content\">2006<\/div><\/div><\/div><div class=\"jet-timeline-item  elementor-repeater-item-dd6c3ce jet-timeline-item--image-inside_after\">\n\t<div class=\"timeline-item__card\">\n\t\t<div class=\"timeline-item__card-inner\">\n\t\t\t\t\t\t\t\t<div class=\"timeline-item__card-content\">\n\t\t\t\t\t<div class=\"timeline-item__meta\"><div class=\"timeline-item__meta-content\">2005<\/div><\/div><h5 class=\"timeline-item__card-title\">Dun & Bradstreet lanceert DNBi in Amerika<\/h5><div class=\"timeline-item__card-desc\">DNBi is een webgebaseerd platform dat de effectiviteit van credit management transformeert. Krachtig en toch flexibel, DNBi kan eenvoudig worden aangepast aan de manier waarop klanten werken. Gebruikers hebben direct toegang tot de informatie die zij nodig hebben.<\/div>\t\t\t\t<\/div>\n\t\t\t\t<div class=\"timeline-item__card-img\"><img loading=\"lazy\" decoding=\"async\" width=\"768\" height=\"552\" src=\"https:\/\/www.altares.be\/wp-content\/uploads\/2021\/02\/DNBi_Screenshot_bedrijfssamenvatting-1-768x552.jpg\" class=\"attachment-medium_large size-medium_large wp-image-6071\" alt=\"DNBi_Screenshot_bedrijfssamenvatting\" srcset=\"https:\/\/www.altares.be\/wp-content\/uploads\/2021\/02\/DNBi_Screenshot_bedrijfssamenvatting-1-768x552.jpg 768w, https:\/\/www.altares.be\/wp-content\/uploads\/2021\/02\/DNBi_Screenshot_bedrijfssamenvatting-1-300x216.jpg 300w, https:\/\/www.altares.be\/wp-content\/uploads\/2021\/02\/DNBi_Screenshot_bedrijfssamenvatting-1-150x108.jpg 150w, https:\/\/www.altares.be\/wp-content\/uploads\/2021\/02\/DNBi_Screenshot_bedrijfssamenvatting-1.jpg 972w\" sizes=\"(max-width: 768px) 100vw, 768px\" \/><\/div>\t\t<\/div>\n\t\t<div class=\"timeline-item__card-arrow\"><\/div>\n\t<\/div>\n\t<div class=\"timeline-item__point\"><div class=\"timeline-item__point-content timeline-item__point-content--icon\"><span class=\"jet-elements-icon\"><i aria-hidden=\"true\" class=\"far fa-hourglass\"><\/i><\/span><\/div><\/div><div class=\"timeline-item__meta\"><div class=\"timeline-item__meta-content\">2005<\/div><\/div><\/div><div class=\"jet-timeline-item  elementor-repeater-item-b90596e jet-timeline-item--image-inside_after\">\n\t<div class=\"timeline-item__card\">\n\t\t<div class=\"timeline-item__card-inner\">\n\t\t\t\t\t\t\t\t<div class=\"timeline-item__card-content\">\n\t\t\t\t\t<div class=\"timeline-item__meta\"><div class=\"timeline-item__meta-content\">2002<\/div><\/div><h5 class=\"timeline-item__card-title\">Dun & Bradstreet lanceert DUNSright<\/h5>\t\t\t\t<\/div>\n\t\t\t\t<div class=\"timeline-item__card-img\"><img loading=\"lazy\" decoding=\"async\" width=\"500\" height=\"202\" src=\"https:\/\/www.altares.be\/wp-content\/uploads\/2021\/02\/dunsright-icon.jpg\" class=\"attachment-medium_large size-medium_large wp-image-6075\" alt=\"\" srcset=\"https:\/\/www.altares.be\/wp-content\/uploads\/2021\/02\/dunsright-icon.jpg 500w, https:\/\/www.altares.be\/wp-content\/uploads\/2021\/02\/dunsright-icon-300x121.jpg 300w, https:\/\/www.altares.be\/wp-content\/uploads\/2021\/02\/dunsright-icon-150x61.jpg 150w\" sizes=\"(max-width: 500px) 100vw, 500px\" \/><\/div>\t\t<\/div>\n\t\t<div class=\"timeline-item__card-arrow\"><\/div>\n\t<\/div>\n\t<div class=\"timeline-item__point\"><div class=\"timeline-item__point-content timeline-item__point-content--icon\"><span class=\"jet-elements-icon\"><i aria-hidden=\"true\" class=\"far fa-hourglass\"><\/i><\/span><\/div><\/div><div class=\"timeline-item__meta\"><div class=\"timeline-item__meta-content\">2002<\/div><\/div><\/div><div class=\"jet-timeline-item  elementor-repeater-item-0f05226 jet-timeline-item--image-inside_after\">\n\t<div class=\"timeline-item__card\">\n\t\t<div class=\"timeline-item__card-inner\">\n\t\t\t\t\t\t\t\t<div class=\"timeline-item__card-content\">\n\t\t\t\t\t<div class=\"timeline-item__meta\"><div class=\"timeline-item__meta-content\">2001<\/div><\/div><h5 class=\"timeline-item__card-title\">Dun & Bradstreet lanceert nieuwe huisstijl en logo<\/h5>\t\t\t\t<\/div>\n\t\t\t\t<div class=\"timeline-item__card-img\"><img loading=\"lazy\" decoding=\"async\" width=\"754\" height=\"193\" src=\"https:\/\/www.altares.be\/wp-content\/uploads\/2021\/02\/dun-and-bradstreet-logo-old-e1514971895707.jpg\" class=\"attachment-medium_large size-medium_large wp-image-6079\" alt=\"dun-and-bradstreet-logo-old-e1514971895707\" srcset=\"https:\/\/www.altares.be\/wp-content\/uploads\/2021\/02\/dun-and-bradstreet-logo-old-e1514971895707.jpg 754w, https:\/\/www.altares.be\/wp-content\/uploads\/2021\/02\/dun-and-bradstreet-logo-old-e1514971895707-300x77.jpg 300w, https:\/\/www.altares.be\/wp-content\/uploads\/2021\/02\/dun-and-bradstreet-logo-old-e1514971895707-150x38.jpg 150w\" sizes=\"(max-width: 754px) 100vw, 754px\" \/><\/div>\t\t<\/div>\n\t\t<div class=\"timeline-item__card-arrow\"><\/div>\n\t<\/div>\n\t<div class=\"timeline-item__point\"><div class=\"timeline-item__point-content timeline-item__point-content--icon\"><span class=\"jet-elements-icon\"><i aria-hidden=\"true\" class=\"far fa-hourglass\"><\/i><\/span><\/div><\/div><div class=\"timeline-item__meta\"><div class=\"timeline-item__meta-content\">2001<\/div><\/div><\/div><div class=\"jet-timeline-item  elementor-repeater-item-0fd186d jet-timeline-item--image-inside_after\">\n\t<div class=\"timeline-item__card\">\n\t\t<div class=\"timeline-item__card-inner\">\n\t\t\t\t\t\t\t\t<div class=\"timeline-item__card-content\">\n\t\t\t\t\t<div class=\"timeline-item__meta\"><div class=\"timeline-item__meta-content\">1996<\/div><\/div><h5 class=\"timeline-item__card-title\">Dun & Bradstreet neemt iMarket Inc over<\/h5><div class=\"timeline-item__card-desc\">De overname, bekend van de bekroonde CD-rom-producten met marketingdata, versterkt het vermogen van Dun & Bradstreet om marketingoplossingen te bieden aan kleine en middelgrote bedrijven. Bovendien verbeteren de databronnen van iMarket de eigen database van Dun & Bradstreet, die al van wereldklasse is.\n\n\u201cDe internet- en desktopoplossingen van iMarket zullen ons helpen onze kansen voor kleine bedrijven vast te leggen door ons aanbod te verbreden naar kleine en middelgrote klanten. Dun & Bradstreet is ook van plan om de tool zapdata.com (tegenwoordig Hoovers) te gebruiken om onze activiteiten verder te migreren naar het web.\u201d Aldus Allan Loren, Dun & Bradstreet Chairman, Chief Executive Officer en President.<\/div>\t\t\t\t<\/div>\n\t\t\t\t<div class=\"timeline-item__card-img\"><img loading=\"lazy\" decoding=\"async\" width=\"669\" height=\"294\" src=\"https:\/\/www.altares.be\/wp-content\/uploads\/2021\/02\/iMarket-Inc.png\" class=\"attachment-medium_large size-medium_large wp-image-6083\" alt=\"iMarket-Inc\" srcset=\"https:\/\/www.altares.be\/wp-content\/uploads\/2021\/02\/iMarket-Inc.png 669w, https:\/\/www.altares.be\/wp-content\/uploads\/2021\/02\/iMarket-Inc-300x132.png 300w, https:\/\/www.altares.be\/wp-content\/uploads\/2021\/02\/iMarket-Inc-150x66.png 150w\" sizes=\"(max-width: 669px) 100vw, 669px\" \/><\/div>\t\t<\/div>\n\t\t<div class=\"timeline-item__card-arrow\"><\/div>\n\t<\/div>\n\t<div class=\"timeline-item__point\"><div class=\"timeline-item__point-content timeline-item__point-content--icon\"><span class=\"jet-elements-icon\"><i aria-hidden=\"true\" class=\"far fa-hourglass\"><\/i><\/span><\/div><\/div><div class=\"timeline-item__meta\"><div class=\"timeline-item__meta-content\">1996<\/div><\/div><\/div><div class=\"jet-timeline-item  elementor-repeater-item-215dabf jet-timeline-item--image-inside_after\">\n\t<div class=\"timeline-item__card\">\n\t\t<div class=\"timeline-item__card-inner\">\n\t\t\t\t\t\t\t\t<div class=\"timeline-item__card-content\">\n\t\t\t\t\t<div class=\"timeline-item__meta\"><div class=\"timeline-item__meta-content\">1984<\/div><\/div><h5 class=\"timeline-item__card-title\">Dun & Bradstreet neemt A.C. Nielsen over<\/h5><div class=\"timeline-item__card-desc\">De onge\u00ebvenaarde status van Nielsen als leider op het gebied van marketingonderzoek trok de aandacht van Dun & Bradstreet Corporation. Arthur C. Nielsen Jr. verkocht A.C. Nielsen uiteindelijk voor $1,3 miljard.\n\nEigenlijk hadden de twee bedrijven een dergelijke fusie al meer dan 15 jaar overwogen, zoals Nielsen en Harrington Drake, voorzitter en CEO van Dun & Bradstreet, de New York Times vertelden. \u2018We hebben allebei de mogelijkheid om veel data te verzamelen en deze effici\u00ebnt aan klanten te leveren\u2019, legt Nielsen uit. \u2018Ik weet zeker dat Nielsen zowel onze technologie als onze databases zal gebruiken,\u2019 voegde Drake eraan toe.<\/div>\t\t\t\t<\/div>\n\t\t\t\t<div class=\"timeline-item__card-img\"><img loading=\"lazy\" decoding=\"async\" width=\"696\" height=\"261\" src=\"https:\/\/www.altares.be\/wp-content\/uploads\/2021\/02\/slide_30-e1514968840325.jpg\" class=\"attachment-medium_large size-medium_large wp-image-6087\" alt=\"AC Nielsen logo\" srcset=\"https:\/\/www.altares.be\/wp-content\/uploads\/2021\/02\/slide_30-e1514968840325.jpg 696w, https:\/\/www.altares.be\/wp-content\/uploads\/2021\/02\/slide_30-e1514968840325-300x113.jpg 300w, https:\/\/www.altares.be\/wp-content\/uploads\/2021\/02\/slide_30-e1514968840325-150x56.jpg 150w\" sizes=\"(max-width: 696px) 100vw, 696px\" \/><\/div>\t\t<\/div>\n\t\t<div class=\"timeline-item__card-arrow\"><\/div>\n\t<\/div>\n\t<div class=\"timeline-item__point\"><div class=\"timeline-item__point-content timeline-item__point-content--icon\"><span class=\"jet-elements-icon\"><i aria-hidden=\"true\" class=\"far fa-hourglass\"><\/i><\/span><\/div><\/div><div class=\"timeline-item__meta\"><div class=\"timeline-item__meta-content\">1984<\/div><\/div><\/div><div class=\"jet-timeline-item  elementor-repeater-item-2be1189 jet-timeline-item--image-inside_after\">\n\t<div class=\"timeline-item__card\">\n\t\t<div class=\"timeline-item__card-inner\">\n\t\t\t\t\t\t\t\t<div class=\"timeline-item__card-content\">\n\t\t\t\t\t<div class=\"timeline-item__meta\"><div class=\"timeline-item__meta-content\">1983<\/div><\/div><h5 class=\"timeline-item__card-title\">Dun & Bradstreet ontwikkelt DUNSnet<\/h5><div class=\"timeline-item__card-desc\">het telefonische netwerk van het bedrijf.<\/div>\t\t\t\t<\/div>\n\t\t\t\t\t\t<\/div>\n\t\t<div class=\"timeline-item__card-arrow\"><\/div>\n\t<\/div>\n\t<div class=\"timeline-item__point\"><div class=\"timeline-item__point-content timeline-item__point-content--icon\"><span class=\"jet-elements-icon\"><i aria-hidden=\"true\" class=\"far fa-hourglass\"><\/i><\/span><\/div><\/div><div class=\"timeline-item__meta\"><div class=\"timeline-item__meta-content\">1983<\/div><\/div><\/div><div class=\"jet-timeline-item  elementor-repeater-item-a007453 jet-timeline-item--image-inside_after\">\n\t<div class=\"timeline-item__card\">\n\t\t<div class=\"timeline-item__card-inner\">\n\t\t\t\t\t\t\t\t<div class=\"timeline-item__card-content\">\n\t\t\t\t\t<div class=\"timeline-item__meta\"><div class=\"timeline-item__meta-content\">1972<\/div><\/div><h5 class=\"timeline-item__card-title\">Dun & Bradstreet produceert het eerste gegenereerde financi\u00eble rapport op een \u2018mini-computer\u2019<\/h5>\t\t\t\t<\/div>\n\t\t\t\t<div class=\"timeline-item__card-img\"><img loading=\"lazy\" decoding=\"async\" width=\"540\" height=\"377\" src=\"https:\/\/www.altares.be\/wp-content\/uploads\/2021\/02\/Personal-computer-1972-IBM.jpg\" class=\"attachment-medium_large size-medium_large wp-image-6094\" alt=\"Personal-computer-1972-IBM\" srcset=\"https:\/\/www.altares.be\/wp-content\/uploads\/2021\/02\/Personal-computer-1972-IBM.jpg 540w, https:\/\/www.altares.be\/wp-content\/uploads\/2021\/02\/Personal-computer-1972-IBM-300x209.jpg 300w, https:\/\/www.altares.be\/wp-content\/uploads\/2021\/02\/Personal-computer-1972-IBM-150x105.jpg 150w\" sizes=\"(max-width: 540px) 100vw, 540px\" \/><\/div>\t\t<\/div>\n\t\t<div class=\"timeline-item__card-arrow\"><\/div>\n\t<\/div>\n\t<div class=\"timeline-item__point\"><div class=\"timeline-item__point-content timeline-item__point-content--icon\"><span class=\"jet-elements-icon\"><i aria-hidden=\"true\" class=\"far fa-hourglass\"><\/i><\/span><\/div><\/div><div class=\"timeline-item__meta\"><div class=\"timeline-item__meta-content\">1972<\/div><\/div><\/div><div class=\"jet-timeline-item  elementor-repeater-item-c31ead7 jet-timeline-item--image-inside_after\">\n\t<div class=\"timeline-item__card\">\n\t\t<div class=\"timeline-item__card-inner\">\n\t\t\t\t\t\t\t\t<div class=\"timeline-item__card-content\">\n\t\t\t\t\t<div class=\"timeline-item__meta\"><div class=\"timeline-item__meta-content\">1965<\/div><\/div><h5 class=\"timeline-item__card-title\">Dun & Bradstreet publiceert haar eerste uitgave gebaseerd op een digitale database. Uniek in die tijd<\/h5>\t\t\t\t<\/div>\n\t\t\t\t\t\t<\/div>\n\t\t<div class=\"timeline-item__card-arrow\"><\/div>\n\t<\/div>\n\t<div class=\"timeline-item__point\"><div class=\"timeline-item__point-content timeline-item__point-content--icon\"><span class=\"jet-elements-icon\"><i aria-hidden=\"true\" class=\"far fa-hourglass\"><\/i><\/span><\/div><\/div><div class=\"timeline-item__meta\"><div class=\"timeline-item__meta-content\">1965<\/div><\/div><\/div><div class=\"jet-timeline-item  elementor-repeater-item-c2a3984 jet-timeline-item--image-inside_after\">\n\t<div class=\"timeline-item__card\">\n\t\t<div class=\"timeline-item__card-inner\">\n\t\t\t\t\t\t\t\t<div class=\"timeline-item__card-content\">\n\t\t\t\t\t<div class=\"timeline-item__meta\"><div class=\"timeline-item__meta-content\">1965<\/div><\/div><h5 class=\"timeline-item__card-title\">Dun & Bradstreet introduceert het Data Universal Numbering System (D-U-N-S)<\/h5><div class=\"timeline-item__card-desc\">Ook concurrent Moody\u2019s wordt overgenomen.<\/div>\t\t\t\t<\/div>\n\t\t\t\t<div class=\"timeline-item__card-img\"><img loading=\"lazy\" decoding=\"async\" width=\"768\" height=\"1024\" src=\"https:\/\/www.altares.be\/wp-content\/uploads\/2021\/02\/Moodys-1962-768x1024-2.jpg\" class=\"attachment-medium_large size-medium_large wp-image-6102\" alt=\"Moodys\" srcset=\"https:\/\/www.altares.be\/wp-content\/uploads\/2021\/02\/Moodys-1962-768x1024-2.jpg 768w, https:\/\/www.altares.be\/wp-content\/uploads\/2021\/02\/Moodys-1962-768x1024-2-225x300.jpg 225w, https:\/\/www.altares.be\/wp-content\/uploads\/2021\/02\/Moodys-1962-768x1024-2-113x150.jpg 113w\" sizes=\"(max-width: 768px) 100vw, 768px\" \/><\/div>\t\t<\/div>\n\t\t<div class=\"timeline-item__card-arrow\"><\/div>\n\t<\/div>\n\t<div class=\"timeline-item__point\"><div class=\"timeline-item__point-content timeline-item__point-content--icon\"><span class=\"jet-elements-icon\"><i aria-hidden=\"true\" class=\"far fa-hourglass\"><\/i><\/span><\/div><\/div><div class=\"timeline-item__meta\"><div class=\"timeline-item__meta-content\">1965<\/div><\/div><\/div><div class=\"jet-timeline-item  elementor-repeater-item-ef81b4f jet-timeline-item--image-inside_after\">\n\t<div class=\"timeline-item__card\">\n\t\t<div class=\"timeline-item__card-inner\">\n\t\t\t\t\t\t\t\t<div class=\"timeline-item__card-content\">\n\t\t\t\t\t<div class=\"timeline-item__meta\"><div class=\"timeline-item__meta-content\">1951<\/div><\/div><h5 class=\"timeline-item__card-title\">Dun & Bradstreet verhuisd naar het nieuwe onderkomen op 99 Church Street in New York naast de St. Peters Catholic Church<\/h5>\t\t\t\t<\/div>\n\t\t\t\t<div class=\"timeline-item__card-img\"><img loading=\"lazy\" decoding=\"async\" width=\"768\" height=\"512\" src=\"https:\/\/www.altares.be\/wp-content\/uploads\/2021\/02\/Church-Street-photo-1024x683-2-768x512.jpg\" class=\"attachment-medium_large size-medium_large wp-image-6107\" alt=\"Church-Street-photo-1024x683\" srcset=\"https:\/\/www.altares.be\/wp-content\/uploads\/2021\/02\/Church-Street-photo-1024x683-2-768x512.jpg 768w, https:\/\/www.altares.be\/wp-content\/uploads\/2021\/02\/Church-Street-photo-1024x683-2-300x200.jpg 300w, https:\/\/www.altares.be\/wp-content\/uploads\/2021\/02\/Church-Street-photo-1024x683-2-150x100.jpg 150w, https:\/\/www.altares.be\/wp-content\/uploads\/2021\/02\/Church-Street-photo-1024x683-2.jpg 1024w\" sizes=\"(max-width: 768px) 100vw, 768px\" \/><\/div>\t\t<\/div>\n\t\t<div class=\"timeline-item__card-arrow\"><\/div>\n\t<\/div>\n\t<div class=\"timeline-item__point\"><div class=\"timeline-item__point-content timeline-item__point-content--icon\"><span class=\"jet-elements-icon\"><i aria-hidden=\"true\" class=\"far fa-hourglass\"><\/i><\/span><\/div><\/div><div class=\"timeline-item__meta\"><div class=\"timeline-item__meta-content\">1951<\/div><\/div><\/div><div class=\"jet-timeline-item  elementor-repeater-item-93689b8 jet-timeline-item--image-inside_after\">\n\t<div class=\"timeline-item__card\">\n\t\t<div class=\"timeline-item__card-inner\">\n\t\t\t\t\t\t\t\t<div class=\"timeline-item__card-content\">\n\t\t\t\t\t<div class=\"timeline-item__meta\"><div class=\"timeline-item__meta-content\">1933<\/div><\/div><h5 class=\"timeline-item__card-title\">In 1933 - Fusie van de gewezen aartsrivalen R.G. Dun & Co en John M. Bradstreet Company tot Dun & Bradstreet<\/h5><div class=\"timeline-item__card-desc\">In de jaren 1930, konden de effecten van de rivaliteit en van de economische depressie op beide bedrijven niet langer worden genegeerd. In 1933 fuseerden de gewezen aartsrivalen R.G. Dun & Co en John M. Bradstreet Company tot Dun & Bradstreet.\nDe fusie werd geleid door Arthur Whiteside, CEO van R.G. Duns & Co. Dankzij zijn uitstekende diplomatieke vaardigheden, was Whiteside in staat om een deal te sluiten met de grootste concurrent van het bedrijf. Waar voorheen beide bedrijven \u201cproducten\u201d verkochten, ging Whiteside steeds meer nadruk leggen op dienstverlening. Met groot leiderschap, leidde hij D&B uit de depressie en in het informatietijdperk.<\/div>\t\t\t\t<\/div>\n\t\t\t\t<div class=\"timeline-item__card-img\"><img loading=\"lazy\" decoding=\"async\" width=\"768\" height=\"299\" src=\"https:\/\/www.altares.be\/wp-content\/uploads\/2021\/02\/Old-Dun-and-Bradstreet-logo-768x299.gif\" class=\"attachment-medium_large size-medium_large wp-image-6115\" alt=\"Old-Dun-and-Bradstreet-logo\" srcset=\"https:\/\/www.altares.be\/wp-content\/uploads\/2021\/02\/Old-Dun-and-Bradstreet-logo-768x299.gif 768w, https:\/\/www.altares.be\/wp-content\/uploads\/2021\/02\/Old-Dun-and-Bradstreet-logo-300x117.gif 300w, https:\/\/www.altares.be\/wp-content\/uploads\/2021\/02\/Old-Dun-and-Bradstreet-logo-150x58.gif 150w\" sizes=\"(max-width: 768px) 100vw, 768px\" \/><\/div>\t\t<\/div>\n\t\t<div class=\"timeline-item__card-arrow\"><\/div>\n\t<\/div>\n\t<div class=\"timeline-item__point\"><div class=\"timeline-item__point-content timeline-item__point-content--icon\"><span class=\"jet-elements-icon\"><i aria-hidden=\"true\" class=\"far fa-hourglass\"><\/i><\/span><\/div><\/div><div class=\"timeline-item__meta\"><div class=\"timeline-item__meta-content\">1933<\/div><\/div><\/div><div class=\"jet-timeline-item  elementor-repeater-item-be9825e jet-timeline-item--image-inside_after\">\n\t<div class=\"timeline-item__card\">\n\t\t<div class=\"timeline-item__card-inner\">\n\t\t\t\t\t\t\t\t<div class=\"timeline-item__card-content\">\n\t\t\t\t\t<div class=\"timeline-item__meta\"><div class=\"timeline-item__meta-content\">1902<\/div><\/div><h5 class=\"timeline-item__card-title\">R.G. Dun & Company opent eerste vestiging in Amsterdam<\/h5><div class=\"timeline-item__card-desc\">Later volgen meerdere vestigingen in respectievelijk Tilburg, Almelo, Haarlem, Den Haag en twee vestigingen in Rotterdam.<\/div>\t\t\t\t<\/div>\n\t\t\t\t\t\t<\/div>\n\t\t<div class=\"timeline-item__card-arrow\"><\/div>\n\t<\/div>\n\t<div class=\"timeline-item__point\"><div class=\"timeline-item__point-content timeline-item__point-content--icon\"><span class=\"jet-elements-icon\"><i aria-hidden=\"true\" class=\"far fa-hourglass\"><\/i><\/span><\/div><\/div><div class=\"timeline-item__meta\"><div class=\"timeline-item__meta-content\">1902<\/div><\/div><\/div><div class=\"jet-timeline-item  elementor-repeater-item-187efc9 jet-timeline-item--image-inside_after\">\n\t<div class=\"timeline-item__card\">\n\t\t<div class=\"timeline-item__card-inner\">\n\t\t\t\t\t\t\t\t<div class=\"timeline-item__card-content\">\n\t\t\t\t\t<div class=\"timeline-item__meta\"><div class=\"timeline-item__meta-content\">1900<\/div><\/div><h5 class=\"timeline-item__card-title\">John Moody introduceert een serie industriele handleidingen en start uiteindelijk Moody\u2019s Investor Service in 1914<\/h5>\t\t\t\t<\/div>\n\t\t\t\t<div class=\"timeline-item__card-img\"><img loading=\"lazy\" decoding=\"async\" width=\"465\" height=\"567\" src=\"https:\/\/www.altares.be\/wp-content\/uploads\/2021\/02\/John-Moody-Photo.jpg\" class=\"attachment-medium_large size-medium_large wp-image-6132\" alt=\"John-Moody-Photo\" srcset=\"https:\/\/www.altares.be\/wp-content\/uploads\/2021\/02\/John-Moody-Photo.jpg 465w, https:\/\/www.altares.be\/wp-content\/uploads\/2021\/02\/John-Moody-Photo-246x300.jpg 246w, https:\/\/www.altares.be\/wp-content\/uploads\/2021\/02\/John-Moody-Photo-123x150.jpg 123w\" sizes=\"(max-width: 465px) 100vw, 465px\" \/><\/div>\t\t<\/div>\n\t\t<div class=\"timeline-item__card-arrow\"><\/div>\n\t<\/div>\n\t<div class=\"timeline-item__point\"><div class=\"timeline-item__point-content timeline-item__point-content--icon\"><span class=\"jet-elements-icon\"><i aria-hidden=\"true\" class=\"far fa-hourglass\"><\/i><\/span><\/div><\/div><div class=\"timeline-item__meta\"><div class=\"timeline-item__meta-content\">1900<\/div><\/div><\/div><div class=\"jet-timeline-item  elementor-repeater-item-44e88f0 jet-timeline-item--image-inside_after\">\n\t<div class=\"timeline-item__card\">\n\t\t<div class=\"timeline-item__card-inner\">\n\t\t\t\t\t\t\t\t<div class=\"timeline-item__card-content\">\n\t\t\t\t\t<div class=\"timeline-item__meta\"><div class=\"timeline-item__meta-content\">1898<\/div><\/div><h5 class=\"timeline-item__card-title\">Een foto van The R.G. Dun Building in New York<\/h5><div class=\"timeline-item__card-desc\">Het was een van de eerste gebouwen met liften en airconditioning.<\/div>\t\t\t\t<\/div>\n\t\t\t\t<div class=\"timeline-item__card-img\"><img loading=\"lazy\" decoding=\"async\" width=\"668\" height=\"1024\" src=\"https:\/\/www.altares.be\/wp-content\/uploads\/2021\/02\/RG-Dun-Building-668x1024-1.jpg\" class=\"attachment-medium_large size-medium_large wp-image-6135\" alt=\"RG-Dun-Building\" srcset=\"https:\/\/www.altares.be\/wp-content\/uploads\/2021\/02\/RG-Dun-Building-668x1024-1.jpg 668w, https:\/\/www.altares.be\/wp-content\/uploads\/2021\/02\/RG-Dun-Building-668x1024-1-196x300.jpg 196w, https:\/\/www.altares.be\/wp-content\/uploads\/2021\/02\/RG-Dun-Building-668x1024-1-98x150.jpg 98w\" sizes=\"(max-width: 668px) 100vw, 668px\" \/><\/div>\t\t<\/div>\n\t\t<div class=\"timeline-item__card-arrow\"><\/div>\n\t<\/div>\n\t<div class=\"timeline-item__point\"><div class=\"timeline-item__point-content timeline-item__point-content--icon\"><span class=\"jet-elements-icon\"><i aria-hidden=\"true\" class=\"fas fa-calendar-alt\"><\/i><\/span><\/div><\/div><div class=\"timeline-item__meta\"><div class=\"timeline-item__meta-content\">1898<\/div><\/div><\/div><div class=\"jet-timeline-item  elementor-repeater-item-1511ed1 jet-timeline-item--image-inside_after\">\n\t<div class=\"timeline-item__card\">\n\t\t<div class=\"timeline-item__card-inner\">\n\t\t\t\t\t\t\t\t<div class=\"timeline-item__card-content\">\n\t\t\t\t\t<div class=\"timeline-item__meta\"><div class=\"timeline-item__meta-content\">1870<\/div><\/div><h5 class=\"timeline-item__card-title\">Het kantoor van R.G. Dun & Company aan 618 Chestnut Street, Philadelphia in 1870<\/h5>\t\t\t\t<\/div>\n\t\t\t\t<div class=\"timeline-item__card-img\"><img loading=\"lazy\" decoding=\"async\" width=\"523\" height=\"779\" src=\"https:\/\/www.altares.be\/wp-content\/uploads\/2021\/02\/RG-Duns-Office-1970.png\" class=\"attachment-medium_large size-medium_large wp-image-6139\" alt=\"RG-Duns-Office-1970\" srcset=\"https:\/\/www.altares.be\/wp-content\/uploads\/2021\/02\/RG-Duns-Office-1970.png 523w, https:\/\/www.altares.be\/wp-content\/uploads\/2021\/02\/RG-Duns-Office-1970-201x300.png 201w, https:\/\/www.altares.be\/wp-content\/uploads\/2021\/02\/RG-Duns-Office-1970-101x150.png 101w\" sizes=\"(max-width: 523px) 100vw, 523px\" \/><\/div>\t\t<\/div>\n\t\t<div class=\"timeline-item__card-arrow\"><\/div>\n\t<\/div>\n\t<div class=\"timeline-item__point\"><div class=\"timeline-item__point-content timeline-item__point-content--icon\"><span class=\"jet-elements-icon\"><i aria-hidden=\"true\" class=\"far fa-hourglass\"><\/i><\/span><\/div><\/div><div class=\"timeline-item__meta\"><div class=\"timeline-item__meta-content\">1870<\/div><\/div><\/div><div class=\"jet-timeline-item  elementor-repeater-item-12ad6f2 jet-timeline-item--image-inside_after\">\n\t<div class=\"timeline-item__card\">\n\t\t<div class=\"timeline-item__card-inner\">\n\t\t\t\t\t\t\t\t<div class=\"timeline-item__card-content\">\n\t\t\t\t\t<div class=\"timeline-item__meta\"><div class=\"timeline-item__meta-content\">1865<\/div><\/div><h5 class=\"timeline-item__card-title\">Robert Graham Dun investeert maar liefst $15,000 in een nieuwe bedrijfsdrukkerij<\/h5><div class=\"timeline-item__card-desc\">Hierdoor kan R.G. Dun & Company elke zes maanden het Dun Reference Book uitgeven.<\/div>\t\t\t\t<\/div>\n\t\t\t\t<div class=\"timeline-item__card-img\"><img loading=\"lazy\" decoding=\"async\" width=\"768\" height=\"1024\" src=\"https:\/\/www.altares.be\/wp-content\/uploads\/2021\/02\/Reference-Book-768x1024-1.jpg\" class=\"attachment-medium_large size-medium_large wp-image-6143\" alt=\"Reference-Book\" srcset=\"https:\/\/www.altares.be\/wp-content\/uploads\/2021\/02\/Reference-Book-768x1024-1.jpg 768w, https:\/\/www.altares.be\/wp-content\/uploads\/2021\/02\/Reference-Book-768x1024-1-225x300.jpg 225w, https:\/\/www.altares.be\/wp-content\/uploads\/2021\/02\/Reference-Book-768x1024-1-113x150.jpg 113w\" sizes=\"(max-width: 768px) 100vw, 768px\" \/><\/div>\t\t<\/div>\n\t\t<div class=\"timeline-item__card-arrow\"><\/div>\n\t<\/div>\n\t<div class=\"timeline-item__point\"><div class=\"timeline-item__point-content timeline-item__point-content--icon\"><span class=\"jet-elements-icon\"><i aria-hidden=\"true\" class=\"far fa-hourglass\"><\/i><\/span><\/div><\/div><div class=\"timeline-item__meta\"><div class=\"timeline-item__meta-content\">1865<\/div><\/div><\/div><div class=\"jet-timeline-item  elementor-repeater-item-0517e55 jet-timeline-item--image-inside_after\">\n\t<div class=\"timeline-item__card\">\n\t\t<div class=\"timeline-item__card-inner\">\n\t\t\t\t\t\t\t\t<div class=\"timeline-item__card-content\">\n\t\t\t\t\t<div class=\"timeline-item__meta\"><div class=\"timeline-item__meta-content\">1859<\/div><\/div><h5 class=\"timeline-item__card-title\">In 1859 deed Douglass het agentschap over aan zijn zwager Robert Graham Dun<\/h5><div class=\"timeline-item__card-desc\">Onder de nieuwe naam, R.G. Dun & Company, ging Dun door met uitbreiden. Dun leidde de onderneming ruim 40 jaar. Onder zijn leiding breidde het bedrijf uit over de hele Verenigde Staten. Het ging ook over de landsgrenzen heen.<\/div>\t\t\t\t<\/div>\n\t\t\t\t<div class=\"timeline-item__card-img\"><img loading=\"lazy\" decoding=\"async\" width=\"500\" height=\"558\" src=\"https:\/\/www.altares.be\/wp-content\/uploads\/2021\/02\/robert-graham-dun.jpg\" class=\"attachment-medium_large size-medium_large wp-image-6147\" alt=\"robert-graham-dun\" srcset=\"https:\/\/www.altares.be\/wp-content\/uploads\/2021\/02\/robert-graham-dun.jpg 500w, https:\/\/www.altares.be\/wp-content\/uploads\/2021\/02\/robert-graham-dun-269x300.jpg 269w, https:\/\/www.altares.be\/wp-content\/uploads\/2021\/02\/robert-graham-dun-134x150.jpg 134w\" sizes=\"(max-width: 500px) 100vw, 500px\" \/><\/div>\t\t<\/div>\n\t\t<div class=\"timeline-item__card-arrow\"><\/div>\n\t<\/div>\n\t<div class=\"timeline-item__point\"><div class=\"timeline-item__point-content timeline-item__point-content--icon\"><span class=\"jet-elements-icon\"><i aria-hidden=\"true\" class=\"far fa-hourglass\"><\/i><\/span><\/div><\/div><div class=\"timeline-item__meta\"><div class=\"timeline-item__meta-content\">1859<\/div><\/div><\/div><div class=\"jet-timeline-item  elementor-repeater-item-536715a jet-timeline-item--image-inside_after\">\n\t<div class=\"timeline-item__card\">\n\t\t<div class=\"timeline-item__card-inner\">\n\t\t\t\t\t\t\t\t<div class=\"timeline-item__card-content\">\n\t\t\t\t\t<div class=\"timeline-item__meta\"><div class=\"timeline-item__meta-content\">1849<\/div><\/div><h5 class=\"timeline-item__card-title\">Een sterke concurrent \u2013 en een nieuwe speler<\/h5><div class=\"timeline-item__card-desc\">In 1849 werd de rivaliserende John M. Bradstreet Company opgericht in Cincinnati, Ohio. Twee jaar later lanceerde de Bradstreet-organisatie het gebruik van credit ratings met de publicatie van het eerste boek met commerci\u00eble ratings. De rivaliteit tussen The John M. Bradstreet Company en Douglass \u2018bureau nam toe toen de VS de 20ste eeuw binnentraden. Fundamenteel had dit blijvende gevolgen voor het lot van de twee organisaties.<\/div>\t\t\t\t<\/div>\n\t\t\t\t<div class=\"timeline-item__card-img\"><img loading=\"lazy\" decoding=\"async\" width=\"500\" height=\"558\" src=\"https:\/\/www.altares.be\/wp-content\/uploads\/2021\/02\/john-m-bradstreet-photo.jpg\" class=\"attachment-medium_large size-medium_large wp-image-6151\" alt=\"john-m-bradstreet-photo\" srcset=\"https:\/\/www.altares.be\/wp-content\/uploads\/2021\/02\/john-m-bradstreet-photo.jpg 500w, https:\/\/www.altares.be\/wp-content\/uploads\/2021\/02\/john-m-bradstreet-photo-269x300.jpg 269w, https:\/\/www.altares.be\/wp-content\/uploads\/2021\/02\/john-m-bradstreet-photo-134x150.jpg 134w\" sizes=\"(max-width: 500px) 100vw, 500px\" \/><\/div>\t\t<\/div>\n\t\t<div class=\"timeline-item__card-arrow\"><\/div>\n\t<\/div>\n\t<div class=\"timeline-item__point\"><div class=\"timeline-item__point-content timeline-item__point-content--icon\"><span class=\"jet-elements-icon\"><i aria-hidden=\"true\" class=\"far fa-hourglass\"><\/i><\/span><\/div><\/div><div class=\"timeline-item__meta\"><div class=\"timeline-item__meta-content\">1849<\/div><\/div><\/div><div class=\"jet-timeline-item  elementor-repeater-item-fe81b89 jet-timeline-item--image-inside_after\">\n\t<div class=\"timeline-item__card\">\n\t\t<div class=\"timeline-item__card-inner\">\n\t\t\t\t\t\t\t\t<div class=\"timeline-item__card-content\">\n\t\t\t\t\t<div class=\"timeline-item__meta\"><div class=\"timeline-item__meta-content\">1847<\/div><\/div><h5 class=\"timeline-item__card-title\">Om uitbreiding te bevorderen, keerde Tappan in 1849 het agentschap over aan Benjamin Douglass<\/h5><div class=\"timeline-item__card-desc\">Een voormalige klerk. Douglass profiteerde van het verbeterde transport en de communicatie van zijn tijd door zijn netwerk van kantoren uit te breiden, waardoor het Agentschap zowel nieuwe klanten als uitstekende informatie kon bieden.\nEen aantal van die correspondenten werden later zelfs president van Amerika: Abraham Lincoln, Ulysses S. Grant, Grover Cleveland en William McKinley.<\/div>\t\t\t\t<\/div>\n\t\t\t\t<div class=\"timeline-item__card-img\"><img loading=\"lazy\" decoding=\"async\" width=\"552\" height=\"693\" src=\"https:\/\/www.altares.be\/wp-content\/uploads\/2021\/02\/Abraham-Lincoln-photo.jpg\" class=\"attachment-medium_large size-medium_large wp-image-6155\" alt=\"Abraham-Lincoln-photo\" srcset=\"https:\/\/www.altares.be\/wp-content\/uploads\/2021\/02\/Abraham-Lincoln-photo.jpg 552w, https:\/\/www.altares.be\/wp-content\/uploads\/2021\/02\/Abraham-Lincoln-photo-239x300.jpg 239w, https:\/\/www.altares.be\/wp-content\/uploads\/2021\/02\/Abraham-Lincoln-photo-119x150.jpg 119w\" sizes=\"(max-width: 552px) 100vw, 552px\" \/><\/div>\t\t<\/div>\n\t\t<div class=\"timeline-item__card-arrow\"><\/div>\n\t<\/div>\n\t<div class=\"timeline-item__point\"><div class=\"timeline-item__point-content timeline-item__point-content--icon\"><span class=\"jet-elements-icon\"><i aria-hidden=\"true\" class=\"far fa-hourglass\"><\/i><\/span><\/div><\/div><div class=\"timeline-item__meta\"><div class=\"timeline-item__meta-content\">1847<\/div><\/div><\/div><div class=\"jet-timeline-item  elementor-repeater-item-9695d1a jet-timeline-item--image-inside_after\">\n\t<div class=\"timeline-item__card\">\n\t\t<div class=\"timeline-item__card-inner\">\n\t\t\t\t\t\t\t\t<div class=\"timeline-item__card-content\">\n\t\t\t\t\t<div class=\"timeline-item__meta\"><div class=\"timeline-item__meta-content\">1841<\/div><\/div><h5 class=\"timeline-item__card-title\">Mercantile Agency<\/h5><div class=\"timeline-item__card-desc\">Om Amerikaanse handelaren te helpen bij hun besluitvorming, begon een ondernemende zakenman genaamd Lewis Tappan (1788) in 1841 een netwerk van correspondenten op te richten die zouden fungeren als een bron van betrouwbare en objectieve kredietinformatie. Zijn Mercantile Agency, gevestigd in New York City, was een van de eerste organisaties die zich uitsluitend richtten op het verstrekken van bedrijfsinformatie aan klanten<\/div>\t\t\t\t<\/div>\n\t\t\t\t<div class=\"timeline-item__card-img\"><img loading=\"lazy\" decoding=\"async\" width=\"415\" height=\"659\" src=\"https:\/\/www.altares.be\/wp-content\/uploads\/2021\/02\/Lewis-Tappan-Massachusetts-Historical-Society.jpg\" class=\"attachment-medium_large size-medium_large wp-image-6156\" alt=\"Lewis-Tappan-Massachusetts-Historical-Society\" srcset=\"https:\/\/www.altares.be\/wp-content\/uploads\/2021\/02\/Lewis-Tappan-Massachusetts-Historical-Society.jpg 415w, https:\/\/www.altares.be\/wp-content\/uploads\/2021\/02\/Lewis-Tappan-Massachusetts-Historical-Society-189x300.jpg 189w, https:\/\/www.altares.be\/wp-content\/uploads\/2021\/02\/Lewis-Tappan-Massachusetts-Historical-Society-94x150.jpg 94w\" sizes=\"(max-width: 415px) 100vw, 415px\" \/><\/div>\t\t<\/div>\n\t\t<div class=\"timeline-item__card-arrow\"><\/div>\n\t<\/div>\n\t<div class=\"timeline-item__point\"><div class=\"timeline-item__point-content timeline-item__point-content--icon\"><span class=\"jet-elements-icon\"><i aria-hidden=\"true\" class=\"far fa-hourglass\"><\/i><\/span><\/div><\/div><div class=\"timeline-item__meta\"><div class=\"timeline-item__meta-content\">1841<\/div><\/div><\/div><\/div><\/div><\/div>\t\t\t\t<\/div>\n\t\t\t\t<\/div>\n\t\t\t\t\t<\/div>\n\t\t<\/div>\n\t\t\t\t\t<\/div>\n\t\t<\/section>\n\t\t\t\t<\/div>\n\t\t","protected":false},"excerpt":{"rendered":"<p>Organisatie Historie Al op 20 juli 1841 opende Dun &#038; Bradstreet, toen nog bekend onder de naam The Mercantile Agency in New York haar deuren en begon een bedrijfsinformatierevolutie. Vanaf december 2016 is Dun &#038; Bradstreet Benelux overgedragen aan de Altares Group en staat het bedrijf gekend als Altares Benelux. 2025 Altares kondigt overname van [&hellip;]<\/p>\n","protected":false},"author":2,"featured_media":0,"parent":31,"menu_order":63,"comment_status":"closed","ping_status":"closed","template":"","meta":{"_acf_changed":false,"inline_featured_image":false,"footnotes":""},"class_list":["post-5672","page","type-page","status-publish","hentry"],"acf":[],"yoast_head":"<!-- This site is optimized with the Yoast SEO plugin v27.3 - https:\/\/yoast.com\/product\/yoast-seo-wordpress\/ -->\n<title>De rijke historie van Altares Dun &amp; Bradstreet<\/title>\n<meta name=\"description\" content=\"Tot onze oud-collega&#039;s mogen we 4 Amerikaanse presidenten rekenen. Ontdek wie het waren en meer over de rijke historie van Altares D&amp;B\" \/>\n<meta name=\"robots\" content=\"index, follow, max-snippet:-1, max-image-preview:large, max-video-preview:-1\" \/>\n<link rel=\"canonical\" href=\"https:\/\/www.altares.be\/fr\/organisation\/histoire\/\" \/>\n<meta property=\"og:locale\" content=\"fr_FR\" \/>\n<meta property=\"og:type\" content=\"article\" \/>\n<meta property=\"og:title\" content=\"De rijke historie van Altares Dun &amp; Bradstreet\" \/>\n<meta property=\"og:description\" content=\"Tot onze oud-collega&#039;s mogen we 4 Amerikaanse presidenten rekenen. Ontdek wie het waren en meer over de rijke historie van Altares D&amp;B\" \/>\n<meta property=\"og:url\" content=\"https:\/\/www.altares.be\/fr\/organisation\/histoire\/\" \/>\n<meta property=\"og:site_name\" content=\"Altares\" \/>\n<meta property=\"article:modified_time\" content=\"2025-02-04T10:06:07+00:00\" \/>\n<meta property=\"og:image\" content=\"https:\/\/www.altares.be\/wp-content\/uploads\/2021\/02\/Abraham-Lincoln-photo.jpg\" \/>\n\t<meta property=\"og:image:width\" content=\"552\" \/>\n\t<meta property=\"og:image:height\" content=\"693\" \/>\n\t<meta property=\"og:image:type\" content=\"image\/jpeg\" \/>\n<meta name=\"twitter:card\" content=\"summary_large_image\" \/>\n<meta name=\"twitter:label1\" content=\"Dur\u00e9e de lecture est.\" \/>\n\t<meta name=\"twitter:data1\" content=\"14 minutes\" \/>\n<script type=\"application\/ld+json\" class=\"yoast-schema-graph\">{\"@context\":\"https:\\\/\\\/schema.org\",\"@graph\":[{\"@type\":\"WebPage\",\"@id\":\"https:\\\/\\\/www.altares.be\\\/organisatie\\\/historie\\\/\",\"url\":\"https:\\\/\\\/www.altares.be\\\/organisatie\\\/historie\\\/\",\"name\":\"De rijke historie van Altares Dun & Bradstreet\",\"isPartOf\":{\"@id\":\"https:\\\/\\\/www.altares.be\\\/#website\"},\"primaryImageOfPage\":{\"@id\":\"https:\\\/\\\/www.altares.be\\\/organisatie\\\/historie\\\/#primaryimage\"},\"image\":{\"@id\":\"https:\\\/\\\/www.altares.be\\\/organisatie\\\/historie\\\/#primaryimage\"},\"thumbnailUrl\":\"https:\\\/\\\/www.altares.be\\\/wp-content\\\/uploads\\\/2021\\\/02\\\/Abraham-Lincoln-photo.jpg\",\"datePublished\":\"2021-02-25T10:10:15+00:00\",\"dateModified\":\"2025-02-04T10:06:07+00:00\",\"description\":\"Tot onze oud-collega's mogen we 4 Amerikaanse presidenten rekenen. Ontdek wie het waren en meer over de rijke historie van Altares D&B\",\"breadcrumb\":{\"@id\":\"https:\\\/\\\/www.altares.be\\\/organisatie\\\/historie\\\/#breadcrumb\"},\"inLanguage\":\"fr-BE\",\"potentialAction\":[{\"@type\":\"ReadAction\",\"target\":[\"https:\\\/\\\/www.altares.be\\\/organisatie\\\/historie\\\/\"]}]},{\"@type\":\"ImageObject\",\"inLanguage\":\"fr-BE\",\"@id\":\"https:\\\/\\\/www.altares.be\\\/organisatie\\\/historie\\\/#primaryimage\",\"url\":\"https:\\\/\\\/www.altares.be\\\/wp-content\\\/uploads\\\/2021\\\/02\\\/Abraham-Lincoln-photo.jpg\",\"contentUrl\":\"https:\\\/\\\/www.altares.be\\\/wp-content\\\/uploads\\\/2021\\\/02\\\/Abraham-Lincoln-photo.jpg\"},{\"@type\":\"BreadcrumbList\",\"@id\":\"https:\\\/\\\/www.altares.be\\\/organisatie\\\/historie\\\/#breadcrumb\",\"itemListElement\":[{\"@type\":\"ListItem\",\"position\":1,\"name\":\"Home\",\"item\":\"https:\\\/\\\/www.altares.be\\\/\"},{\"@type\":\"ListItem\",\"position\":2,\"name\":\"Organisatie\",\"item\":\"https:\\\/\\\/www.altares.be\\\/organisatie\\\/\"},{\"@type\":\"ListItem\",\"position\":3,\"name\":\"Historie\"}]},{\"@type\":\"WebSite\",\"@id\":\"https:\\\/\\\/www.altares.be\\\/#website\",\"url\":\"https:\\\/\\\/www.altares.be\\\/\",\"name\":\"Altares\",\"description\":\"part of the Dun &amp; Bradstreet worldwide network\",\"publisher\":{\"@id\":\"https:\\\/\\\/www.altares.be\\\/#organization\"},\"potentialAction\":[{\"@type\":\"SearchAction\",\"target\":{\"@type\":\"EntryPoint\",\"urlTemplate\":\"https:\\\/\\\/www.altares.be\\\/?s={search_term_string}\"},\"query-input\":{\"@type\":\"PropertyValueSpecification\",\"valueRequired\":true,\"valueName\":\"search_term_string\"}}],\"inLanguage\":\"fr-BE\"},{\"@type\":\"Organization\",\"@id\":\"https:\\\/\\\/www.altares.be\\\/#organization\",\"name\":\"Altares\",\"url\":\"https:\\\/\\\/www.altares.be\\\/\",\"logo\":{\"@type\":\"ImageObject\",\"inLanguage\":\"fr-BE\",\"@id\":\"https:\\\/\\\/www.altares.be\\\/#\\\/schema\\\/logo\\\/image\\\/\",\"url\":\"https:\\\/\\\/www.altares.be\\\/wp-content\\\/uploads\\\/2021\\\/03\\\/Altares_RGB_liggend.svg\",\"contentUrl\":\"https:\\\/\\\/www.altares.be\\\/wp-content\\\/uploads\\\/2021\\\/03\\\/Altares_RGB_liggend.svg\",\"width\":145.57333,\"height\":20.52,\"caption\":\"Altares\"},\"image\":{\"@id\":\"https:\\\/\\\/www.altares.be\\\/#\\\/schema\\\/logo\\\/image\\\/\"}}]}<\/script>\n<!-- \/ Yoast SEO plugin. -->","yoast_head_json":{"title":"La riche histoire d'Altares Dun\u00a0&amp;\u00a0Bradstreet","description":"Quatre pr\u00e9sidents am\u00e9ricains se sont succ\u00e9d\u00e9 depuis les d\u00e9buts d'Altares. D\u00e9couvrez de qui il s'agit ainsi que la riche histoire d'Altares D&amp;B.","robots":{"index":"index","follow":"follow","max-snippet":"max-snippet:-1","max-image-preview":"max-image-preview:large","max-video-preview":"max-video-preview:-1"},"canonical":"https:\/\/www.altares.be\/fr\/organisation\/histoire\/","og_locale":"fr_FR","og_type":"article","og_title":"De rijke historie van Altares Dun & Bradstreet","og_description":"Tot onze oud-collega's mogen we 4 Amerikaanse presidenten rekenen. Ontdek wie het waren en meer over de rijke historie van Altares D&B","og_url":"https:\/\/www.altares.be\/fr\/organisation\/histoire\/","og_site_name":"Altares","article_modified_time":"2025-02-04T10:06:07+00:00","og_image":[{"width":552,"height":693,"url":"https:\/\/www.altares.be\/wp-content\/uploads\/2021\/02\/Abraham-Lincoln-photo.jpg","type":"image\/jpeg"}],"twitter_card":"summary_large_image","twitter_misc":{"Dur\u00e9e de lecture est.":"14 minutes"},"schema":{"@context":"https:\/\/schema.org","@graph":[{"@type":"WebPage","@id":"https:\/\/www.altares.be\/organisatie\/historie\/","url":"https:\/\/www.altares.be\/organisatie\/historie\/","name":"La riche histoire d'Altares Dun\u00a0&amp;\u00a0Bradstreet","isPartOf":{"@id":"https:\/\/www.altares.be\/#website"},"primaryImageOfPage":{"@id":"https:\/\/www.altares.be\/organisatie\/historie\/#primaryimage"},"image":{"@id":"https:\/\/www.altares.be\/organisatie\/historie\/#primaryimage"},"thumbnailUrl":"https:\/\/www.altares.be\/wp-content\/uploads\/2021\/02\/Abraham-Lincoln-photo.jpg","datePublished":"2021-02-25T10:10:15+00:00","dateModified":"2025-02-04T10:06:07+00:00","description":"Quatre pr\u00e9sidents am\u00e9ricains se sont succ\u00e9d\u00e9 depuis les d\u00e9buts d'Altares. D\u00e9couvrez de qui il s'agit ainsi que la riche histoire d'Altares D&amp;B.","breadcrumb":{"@id":"https:\/\/www.altares.be\/organisatie\/historie\/#breadcrumb"},"inLanguage":"fr-BE","potentialAction":[{"@type":"ReadAction","target":["https:\/\/www.altares.be\/organisatie\/historie\/"]}]},{"@type":"ImageObject","inLanguage":"fr-BE","@id":"https:\/\/www.altares.be\/organisatie\/historie\/#primaryimage","url":"https:\/\/www.altares.be\/wp-content\/uploads\/2021\/02\/Abraham-Lincoln-photo.jpg","contentUrl":"https:\/\/www.altares.be\/wp-content\/uploads\/2021\/02\/Abraham-Lincoln-photo.jpg"},{"@type":"BreadcrumbList","@id":"https:\/\/www.altares.be\/organisatie\/historie\/#breadcrumb","itemListElement":[{"@type":"ListItem","position":1,"name":"Home","item":"https:\/\/www.altares.be\/"},{"@type":"ListItem","position":2,"name":"Organisatie","item":"https:\/\/www.altares.be\/organisatie\/"},{"@type":"ListItem","position":3,"name":"Historie"}]},{"@type":"WebSite","@id":"https:\/\/www.altares.be\/#website","url":"https:\/\/www.altares.be\/","name":"Altares","description":"partenaire du r\u00e9seau mondial de Dun\u00a0&amp;\u00a0Bradstreet","publisher":{"@id":"https:\/\/www.altares.be\/#organization"},"potentialAction":[{"@type":"SearchAction","target":{"@type":"EntryPoint","urlTemplate":"https:\/\/www.altares.be\/?s={search_term_string}"},"query-input":{"@type":"PropertyValueSpecification","valueRequired":true,"valueName":"search_term_string"}}],"inLanguage":"fr-BE"},{"@type":"Organization","@id":"https:\/\/www.altares.be\/#organization","name":"Altares","url":"https:\/\/www.altares.be\/","logo":{"@type":"ImageObject","inLanguage":"fr-BE","@id":"https:\/\/www.altares.be\/#\/schema\/logo\/image\/","url":"https:\/\/www.altares.be\/wp-content\/uploads\/2021\/03\/Altares_RGB_liggend.svg","contentUrl":"https:\/\/www.altares.be\/wp-content\/uploads\/2021\/03\/Altares_RGB_liggend.svg","width":145.57333,"height":20.52,"caption":"Altares"},"image":{"@id":"https:\/\/www.altares.be\/#\/schema\/logo\/image\/"}}]}},"_links":{"self":[{"href":"https:\/\/www.altares.be\/fr\/wp-json\/wp\/v2\/pages\/5672","targetHints":{"allow":["GET"]}}],"collection":[{"href":"https:\/\/www.altares.be\/fr\/wp-json\/wp\/v2\/pages"}],"about":[{"href":"https:\/\/www.altares.be\/fr\/wp-json\/wp\/v2\/types\/page"}],"author":[{"embeddable":true,"href":"https:\/\/www.altares.be\/fr\/wp-json\/wp\/v2\/users\/2"}],"replies":[{"embeddable":true,"href":"https:\/\/www.altares.be\/fr\/wp-json\/wp\/v2\/comments?post=5672"}],"version-history":[{"count":0,"href":"https:\/\/www.altares.be\/fr\/wp-json\/wp\/v2\/pages\/5672\/revisions"}],"up":[{"embeddable":true,"href":"https:\/\/www.altares.be\/fr\/wp-json\/wp\/v2\/pages\/31"}],"wp:attachment":[{"href":"https:\/\/www.altares.be\/fr\/wp-json\/wp\/v2\/media?parent=5672"}],"curies":[{"name":"wp","href":"https:\/\/api.w.org\/{rel}","templated":true}]}}